{"id":6957,"date":"2019-11-16T13:44:55","date_gmt":"2019-11-16T13:44:55","guid":{"rendered":"https:\/\/parkdubrova.eu\/dora-kovacevic\/"},"modified":"2021-03-09T10:11:42","modified_gmt":"2021-03-09T10:11:42","slug":"dora-kovacevic-percorso-1997","status":"publish","type":"page","link":"https:\/\/parkdubrova.eu\/it\/dora-kovacevic-percorso-1997\/","title":{"rendered":"Dora Kova\u010devi\u0107, Percorso, 1997"},"content":{"rendered":"<p>[vc_row full_width=&#8221;stretch_row_content_no_spaces&#8221;][vc_column][vc_row_inner][vc_column_inner el_class=&#8221;artist-banner pt665&#8243; width=&#8221;11\/12&#8243; css=&#8221;.vc_custom_1605868804417{background-image: url(https:\/\/parkdubrova.eu\/wp-content\/uploads\/2020\/11\/dora-kovacevic-1-dionica-bijele-ceste-1997-banner.jpg?id=3518) !important;background-position: center !important;background-repeat: no-repeat !important;background-size: cover !important;}&#8221;][vc_single_image image=&#8221;6959&#8243; img_size=&#8221;medium&#8221;][\/vc_column_inner][vc_column_inner width=&#8221;1\/12&#8243;][vc_single_image image=&#8221;4650&#8243; img_size=&#8221;120&#215;386&#8243; el_class=&#8221;sculpture-detail&#8221;][\/vc_column_inner][\/vc_row_inner][vc_row_inner equal_height=&#8221;yes&#8221; content_placement=&#8221;middle&#8221; el_class=&#8221;artist-audio hidden-audio&#8221;][vc_column_inner width=&#8221;1\/12&#8243;][\/vc_column_inner][vc_column_inner el_class=&#8221;artist-number&#8221; width=&#8221;1\/12&#8243;][vc_column_text el_class=&#8221;mb0&#8243;]<\/p>\n<h2>67.2<\/h2>\n<p>[\/vc_column_text][\/vc_column_inner][vc_column_inner width=&#8221;1\/12&#8243; el_id=&#8221;xtoggle-btn&#8221;][vc_column_text el_class=&#8221;audio-icon&#8221;][\/vc_column_text][\/vc_column_inner][vc_column_inner width=&#8221;2\/3&#8243;][vc_column_text el_class=&#8221;audio1 toggle-container&#8221;]<\/p>\n<!--[if lt IE 9]><script>document.createElement('audio');<\/script><![endif]-->\n<audio class=\"wp-audio-shortcode\" id=\"audio-6957-1\" preload=\"none\" style=\"width: 100%;\" controls=\"controls\"><source type=\"audio\/mpeg\" src=\"https:\/\/parkdubrova.eu\/wp-content\/uploads\/2020\/12\/67-2-dora-kovacevic-put.m4a?_=1\" \/><a href=\"https:\/\/parkdubrova.eu\/wp-content\/uploads\/2020\/12\/67-2-dora-kovacevic-put.m4a\">https:\/\/parkdubrova.eu\/wp-content\/uploads\/2020\/12\/67-2-dora-kovacevic-put.m4a<\/a><\/audio>\n<p>[\/vc_column_text][\/vc_column_inner][vc_column_inner width=&#8221;1\/12&#8243;][\/vc_column_inner][\/vc_row_inner][vc_row_inner equal_height=&#8221;yes&#8221; el_class=&#8221;artist-an&#8221;][vc_column_inner el_class=&#8221;grey-bcg&#8221; width=&#8221;1\/12&#8243;][vc_single_image image=&#8221;7131&#8243; img_size=&#8221;full&#8221; onclick=&#8221;custom_link&#8221; el_class=&#8221;artist-arrow-left&#8221; link=&#8221;\/?page_id=3535&#8243;][\/vc_column_inner][vc_column_inner el_class=&#8221;artist&#8221; width=&#8221;5\/6&#8243;][vc_column_text el_class=&#8221;artist-name&#8221;]<\/p>\n<h2>Dora Kova\u010devi\u0107, HRV<\/h2>\n<p>[\/vc_column_text][vc_column_text el_class=&#8221;artist-birth&#8221;](Dubrovnik, 1951)[\/vc_column_text][\/vc_column_inner][vc_column_inner el_class=&#8221;grey-bcg&#8221; width=&#8221;1\/12&#8243;][vc_single_image image=&#8221;376&#8243; img_size=&#8221;full&#8221; onclick=&#8221;custom_link&#8221; el_class=&#8221;artist-arrow-right&#8221; link=&#8221;\/?page_id=1205&#8243;][\/vc_column_inner][\/vc_row_inner][vc_row_inner equal_height=&#8221;yes&#8221; el_class=&#8221;columns-hgt-500 artist-bw&#8221;][vc_column_inner el_class=&#8221;grey-bcg&#8221; width=&#8221;1\/12&#8243;][\/vc_column_inner][vc_column_inner el_class=&#8221;artist-bio&#8221; width=&#8221;5\/12&#8243;][vc_column_text]\u00c8 nata a Dubrovnik 1951. Si \u00e8 laureata in grafica all\u2019Accademia di belle arti di Zagabria nel 1974, nella classe del prof. Albert Kinert. Ha finito gli studi scultura all\u2019\u00c9cole Nationale Sup\u00e9rieure des Arts D\u00e9coratifs di Parigi (1977). Continuando la tradizione della scultura croata, forma nel legno composizioni mobili di semplice costruzione geometrica, fa sculture, rilievi in legno, metallo e cartapesta. Accanto alla scultura si occupa di disegno e grafica. \u00c8 autrice di numerose sculture in spazi pubblici. Ha partecipato a molti simposi di scultura. Ha esposto in molte mostre individuali e collettive in nazione e all\u2019estero. Ha ricevuto diversi premi per il suo lavoro. Vive e lavora a Zagabria. Dal 1997 lavora all\u2019Accademia di belle arti.<\/p>\n<p>Al Simposio Mediterraneo di scultura ha partecipato nel 1997.[\/vc_column_text][\/vc_column_inner][vc_column_inner el_class=&#8221;artist-work&#8221; width=&#8221;5\/12&#8243;][vc_column_text el_class=&#8221;artist-work-name&#8221;]Titolo: Percorso<br \/>\nAnno: 1997<br \/>\nDimensioni: 25 x 4 m<br \/>\nSito: Parco delle sculture Dubrova[\/vc_column_text][\/vc_column_inner][vc_column_inner el_class=&#8221;grey-bcg&#8221; width=&#8221;1\/12&#8243;][\/vc_column_inner][\/vc_row_inner][vc_row_inner equal_height=&#8221;yes&#8221; el_class=&#8221;artist-gp&#8221;][vc_column_inner el_class=&#8221;grey-bcg&#8221; width=&#8221;1\/12&#8243;][\/vc_column_inner][vc_column_inner el_class=&#8221;artist-separator&#8221; width=&#8221;10\/12&#8243;][vc_column_text el_class=&#8221;artist-gallery&#8221;]<div id=\"envira-gallery-wrap-6966\" class=\"envira-gallery-wrap envira-gallery-theme-base envira-lightbox-theme-base\" itemscope itemtype=\"https:\/\/schema.org\/ImageGallery\"><div data-row-height=\"400\" data-gallery-theme=\"normal\" id=\"envira-gallery-6966\" class=\"envira-gallery-public envira-gallery-justified-public envira-gallery-0-columns envira-clear enviratope envira-gallery-css-animations\" data-envira-columns=\"0\"><div id=\"envira-gallery-item-3554\" class=\"envira-gallery-item enviratope-item envira-gallery-item-1\" style=\"padding-left: 5px; padding-bottom: 10px; padding-right: 5px;\"  itemscope itemtype=\"https:\/\/schema.org\/ImageObject\"><div class=\"envira-gallery-item-inner\"><div class=\"envira-gallery-position-overlay  envira-gallery-top-left\"><\/div><div class=\"envira-gallery-position-overlay  envira-gallery-top-right\"><\/div><div class=\"envira-gallery-position-overlay  envira-gallery-bottom-left\"><\/div><div class=\"envira-gallery-position-overlay  envira-gallery-bottom-right\"><\/div><a href=\"https:\/\/parkdubrova.eu\/wp-content\/uploads\/2020\/03\/dora-kovacevic-1-dionica-bijele-ceste-1997-01-1.jpg\" class=\"envira-gallery-6966 envira-gallery-link\" rel=\"enviragallery6966\" title=\"Dora Kova\u010devi\u0107, Percorso, 1997\" data-envira-caption=\"Dora Kova\u010devi\u0107, Percorso, 1997\" data-envira-retina=\"\" data-thumbnail=\"\"  itemprop=\"contentUrl\"><img id=\"envira-gallery-image-3554\" class=\"envira-gallery-image envira-gallery-image-1 envira-normal \" data-envira-index=\"1\" src=\"https:\/\/parkdubrova.eu\/wp-content\/uploads\/2020\/03\/dora-kovacevic-1-dionica-bijele-ceste-1997-01-1-723x1000-640x480.jpg\" data-envira-src=\"https:\/\/parkdubrova.eu\/wp-content\/uploads\/2020\/03\/dora-kovacevic-1-dionica-bijele-ceste-1997-01-1-723x1000-640x480.jpg\" data-envira-gallery-id=\"6966\" data-envira-item-id=\"3554\" data-envira-caption=\"Dora Kova\u010devi\u0107, Percorso, 1997\" alt=\"Dora Kova\u010devi\u0107, Percorso, 1997\" title=\"Dora Kova\u010devi\u0107, Percorso, 1997\"  itemprop=\"thumbnailUrl\" data-envira-srcset=\"https:\/\/parkdubrova.eu\/wp-content\/uploads\/2020\/03\/dora-kovacevic-1-dionica-bijele-ceste-1997-01-1-723x1000-640x480.jpg 400w,https:\/\/parkdubrova.eu\/wp-content\/uploads\/2020\/03\/dora-kovacevic-1-dionica-bijele-ceste-1997-01-1-723x1000-640x480.jpg 2x\" data-envira-width=\"723\" data-envira-height=\"1000\" srcset=\"https:\/\/parkdubrova.eu\/wp-content\/uploads\/2020\/03\/dora-kovacevic-1-dionica-bijele-ceste-1997-01-1-1280x960.jpg 2x\" data-safe-src=\"https:\/\/parkdubrova.eu\/wp-content\/uploads\/2020\/03\/dora-kovacevic-1-dionica-bijele-ceste-1997-01-1-723x1000-640x480.jpg\" \/><\/a><\/div><\/div><div id=\"envira-gallery-item-3555\" class=\"envira-gallery-item enviratope-item envira-gallery-item-2\" style=\"padding-left: 5px; padding-bottom: 10px; padding-right: 5px;\"  itemscope itemtype=\"https:\/\/schema.org\/ImageObject\"><div class=\"envira-gallery-item-inner\"><div class=\"envira-gallery-position-overlay  envira-gallery-top-left\"><\/div><div class=\"envira-gallery-position-overlay  envira-gallery-top-right\"><\/div><div class=\"envira-gallery-position-overlay  envira-gallery-bottom-left\"><\/div><div class=\"envira-gallery-position-overlay  envira-gallery-bottom-right\"><\/div><a href=\"https:\/\/parkdubrova.eu\/wp-content\/uploads\/2020\/03\/dora-kovacevic-1-dionica-bijele-ceste-1997-02-1.jpg\" class=\"envira-gallery-6966 envira-gallery-link\" rel=\"enviragallery6966\" title=\"Dora Kova\u010devi\u0107, Percorso, 1997\" data-envira-caption=\"Dora Kova\u010devi\u0107, Percorso, 1997\" data-envira-retina=\"\" data-thumbnail=\"\"  itemprop=\"contentUrl\"><img id=\"envira-gallery-image-3555\" class=\"envira-gallery-image envira-gallery-image-2 envira-normal \" data-envira-index=\"2\" src=\"https:\/\/parkdubrova.eu\/wp-content\/uploads\/2020\/03\/dora-kovacevic-1-dionica-bijele-ceste-1997-02-1-1000x673-640x480.jpg\" data-envira-src=\"https:\/\/parkdubrova.eu\/wp-content\/uploads\/2020\/03\/dora-kovacevic-1-dionica-bijele-ceste-1997-02-1-1000x673-640x480.jpg\" data-envira-gallery-id=\"6966\" data-envira-item-id=\"3555\" data-envira-caption=\"Dora Kova\u010devi\u0107, Percorso, 1997\" alt=\"Dora Kova\u010devi\u0107, Percorso, 1997\" title=\"Dora Kova\u010devi\u0107, Percorso, 1997\"  itemprop=\"thumbnailUrl\" data-envira-srcset=\"https:\/\/parkdubrova.eu\/wp-content\/uploads\/2020\/03\/dora-kovacevic-1-dionica-bijele-ceste-1997-02-1-1000x673-640x480.jpg 400w,https:\/\/parkdubrova.eu\/wp-content\/uploads\/2020\/03\/dora-kovacevic-1-dionica-bijele-ceste-1997-02-1-1000x673-640x480.jpg 2x\" data-envira-width=\"1000\" data-envira-height=\"673\" srcset=\"https:\/\/parkdubrova.eu\/wp-content\/uploads\/2020\/03\/dora-kovacevic-1-dionica-bijele-ceste-1997-02-1-1280x960.jpg 2x\" data-safe-src=\"https:\/\/parkdubrova.eu\/wp-content\/uploads\/2020\/03\/dora-kovacevic-1-dionica-bijele-ceste-1997-02-1-1000x673-640x480.jpg\" \/><\/a><\/div><\/div><div id=\"envira-gallery-item-3556\" class=\"envira-gallery-item enviratope-item envira-gallery-item-3\" style=\"padding-left: 5px; padding-bottom: 10px; padding-right: 5px;\"  itemscope itemtype=\"https:\/\/schema.org\/ImageObject\"><div class=\"envira-gallery-item-inner\"><div class=\"envira-gallery-position-overlay  envira-gallery-top-left\"><\/div><div class=\"envira-gallery-position-overlay  envira-gallery-top-right\"><\/div><div class=\"envira-gallery-position-overlay  envira-gallery-bottom-left\"><\/div><div class=\"envira-gallery-position-overlay  envira-gallery-bottom-right\"><\/div><a href=\"https:\/\/parkdubrova.eu\/wp-content\/uploads\/2020\/03\/dora-kovacevic-1-dionica-bijele-ceste-1997-03-1.jpg\" class=\"envira-gallery-6966 envira-gallery-link\" rel=\"enviragallery6966\" title=\"Dora Kova\u010devi\u0107, Percorso, 1997\" data-envira-caption=\"Dora Kova\u010devi\u0107, Percorso, 1997\" data-envira-retina=\"\" data-thumbnail=\"\"  itemprop=\"contentUrl\"><img id=\"envira-gallery-image-3556\" class=\"envira-gallery-image envira-gallery-image-3 envira-normal \" data-envira-index=\"3\" src=\"https:\/\/parkdubrova.eu\/wp-content\/uploads\/2020\/03\/dora-kovacevic-1-dionica-bijele-ceste-1997-03-1-1000x676-640x480.jpg\" data-envira-src=\"https:\/\/parkdubrova.eu\/wp-content\/uploads\/2020\/03\/dora-kovacevic-1-dionica-bijele-ceste-1997-03-1-1000x676-640x480.jpg\" data-envira-gallery-id=\"6966\" data-envira-item-id=\"3556\" data-envira-caption=\"Dora Kova\u010devi\u0107, Percorso, 1997\" alt=\"Dora Kova\u010devi\u0107, Percorso, 1997\" title=\"Dora Kova\u010devi\u0107, Percorso, 1997\"  itemprop=\"thumbnailUrl\" data-envira-srcset=\"https:\/\/parkdubrova.eu\/wp-content\/uploads\/2020\/03\/dora-kovacevic-1-dionica-bijele-ceste-1997-03-1-1000x676-640x480.jpg 400w,https:\/\/parkdubrova.eu\/wp-content\/uploads\/2020\/03\/dora-kovacevic-1-dionica-bijele-ceste-1997-03-1-1000x676-640x480.jpg 2x\" data-envira-width=\"1000\" data-envira-height=\"676\" srcset=\"https:\/\/parkdubrova.eu\/wp-content\/uploads\/2020\/03\/dora-kovacevic-1-dionica-bijele-ceste-1997-03-1-1280x960.jpg 2x\" data-safe-src=\"https:\/\/parkdubrova.eu\/wp-content\/uploads\/2020\/03\/dora-kovacevic-1-dionica-bijele-ceste-1997-03-1-1000x676-640x480.jpg\" \/><\/a><\/div><\/div><div id=\"envira-gallery-item-3557\" class=\"envira-gallery-item enviratope-item envira-gallery-item-4\" style=\"padding-left: 5px; padding-bottom: 10px; padding-right: 5px;\"  itemscope itemtype=\"https:\/\/schema.org\/ImageObject\"><div class=\"envira-gallery-item-inner\"><div class=\"envira-gallery-position-overlay  envira-gallery-top-left\"><\/div><div class=\"envira-gallery-position-overlay  envira-gallery-top-right\"><\/div><div class=\"envira-gallery-position-overlay  envira-gallery-bottom-left\"><\/div><div class=\"envira-gallery-position-overlay  envira-gallery-bottom-right\"><\/div><a href=\"https:\/\/parkdubrova.eu\/wp-content\/uploads\/2020\/03\/dora-kovacevic-1-dionica-bijele-ceste-1997-04-1.jpg\" class=\"envira-gallery-6966 envira-gallery-link\" rel=\"enviragallery6966\" title=\"Dora Kova\u010devi\u0107, Percorso, 1997\" data-envira-caption=\"Dora Kova\u010devi\u0107, Percorso, 1997\" data-envira-retina=\"\" data-thumbnail=\"\"  itemprop=\"contentUrl\"><img id=\"envira-gallery-image-3557\" class=\"envira-gallery-image envira-gallery-image-4 envira-normal \" data-envira-index=\"4\" src=\"https:\/\/parkdubrova.eu\/wp-content\/uploads\/2020\/03\/dora-kovacevic-1-dionica-bijele-ceste-1997-04-1-1000x667-640x480.jpg\" data-envira-src=\"https:\/\/parkdubrova.eu\/wp-content\/uploads\/2020\/03\/dora-kovacevic-1-dionica-bijele-ceste-1997-04-1-1000x667-640x480.jpg\" data-envira-gallery-id=\"6966\" data-envira-item-id=\"3557\" data-envira-caption=\"Dora Kova\u010devi\u0107, Percorso, 1997\" alt=\"Dora Kova\u010devi\u0107, Percorso, 1997\" title=\"Dora Kova\u010devi\u0107, Percorso, 1997\"  itemprop=\"thumbnailUrl\" data-envira-srcset=\"https:\/\/parkdubrova.eu\/wp-content\/uploads\/2020\/03\/dora-kovacevic-1-dionica-bijele-ceste-1997-04-1-1000x667-640x480.jpg 400w,https:\/\/parkdubrova.eu\/wp-content\/uploads\/2020\/03\/dora-kovacevic-1-dionica-bijele-ceste-1997-04-1-1000x667-640x480.jpg 2x\" data-envira-width=\"1000\" data-envira-height=\"667\" srcset=\"https:\/\/parkdubrova.eu\/wp-content\/uploads\/2020\/03\/dora-kovacevic-1-dionica-bijele-ceste-1997-04-1-1280x960.jpg 2x\" data-safe-src=\"https:\/\/parkdubrova.eu\/wp-content\/uploads\/2020\/03\/dora-kovacevic-1-dionica-bijele-ceste-1997-04-1-1000x667-640x480.jpg\" \/><\/a><\/div><\/div><div id=\"envira-gallery-item-3558\" class=\"envira-gallery-item enviratope-item envira-gallery-item-5\" style=\"padding-left: 5px; padding-bottom: 10px; padding-right: 5px;\"  itemscope itemtype=\"https:\/\/schema.org\/ImageObject\"><div class=\"envira-gallery-item-inner\"><div class=\"envira-gallery-position-overlay  envira-gallery-top-left\"><\/div><div class=\"envira-gallery-position-overlay  envira-gallery-top-right\"><\/div><div class=\"envira-gallery-position-overlay  envira-gallery-bottom-left\"><\/div><div class=\"envira-gallery-position-overlay  envira-gallery-bottom-right\"><\/div><a href=\"https:\/\/parkdubrova.eu\/wp-content\/uploads\/2020\/03\/dora-kovacevic-1-dionica-bijele-ceste-1997-05-1.jpg\" class=\"envira-gallery-6966 envira-gallery-link\" rel=\"enviragallery6966\" title=\"Dora Kova\u010devi\u0107, Percorso, 1997\" data-envira-caption=\"Dora Kova\u010devi\u0107, Percorso, 1997\" data-envira-retina=\"\" data-thumbnail=\"\"  itemprop=\"contentUrl\"><img id=\"envira-gallery-image-3558\" class=\"envira-gallery-image envira-gallery-image-5 envira-normal \" data-envira-index=\"5\" src=\"https:\/\/parkdubrova.eu\/wp-content\/uploads\/2020\/03\/dora-kovacevic-1-dionica-bijele-ceste-1997-05-1-1000x667-640x480.jpg\" data-envira-src=\"https:\/\/parkdubrova.eu\/wp-content\/uploads\/2020\/03\/dora-kovacevic-1-dionica-bijele-ceste-1997-05-1-1000x667-640x480.jpg\" data-envira-gallery-id=\"6966\" data-envira-item-id=\"3558\" data-envira-caption=\"Dora Kova\u010devi\u0107, Percorso, 1997\" alt=\"Dora Kova\u010devi\u0107, Percorso, 1997\" title=\"Dora Kova\u010devi\u0107, Percorso, 1997\"  itemprop=\"thumbnailUrl\" data-envira-srcset=\"https:\/\/parkdubrova.eu\/wp-content\/uploads\/2020\/03\/dora-kovacevic-1-dionica-bijele-ceste-1997-05-1-1000x667-640x480.jpg 400w,https:\/\/parkdubrova.eu\/wp-content\/uploads\/2020\/03\/dora-kovacevic-1-dionica-bijele-ceste-1997-05-1-1000x667-640x480.jpg 2x\" data-envira-width=\"1000\" data-envira-height=\"667\" srcset=\"https:\/\/parkdubrova.eu\/wp-content\/uploads\/2020\/03\/dora-kovacevic-1-dionica-bijele-ceste-1997-05-1-1280x960.jpg 2x\" data-safe-src=\"https:\/\/parkdubrova.eu\/wp-content\/uploads\/2020\/03\/dora-kovacevic-1-dionica-bijele-ceste-1997-05-1-1000x667-640x480.jpg\" \/><\/a><\/div><\/div><div id=\"envira-gallery-item-3559\" class=\"envira-gallery-item enviratope-item envira-gallery-item-6\" style=\"padding-left: 5px; padding-bottom: 10px; padding-right: 5px;\"  itemscope itemtype=\"https:\/\/schema.org\/ImageObject\"><div class=\"envira-gallery-item-inner\"><div class=\"envira-gallery-position-overlay  envira-gallery-top-left\"><\/div><div class=\"envira-gallery-position-overlay  envira-gallery-top-right\"><\/div><div class=\"envira-gallery-position-overlay  envira-gallery-bottom-left\"><\/div><div class=\"envira-gallery-position-overlay  envira-gallery-bottom-right\"><\/div><a href=\"https:\/\/parkdubrova.eu\/wp-content\/uploads\/2020\/03\/dora-kovacevic-1-dionica-bijele-ceste-1997-06-1.jpg\" class=\"envira-gallery-6966 envira-gallery-link\" rel=\"enviragallery6966\" title=\"Dora Kova\u010devi\u0107, Percorso, 1997\" data-envira-caption=\"Dora Kova\u010devi\u0107, Percorso, 1997\" data-envira-retina=\"\" data-thumbnail=\"\"  itemprop=\"contentUrl\"><img id=\"envira-gallery-image-3559\" class=\"envira-gallery-image envira-gallery-image-6 envira-normal \" data-envira-index=\"6\" src=\"https:\/\/parkdubrova.eu\/wp-content\/uploads\/2020\/03\/dora-kovacevic-1-dionica-bijele-ceste-1997-06-1-1000x667-640x480.jpg\" data-envira-src=\"https:\/\/parkdubrova.eu\/wp-content\/uploads\/2020\/03\/dora-kovacevic-1-dionica-bijele-ceste-1997-06-1-1000x667-640x480.jpg\" data-envira-gallery-id=\"6966\" data-envira-item-id=\"3559\" data-envira-caption=\"Dora Kova\u010devi\u0107, Percorso, 1997\" alt=\"Dora Kova\u010devi\u0107, Percorso, 1997\" title=\"Dora Kova\u010devi\u0107, Percorso, 1997\"  itemprop=\"thumbnailUrl\" data-envira-srcset=\"https:\/\/parkdubrova.eu\/wp-content\/uploads\/2020\/03\/dora-kovacevic-1-dionica-bijele-ceste-1997-06-1-1000x667-640x480.jpg 400w,https:\/\/parkdubrova.eu\/wp-content\/uploads\/2020\/03\/dora-kovacevic-1-dionica-bijele-ceste-1997-06-1-1000x667-640x480.jpg 2x\" data-envira-width=\"1000\" data-envira-height=\"667\" srcset=\"https:\/\/parkdubrova.eu\/wp-content\/uploads\/2020\/03\/dora-kovacevic-1-dionica-bijele-ceste-1997-06-1-1280x960.jpg 2x\" data-safe-src=\"https:\/\/parkdubrova.eu\/wp-content\/uploads\/2020\/03\/dora-kovacevic-1-dionica-bijele-ceste-1997-06-1-1000x667-640x480.jpg\" \/><\/a><\/div><\/div><div id=\"envira-gallery-item-3560\" class=\"envira-gallery-item enviratope-item envira-gallery-item-7\" style=\"padding-left: 5px; padding-bottom: 10px; padding-right: 5px;\"  itemscope itemtype=\"https:\/\/schema.org\/ImageObject\"><div class=\"envira-gallery-item-inner\"><div class=\"envira-gallery-position-overlay  envira-gallery-top-left\"><\/div><div class=\"envira-gallery-position-overlay  envira-gallery-top-right\"><\/div><div class=\"envira-gallery-position-overlay  envira-gallery-bottom-left\"><\/div><div class=\"envira-gallery-position-overlay  envira-gallery-bottom-right\"><\/div><a href=\"https:\/\/parkdubrova.eu\/wp-content\/uploads\/2020\/03\/dora-kovacevic-1-dionica-bijele-ceste-1997-07-1.jpg\" class=\"envira-gallery-6966 envira-gallery-link\" rel=\"enviragallery6966\" title=\"Dora Kova\u010devi\u0107, Percorso, 1997\" data-envira-caption=\"Dora Kova\u010devi\u0107, Percorso, 1997\" data-envira-retina=\"\" data-thumbnail=\"\"  itemprop=\"contentUrl\"><img id=\"envira-gallery-image-3560\" class=\"envira-gallery-image envira-gallery-image-7 envira-normal \" data-envira-index=\"7\" src=\"https:\/\/parkdubrova.eu\/wp-content\/uploads\/2020\/03\/dora-kovacevic-1-dionica-bijele-ceste-1997-07-1-1000x667-640x480.jpg\" data-envira-src=\"https:\/\/parkdubrova.eu\/wp-content\/uploads\/2020\/03\/dora-kovacevic-1-dionica-bijele-ceste-1997-07-1-1000x667-640x480.jpg\" data-envira-gallery-id=\"6966\" data-envira-item-id=\"3560\" data-envira-caption=\"Dora Kova\u010devi\u0107, Percorso, 1997\" alt=\"Dora Kova\u010devi\u0107, Percorso, 1997\" title=\"Dora Kova\u010devi\u0107, Percorso, 1997\"  itemprop=\"thumbnailUrl\" data-envira-srcset=\"https:\/\/parkdubrova.eu\/wp-content\/uploads\/2020\/03\/dora-kovacevic-1-dionica-bijele-ceste-1997-07-1-1000x667-640x480.jpg 400w,https:\/\/parkdubrova.eu\/wp-content\/uploads\/2020\/03\/dora-kovacevic-1-dionica-bijele-ceste-1997-07-1-1000x667-640x480.jpg 2x\" data-envira-width=\"1000\" data-envira-height=\"667\" srcset=\"https:\/\/parkdubrova.eu\/wp-content\/uploads\/2020\/03\/dora-kovacevic-1-dionica-bijele-ceste-1997-07-1-1280x960.jpg 2x\" data-safe-src=\"https:\/\/parkdubrova.eu\/wp-content\/uploads\/2020\/03\/dora-kovacevic-1-dionica-bijele-ceste-1997-07-1-1000x667-640x480.jpg\" \/><\/a><\/div><\/div><div id=\"envira-gallery-item-3561\" class=\"envira-gallery-item enviratope-item envira-gallery-item-8\" style=\"padding-left: 5px; padding-bottom: 10px; padding-right: 5px;\"  itemscope itemtype=\"https:\/\/schema.org\/ImageObject\"><div class=\"envira-gallery-item-inner\"><div class=\"envira-gallery-position-overlay  envira-gallery-top-left\"><\/div><div class=\"envira-gallery-position-overlay  envira-gallery-top-right\"><\/div><div class=\"envira-gallery-position-overlay  envira-gallery-bottom-left\"><\/div><div class=\"envira-gallery-position-overlay  envira-gallery-bottom-right\"><\/div><a href=\"https:\/\/parkdubrova.eu\/wp-content\/uploads\/2020\/03\/dora-kovacevic-1-dionica-bijele-ceste-1997-08-1.jpg\" class=\"envira-gallery-6966 envira-gallery-link\" rel=\"enviragallery6966\" title=\"Dora Kova\u010devi\u0107, Percorso, 1997\" data-envira-caption=\"Dora Kova\u010devi\u0107, Percorso, 1997\" data-envira-retina=\"\" data-thumbnail=\"\"  itemprop=\"contentUrl\"><img id=\"envira-gallery-image-3561\" class=\"envira-gallery-image envira-gallery-image-8 envira-normal \" data-envira-index=\"8\" src=\"https:\/\/parkdubrova.eu\/wp-content\/uploads\/2020\/03\/dora-kovacevic-1-dionica-bijele-ceste-1997-08-1-667x1000-640x480.jpg\" data-envira-src=\"https:\/\/parkdubrova.eu\/wp-content\/uploads\/2020\/03\/dora-kovacevic-1-dionica-bijele-ceste-1997-08-1-667x1000-640x480.jpg\" data-envira-gallery-id=\"6966\" data-envira-item-id=\"3561\" data-envira-caption=\"Dora Kova\u010devi\u0107, Percorso, 1997\" alt=\"Dora Kova\u010devi\u0107, Percorso, 1997\" title=\"Dora Kova\u010devi\u0107, Percorso, 1997\"  itemprop=\"thumbnailUrl\" data-envira-srcset=\"https:\/\/parkdubrova.eu\/wp-content\/uploads\/2020\/03\/dora-kovacevic-1-dionica-bijele-ceste-1997-08-1-667x1000-640x480.jpg 400w,https:\/\/parkdubrova.eu\/wp-content\/uploads\/2020\/03\/dora-kovacevic-1-dionica-bijele-ceste-1997-08-1-667x1000-640x480.jpg 2x\" data-envira-width=\"667\" data-envira-height=\"1000\" srcset=\"https:\/\/parkdubrova.eu\/wp-content\/uploads\/2020\/03\/dora-kovacevic-1-dionica-bijele-ceste-1997-08-1-1280x960.jpg 2x\" data-safe-src=\"https:\/\/parkdubrova.eu\/wp-content\/uploads\/2020\/03\/dora-kovacevic-1-dionica-bijele-ceste-1997-08-1-667x1000-640x480.jpg\" \/><\/a><\/div><\/div><div id=\"envira-gallery-item-3562\" class=\"envira-gallery-item enviratope-item envira-gallery-item-9\" style=\"padding-left: 5px; padding-bottom: 10px; padding-right: 5px;\"  itemscope itemtype=\"https:\/\/schema.org\/ImageObject\"><div class=\"envira-gallery-item-inner\"><div class=\"envira-gallery-position-overlay  envira-gallery-top-left\"><\/div><div class=\"envira-gallery-position-overlay  envira-gallery-top-right\"><\/div><div class=\"envira-gallery-position-overlay  envira-gallery-bottom-left\"><\/div><div class=\"envira-gallery-position-overlay  envira-gallery-bottom-right\"><\/div><a href=\"https:\/\/parkdubrova.eu\/wp-content\/uploads\/2020\/03\/dora-kovacevic-1-dionica-bijele-ceste-1997-09-1.jpg\" class=\"envira-gallery-6966 envira-gallery-link\" rel=\"enviragallery6966\" title=\"Dora Kova\u010devi\u0107, Percorso, 1997\" data-envira-caption=\"Dora Kova\u010devi\u0107, Percorso, 1997\" data-envira-retina=\"\" data-thumbnail=\"\"  itemprop=\"contentUrl\"><img id=\"envira-gallery-image-3562\" class=\"envira-gallery-image envira-gallery-image-9 envira-normal \" data-envira-index=\"9\" src=\"https:\/\/parkdubrova.eu\/wp-content\/uploads\/2020\/03\/dora-kovacevic-1-dionica-bijele-ceste-1997-09-1-667x1000-640x480.jpg\" data-envira-src=\"https:\/\/parkdubrova.eu\/wp-content\/uploads\/2020\/03\/dora-kovacevic-1-dionica-bijele-ceste-1997-09-1-667x1000-640x480.jpg\" data-envira-gallery-id=\"6966\" data-envira-item-id=\"3562\" data-envira-caption=\"Dora Kova\u010devi\u0107, Percorso, 1997\" alt=\"Dora Kova\u010devi\u0107, Percorso, 1997\" title=\"Dora Kova\u010devi\u0107, Percorso, 1997\"  itemprop=\"thumbnailUrl\" data-envira-srcset=\"https:\/\/parkdubrova.eu\/wp-content\/uploads\/2020\/03\/dora-kovacevic-1-dionica-bijele-ceste-1997-09-1-667x1000-640x480.jpg 400w,https:\/\/parkdubrova.eu\/wp-content\/uploads\/2020\/03\/dora-kovacevic-1-dionica-bijele-ceste-1997-09-1-667x1000-640x480.jpg 2x\" data-envira-width=\"667\" data-envira-height=\"1000\" srcset=\"https:\/\/parkdubrova.eu\/wp-content\/uploads\/2020\/03\/dora-kovacevic-1-dionica-bijele-ceste-1997-09-1-1280x960.jpg 2x\" data-safe-src=\"https:\/\/parkdubrova.eu\/wp-content\/uploads\/2020\/03\/dora-kovacevic-1-dionica-bijele-ceste-1997-09-1-667x1000-640x480.jpg\" \/><\/a><\/div><\/div><\/div><\/div><noscript><img src=\"https:\/\/parkdubrova.eu\/wp-content\/uploads\/2020\/03\/dora-kovacevic-1-dionica-bijele-ceste-1997-01-1.jpg\" alt=\"Dora Kova\u010devi\u0107, Percorso, 1997\" \/><img src=\"https:\/\/parkdubrova.eu\/wp-content\/uploads\/2020\/03\/dora-kovacevic-1-dionica-bijele-ceste-1997-02-1.jpg\" alt=\"Dora Kova\u010devi\u0107, Percorso, 1997\" \/><img src=\"https:\/\/parkdubrova.eu\/wp-content\/uploads\/2020\/03\/dora-kovacevic-1-dionica-bijele-ceste-1997-03-1.jpg\" alt=\"Dora Kova\u010devi\u0107, Percorso, 1997\" \/><img src=\"https:\/\/parkdubrova.eu\/wp-content\/uploads\/2020\/03\/dora-kovacevic-1-dionica-bijele-ceste-1997-04-1.jpg\" alt=\"Dora Kova\u010devi\u0107, Percorso, 1997\" \/><img src=\"https:\/\/parkdubrova.eu\/wp-content\/uploads\/2020\/03\/dora-kovacevic-1-dionica-bijele-ceste-1997-05-1.jpg\" alt=\"Dora Kova\u010devi\u0107, Percorso, 1997\" \/><img src=\"https:\/\/parkdubrova.eu\/wp-content\/uploads\/2020\/03\/dora-kovacevic-1-dionica-bijele-ceste-1997-06-1.jpg\" alt=\"Dora Kova\u010devi\u0107, Percorso, 1997\" \/><img src=\"https:\/\/parkdubrova.eu\/wp-content\/uploads\/2020\/03\/dora-kovacevic-1-dionica-bijele-ceste-1997-07-1.jpg\" alt=\"Dora Kova\u010devi\u0107, Percorso, 1997\" \/><img src=\"https:\/\/parkdubrova.eu\/wp-content\/uploads\/2020\/03\/dora-kovacevic-1-dionica-bijele-ceste-1997-08-1.jpg\" alt=\"Dora Kova\u010devi\u0107, Percorso, 1997\" \/><img src=\"https:\/\/parkdubrova.eu\/wp-content\/uploads\/2020\/03\/dora-kovacevic-1-dionica-bijele-ceste-1997-09-1.jpg\" alt=\"Dora Kova\u010devi\u0107, Percorso, 1997\" \/><\/noscript>[\/vc_column_text][\/vc_column_inner][vc_column_inner el_class=&#8221;grey-bcg&#8221; width=&#8221;1\/12&#8243;][\/vc_column_inner][\/vc_row_inner][vc_row_inner equal_height=&#8221;yes&#8221; el_class=&#8221;artist-gp&#8221;][vc_column_inner el_class=&#8221;grey-bcg&#8221; width=&#8221;1\/12&#8243;][\/vc_column_inner][vc_column_inner el_class=&#8221;artist-separator&#8221; width=&#8221;10\/12&#8243;][vc_video link=&#8221;https:\/\/youtu.be\/x_MFFUllh4I&#8221;][\/vc_column_inner][vc_column_inner el_class=&#8221;grey-bcg&#8221; width=&#8221;1\/12&#8243;][\/vc_column_inner][\/vc_row_inner][\/vc_column][\/vc_row][vc_row full_width=&#8221;stretch_row&#8221; el_class=&#8221;grey-bcg pt200&#8243;][vc_column][\/vc_column][\/vc_row]<\/p>\n","protected":false},"excerpt":{"rendered":"<p>[vc_row full_width=&#8221;stretch_row_content_no_spaces&#8221;][vc_column][vc_row_inner][vc_column_inner el_class=&#8221;artist-banner pt665&#8243; width=&#8221;11\/12&#8243; css=&#8221;.vc_custom_1605868804417{background-image: url(https:\/\/parkdubrova.eu\/wp-content\/uploads\/2020\/11\/dora-kovacevic-1-dionica-bijele-ceste-1997-banner.jpg?id=3518) !important;background-position: center !important;background-repeat: no-repeat !important;background-size: cover !important;}&#8221;][vc_single_image image=&#8221;6959&#8243; img_size=&#8221;medium&#8221;][\/vc_column_inner][vc_column_inner width=&#8221;1\/12&#8243;][vc_single_image image=&#8221;4650&#8243; img_size=&#8221;120&#215;386&#8243; el_class=&#8221;sculpture-detail&#8221;][\/vc_column_inner][\/vc_row_inner][vc_row_inner equal_height=&#8221;yes&#8221; content_placement=&#8221;middle&#8221; el_class=&#8221;artist-audio hidden-audio&#8221;][vc_column_inner width=&#8221;1\/12&#8243;][\/vc_column_inner][vc_column_inner el_class=&#8221;artist-number&#8221; width=&#8221;1\/12&#8243;][vc_column_text el_class=&#8221;mb0&#8243;] 67.2 [\/vc_column_text][\/vc_column_inner][vc_column_inner width=&#8221;1\/12&#8243; el_id=&#8221;xtoggle-btn&#8221;][vc_column_text el_class=&#8221;audio-icon&#8221;][\/vc_column_text][\/vc_column_inner][vc_column_inner width=&#8221;2\/3&#8243;][vc_column_text el_class=&#8221;audio1 toggle-container&#8221;] [\/vc_column_text][\/vc_column_inner][vc_column_inner width=&#8221;1\/12&#8243;][\/vc_column_inner][\/vc_row_inner][vc_row_inner equal_height=&#8221;yes&#8221; el_class=&#8221;artist-an&#8221;][vc_column_inner el_class=&#8221;grey-bcg&#8221; width=&#8221;1\/12&#8243;][vc_single_image image=&#8221;7131&#8243; img_size=&#8221;full&#8221; onclick=&#8221;custom_link&#8221; el_class=&#8221;artist-arrow-left&#8221; link=&#8221;\/?page_id=3535&#8243;][\/vc_column_inner][vc_column_inner el_class=&#8221;artist&#8221; width=&#8221;5\/6&#8243;][vc_column_text el_class=&#8221;artist-name&#8221;] Dora Kova\u010devi\u0107, HRV [\/vc_column_text][vc_column_text el_class=&#8221;artist-birth&#8221;](Dubrovnik,&hellip;<\/p>\n","protected":false},"author":2,"featured_media":6959,"parent":0,"menu_order":0,"comment_status":"closed","ping_status":"closed","template":"","meta":[],"yoast_head":"<!-- This site is optimized with the Yoast SEO plugin v17.8 - https:\/\/yoast.com\/wordpress\/plugins\/seo\/ -->\n<title>Dora Kova\u010devi\u0107, Percorso, 1997 - Parco delle sculture Dubrova<\/title>\n<meta name=\"robots\" content=\"index, follow, max-snippet:-1, max-image-preview:large, max-video-preview:-1\" \/>\n<link rel=\"canonical\" href=\"https:\/\/parkdubrova.eu\/it\/dora-kovacevic-percorso-1997\/\" \/>\n<meta property=\"og:locale\" content=\"it_IT\" \/>\n<meta property=\"og:type\" content=\"article\" \/>\n<meta property=\"og:title\" content=\"Dora Kova\u010devi\u0107, Percorso, 1997 - Parco delle sculture Dubrova\" \/>\n<meta property=\"og:description\" content=\"[vc_row full_width=&#8221;stretch_row_content_no_spaces&#8221;][vc_column][vc_row_inner][vc_column_inner el_class=&#8221;artist-banner pt665&#8243; width=&#8221;11\/12&#8243; css=&#8221;.vc_custom_1605868804417{background-image: url(https:\/\/parkdubrova.eu\/wp-content\/uploads\/2020\/11\/dora-kovacevic-1-dionica-bijele-ceste-1997-banner.jpg?id=3518) !important;background-position: center !important;background-repeat: no-repeat !important;background-size: cover !important;}&#8221;][vc_single_image image=&#8221;6959&#8243; img_size=&#8221;medium&#8221;][\/vc_column_inner][vc_column_inner width=&#8221;1\/12&#8243;][vc_single_image image=&#8221;4650&#8243; img_size=&#8221;120&#215;386&#8243; el_class=&#8221;sculpture-detail&#8221;][\/vc_column_inner][\/vc_row_inner][vc_row_inner equal_height=&#8221;yes&#8221; content_placement=&#8221;middle&#8221; el_class=&#8221;artist-audio hidden-audio&#8221;][vc_column_inner width=&#8221;1\/12&#8243;][\/vc_column_inner][vc_column_inner el_class=&#8221;artist-number&#8221; width=&#8221;1\/12&#8243;][vc_column_text el_class=&#8221;mb0&#8243;] 67.2 [\/vc_column_text][\/vc_column_inner][vc_column_inner width=&#8221;1\/12&#8243; el_id=&#8221;xtoggle-btn&#8221;][vc_column_text el_class=&#8221;audio-icon&#8221;][\/vc_column_text][\/vc_column_inner][vc_column_inner width=&#8221;2\/3&#8243;][vc_column_text el_class=&#8221;audio1 toggle-container&#8221;] [\/vc_column_text][\/vc_column_inner][vc_column_inner width=&#8221;1\/12&#8243;][\/vc_column_inner][\/vc_row_inner][vc_row_inner equal_height=&#8221;yes&#8221; el_class=&#8221;artist-an&#8221;][vc_column_inner el_class=&#8221;grey-bcg&#8221; width=&#8221;1\/12&#8243;][vc_single_image image=&#8221;7131&#8243; img_size=&#8221;full&#8221; onclick=&#8221;custom_link&#8221; el_class=&#8221;artist-arrow-left&#8221; link=&#8221;\/?page_id=3535&#8243;][\/vc_column_inner][vc_column_inner el_class=&#8221;artist&#8221; width=&#8221;5\/6&#8243;][vc_column_text el_class=&#8221;artist-name&#8221;] Dora Kova\u010devi\u0107, HRV [\/vc_column_text][vc_column_text el_class=&#8221;artist-birth&#8221;](Dubrovnik,&hellip;\" \/>\n<meta property=\"og:url\" content=\"https:\/\/parkdubrova.eu\/it\/dora-kovacevic-percorso-1997\/\" \/>\n<meta property=\"og:site_name\" content=\"Parco delle sculture Dubrova\" \/>\n<meta property=\"article:publisher\" content=\"https:\/\/www.facebook.com\/ParkSkulpturaDubrova\/\" \/>\n<meta property=\"article:modified_time\" content=\"2021-03-09T10:11:42+00:00\" \/>\n<meta property=\"og:image\" content=\"https:\/\/parkdubrova.eu\/wp-content\/uploads\/2020\/12\/dora-kovacevic-put-1997-cube.jpg\" \/>\n\t<meta property=\"og:image:width\" content=\"1000\" \/>\n\t<meta property=\"og:image:height\" content=\"1000\" \/>\n<meta name=\"twitter:card\" content=\"summary_large_image\" \/>\n<meta name=\"twitter:label1\" content=\"Tempo di lettura stimato\" \/>\n\t<meta name=\"twitter:data1\" content=\"2 minuti\" \/>\n<script type=\"application\/ld+json\" class=\"yoast-schema-graph\">{\"@context\":\"https:\/\/schema.org\",\"@graph\":[{\"@type\":\"Organization\",\"@id\":\"https:\/\/parkdubrova.eu\/#organization\",\"name\":\"park skulptura dubrova\",\"url\":\"https:\/\/parkdubrova.eu\/\",\"sameAs\":[\"https:\/\/www.facebook.com\/ParkSkulpturaDubrova\/\"],\"logo\":{\"@type\":\"ImageObject\",\"@id\":\"https:\/\/parkdubrova.eu\/#logo\",\"inLanguage\":\"it-IT\",\"url\":\"https:\/\/parkdubrova.eu\/wp-content\/uploads\/2019\/11\/logo-svijetlo-zeleni.png\",\"contentUrl\":\"https:\/\/parkdubrova.eu\/wp-content\/uploads\/2019\/11\/logo-svijetlo-zeleni.png\",\"width\":309,\"height\":506,\"caption\":\"park skulptura dubrova\"},\"image\":{\"@id\":\"https:\/\/parkdubrova.eu\/#logo\"}},{\"@type\":\"WebSite\",\"@id\":\"https:\/\/parkdubrova.eu\/#website\",\"url\":\"https:\/\/parkdubrova.eu\/\",\"name\":\"Parco delle sculture Dubrova\",\"description\":\"Parco delle sculture Dubrova\",\"publisher\":{\"@id\":\"https:\/\/parkdubrova.eu\/#organization\"},\"potentialAction\":[{\"@type\":\"SearchAction\",\"target\":{\"@type\":\"EntryPoint\",\"urlTemplate\":\"https:\/\/parkdubrova.eu\/?s={search_term_string}\"},\"query-input\":\"required name=search_term_string\"}],\"inLanguage\":\"it-IT\"},{\"@type\":\"ImageObject\",\"@id\":\"https:\/\/parkdubrova.eu\/it\/dora-kovacevic-percorso-1997\/#primaryimage\",\"inLanguage\":\"it-IT\",\"url\":\"https:\/\/parkdubrova.eu\/wp-content\/uploads\/2020\/12\/dora-kovacevic-put-1997-cube.jpg\",\"contentUrl\":\"https:\/\/parkdubrova.eu\/wp-content\/uploads\/2020\/12\/dora-kovacevic-put-1997-cube.jpg\",\"width\":1000,\"height\":1000},{\"@type\":\"WebPage\",\"@id\":\"https:\/\/parkdubrova.eu\/it\/dora-kovacevic-percorso-1997\/#webpage\",\"url\":\"https:\/\/parkdubrova.eu\/it\/dora-kovacevic-percorso-1997\/\",\"name\":\"Dora Kova\\u010devi\\u0107, Percorso, 1997 - Parco delle sculture Dubrova\",\"isPartOf\":{\"@id\":\"https:\/\/parkdubrova.eu\/#website\"},\"primaryImageOfPage\":{\"@id\":\"https:\/\/parkdubrova.eu\/it\/dora-kovacevic-percorso-1997\/#primaryimage\"},\"datePublished\":\"2019-11-16T13:44:55+00:00\",\"dateModified\":\"2021-03-09T10:11:42+00:00\",\"breadcrumb\":{\"@id\":\"https:\/\/parkdubrova.eu\/it\/dora-kovacevic-percorso-1997\/#breadcrumb\"},\"inLanguage\":\"it-IT\",\"potentialAction\":[{\"@type\":\"ReadAction\",\"target\":[\"https:\/\/parkdubrova.eu\/it\/dora-kovacevic-percorso-1997\/\"]}]},{\"@type\":\"BreadcrumbList\",\"@id\":\"https:\/\/parkdubrova.eu\/it\/dora-kovacevic-percorso-1997\/#breadcrumb\",\"itemListElement\":[{\"@type\":\"ListItem\",\"position\":1,\"name\":\"Home\",\"item\":\"https:\/\/parkdubrova.eu\/it\/\"},{\"@type\":\"ListItem\",\"position\":2,\"name\":\"Dora Kova\\u010devi\\u0107, Percorso, 1997\"}]}]}<\/script>\n<!-- \/ Yoast SEO plugin. -->","yoast_head_json":{"title":"Dora Kova\u010devi\u0107, Percorso, 1997 - Parco delle sculture Dubrova","robots":{"index":"index","follow":"follow","max-snippet":"max-snippet:-1","max-image-preview":"max-image-preview:large","max-video-preview":"max-video-preview:-1"},"canonical":"https:\/\/parkdubrova.eu\/it\/dora-kovacevic-percorso-1997\/","og_locale":"it_IT","og_type":"article","og_title":"Dora Kova\u010devi\u0107, Percorso, 1997 - Parco delle sculture Dubrova","og_description":"[vc_row full_width=&#8221;stretch_row_content_no_spaces&#8221;][vc_column][vc_row_inner][vc_column_inner el_class=&#8221;artist-banner pt665&#8243; width=&#8221;11\/12&#8243; css=&#8221;.vc_custom_1605868804417{background-image: url(https:\/\/parkdubrova.eu\/wp-content\/uploads\/2020\/11\/dora-kovacevic-1-dionica-bijele-ceste-1997-banner.jpg?id=3518) !important;background-position: center !important;background-repeat: no-repeat !important;background-size: cover !important;}&#8221;][vc_single_image image=&#8221;6959&#8243; img_size=&#8221;medium&#8221;][\/vc_column_inner][vc_column_inner width=&#8221;1\/12&#8243;][vc_single_image image=&#8221;4650&#8243; img_size=&#8221;120&#215;386&#8243; el_class=&#8221;sculpture-detail&#8221;][\/vc_column_inner][\/vc_row_inner][vc_row_inner equal_height=&#8221;yes&#8221; content_placement=&#8221;middle&#8221; el_class=&#8221;artist-audio hidden-audio&#8221;][vc_column_inner width=&#8221;1\/12&#8243;][\/vc_column_inner][vc_column_inner el_class=&#8221;artist-number&#8221; width=&#8221;1\/12&#8243;][vc_column_text el_class=&#8221;mb0&#8243;] 67.2 [\/vc_column_text][\/vc_column_inner][vc_column_inner width=&#8221;1\/12&#8243; el_id=&#8221;xtoggle-btn&#8221;][vc_column_text el_class=&#8221;audio-icon&#8221;][\/vc_column_text][\/vc_column_inner][vc_column_inner width=&#8221;2\/3&#8243;][vc_column_text el_class=&#8221;audio1 toggle-container&#8221;] [\/vc_column_text][\/vc_column_inner][vc_column_inner width=&#8221;1\/12&#8243;][\/vc_column_inner][\/vc_row_inner][vc_row_inner equal_height=&#8221;yes&#8221; el_class=&#8221;artist-an&#8221;][vc_column_inner el_class=&#8221;grey-bcg&#8221; width=&#8221;1\/12&#8243;][vc_single_image image=&#8221;7131&#8243; img_size=&#8221;full&#8221; onclick=&#8221;custom_link&#8221; el_class=&#8221;artist-arrow-left&#8221; link=&#8221;\/?page_id=3535&#8243;][\/vc_column_inner][vc_column_inner el_class=&#8221;artist&#8221; width=&#8221;5\/6&#8243;][vc_column_text el_class=&#8221;artist-name&#8221;] Dora Kova\u010devi\u0107, HRV [\/vc_column_text][vc_column_text el_class=&#8221;artist-birth&#8221;](Dubrovnik,&hellip;","og_url":"https:\/\/parkdubrova.eu\/it\/dora-kovacevic-percorso-1997\/","og_site_name":"Parco delle sculture Dubrova","article_publisher":"https:\/\/www.facebook.com\/ParkSkulpturaDubrova\/","article_modified_time":"2021-03-09T10:11:42+00:00","og_image":[{"width":1000,"height":1000,"url":"https:\/\/parkdubrova.eu\/wp-content\/uploads\/2020\/12\/dora-kovacevic-put-1997-cube.jpg","type":"image\/jpeg"}],"twitter_card":"summary_large_image","twitter_misc":{"Tempo di lettura stimato":"2 minuti"},"schema":{"@context":"https:\/\/schema.org","@graph":[{"@type":"Organization","@id":"https:\/\/parkdubrova.eu\/#organization","name":"park skulptura dubrova","url":"https:\/\/parkdubrova.eu\/","sameAs":["https:\/\/www.facebook.com\/ParkSkulpturaDubrova\/"],"logo":{"@type":"ImageObject","@id":"https:\/\/parkdubrova.eu\/#logo","inLanguage":"it-IT","url":"https:\/\/parkdubrova.eu\/wp-content\/uploads\/2019\/11\/logo-svijetlo-zeleni.png","contentUrl":"https:\/\/parkdubrova.eu\/wp-content\/uploads\/2019\/11\/logo-svijetlo-zeleni.png","width":309,"height":506,"caption":"park skulptura dubrova"},"image":{"@id":"https:\/\/parkdubrova.eu\/#logo"}},{"@type":"WebSite","@id":"https:\/\/parkdubrova.eu\/#website","url":"https:\/\/parkdubrova.eu\/","name":"Parco delle sculture Dubrova","description":"Parco delle sculture Dubrova","publisher":{"@id":"https:\/\/parkdubrova.eu\/#organization"},"potentialAction":[{"@type":"SearchAction","target":{"@type":"EntryPoint","urlTemplate":"https:\/\/parkdubrova.eu\/?s={search_term_string}"},"query-input":"required name=search_term_string"}],"inLanguage":"it-IT"},{"@type":"ImageObject","@id":"https:\/\/parkdubrova.eu\/it\/dora-kovacevic-percorso-1997\/#primaryimage","inLanguage":"it-IT","url":"https:\/\/parkdubrova.eu\/wp-content\/uploads\/2020\/12\/dora-kovacevic-put-1997-cube.jpg","contentUrl":"https:\/\/parkdubrova.eu\/wp-content\/uploads\/2020\/12\/dora-kovacevic-put-1997-cube.jpg","width":1000,"height":1000},{"@type":"WebPage","@id":"https:\/\/parkdubrova.eu\/it\/dora-kovacevic-percorso-1997\/#webpage","url":"https:\/\/parkdubrova.eu\/it\/dora-kovacevic-percorso-1997\/","name":"Dora Kova\u010devi\u0107, Percorso, 1997 - Parco delle sculture Dubrova","isPartOf":{"@id":"https:\/\/parkdubrova.eu\/#website"},"primaryImageOfPage":{"@id":"https:\/\/parkdubrova.eu\/it\/dora-kovacevic-percorso-1997\/#primaryimage"},"datePublished":"2019-11-16T13:44:55+00:00","dateModified":"2021-03-09T10:11:42+00:00","breadcrumb":{"@id":"https:\/\/parkdubrova.eu\/it\/dora-kovacevic-percorso-1997\/#breadcrumb"},"inLanguage":"it-IT","potentialAction":[{"@type":"ReadAction","target":["https:\/\/parkdubrova.eu\/it\/dora-kovacevic-percorso-1997\/"]}]},{"@type":"BreadcrumbList","@id":"https:\/\/parkdubrova.eu\/it\/dora-kovacevic-percorso-1997\/#breadcrumb","itemListElement":[{"@type":"ListItem","position":1,"name":"Home","item":"https:\/\/parkdubrova.eu\/it\/"},{"@type":"ListItem","position":2,"name":"Dora Kova\u010devi\u0107, Percorso, 1997"}]}]}},"_links":{"self":[{"href":"https:\/\/parkdubrova.eu\/it\/wp-json\/wp\/v2\/pages\/6957"}],"collection":[{"href":"https:\/\/parkdubrova.eu\/it\/wp-json\/wp\/v2\/pages"}],"about":[{"href":"https:\/\/parkdubrova.eu\/it\/wp-json\/wp\/v2\/types\/page"}],"author":[{"embeddable":true,"href":"https:\/\/parkdubrova.eu\/it\/wp-json\/wp\/v2\/users\/2"}],"replies":[{"embeddable":true,"href":"https:\/\/parkdubrova.eu\/it\/wp-json\/wp\/v2\/comments?post=6957"}],"version-history":[{"count":5,"href":"https:\/\/parkdubrova.eu\/it\/wp-json\/wp\/v2\/pages\/6957\/revisions"}],"predecessor-version":[{"id":7603,"href":"https:\/\/parkdubrova.eu\/it\/wp-json\/wp\/v2\/pages\/6957\/revisions\/7603"}],"wp:featuredmedia":[{"embeddable":true,"href":"https:\/\/parkdubrova.eu\/it\/wp-json\/wp\/v2\/media\/6959"}],"wp:attachment":[{"href":"https:\/\/parkdubrova.eu\/it\/wp-json\/wp\/v2\/media?parent=6957"}],"curies":[{"name":"wp","href":"https:\/\/api.w.org\/{rel}","templated":true}]}}