{"id":6940,"date":"2020-11-20T11:02:54","date_gmt":"2020-11-20T11:02:54","guid":{"rendered":"https:\/\/parkdubrova.eu\/ivan-briski\/"},"modified":"2021-03-09T10:05:33","modified_gmt":"2021-03-09T10:05:33","slug":"ivan-briski-senza-titolo-1999","status":"publish","type":"page","link":"https:\/\/parkdubrova.eu\/it\/ivan-briski-senza-titolo-1999\/","title":{"rendered":"Ivan Briski, Senza titolo, 1999"},"content":{"rendered":"<p>[vc_row full_width=&#8221;stretch_row_content_no_spaces&#8221;][vc_column][vc_row_inner][vc_column_inner el_class=&#8221;artist-banner pt665&#8243; width=&#8221;11\/12&#8243; css=&#8221;.vc_custom_1605871780976{background-image: url(https:\/\/parkdubrova.eu\/wp-content\/uploads\/2020\/11\/ivan-briski-bez-naziva-1999-banner.jpg?id=3545) !important;background-position: center !important;background-repeat: no-repeat !important;background-size: cover !important;}&#8221;][vc_single_image image=&#8221;6942&#8243; img_size=&#8221;medium&#8221;][\/vc_column_inner][vc_column_inner width=&#8221;1\/12&#8243;][vc_single_image image=&#8221;4650&#8243; img_size=&#8221;120&#215;386&#8243; el_class=&#8221;sculpture-detail&#8221;][\/vc_column_inner][\/vc_row_inner][vc_row_inner equal_height=&#8221;yes&#8221; content_placement=&#8221;middle&#8221; el_class=&#8221;artist-audio&#8221;][vc_column_inner width=&#8221;1\/12&#8243;][\/vc_column_inner][vc_column_inner el_class=&#8221;artist-number&#8221; width=&#8221;1\/12&#8243;][vc_column_text el_class=&#8221;mb0&#8243;]<\/p>\n<h2>67.1<\/h2>\n<p>[\/vc_column_text][\/vc_column_inner][vc_column_inner width=&#8221;1\/12&#8243; el_id=&#8221;xtoggle-btn&#8221;][vc_column_text el_class=&#8221;audio-icon&#8221;][\/vc_column_text][\/vc_column_inner][vc_column_inner width=&#8221;2\/3&#8243;][vc_column_text el_class=&#8221;audio1 toggle-container&#8221;]<\/p>\n<!--[if lt IE 9]><script>document.createElement('audio');<\/script><![endif]-->\n<audio class=\"wp-audio-shortcode\" id=\"audio-6940-1\" preload=\"none\" style=\"width: 100%;\" controls=\"controls\"><source type=\"audio\/mpeg\" src=\"https:\/\/parkdubrova.eu\/wp-content\/uploads\/2020\/12\/67-1-ivan-briski-bez-naziva.m4a?_=1\" \/><a href=\"https:\/\/parkdubrova.eu\/wp-content\/uploads\/2020\/12\/67-1-ivan-briski-bez-naziva.m4a\">https:\/\/parkdubrova.eu\/wp-content\/uploads\/2020\/12\/67-1-ivan-briski-bez-naziva.m4a<\/a><\/audio>\n<p>[\/vc_column_text][\/vc_column_inner][vc_column_inner width=&#8221;1\/12&#8243;][\/vc_column_inner][\/vc_row_inner][vc_row_inner equal_height=&#8221;yes&#8221; el_class=&#8221;artist-an&#8221;][vc_column_inner el_class=&#8221;grey-bcg&#8221; width=&#8221;1\/12&#8243;][vc_single_image image=&#8221;7131&#8243; img_size=&#8221;full&#8221; onclick=&#8221;custom_link&#8221; el_class=&#8221;artist-arrow-left&#8221; link=&#8221;\/?page_id=3504&#8243;][\/vc_column_inner][vc_column_inner el_class=&#8221;artist&#8221; width=&#8221;5\/6&#8243;][vc_column_text el_class=&#8221;artist-name&#8221;]<\/p>\n<h2>Ivan Briski, HRV<\/h2>\n<p>[\/vc_column_text][vc_column_text el_class=&#8221;artist-birth&#8221;](Zagabria, 1958)[\/vc_column_text][\/vc_column_inner][vc_column_inner el_class=&#8221;grey-bcg&#8221; width=&#8221;1\/12&#8243;][vc_single_image image=&#8221;376&#8243; img_size=&#8221;full&#8221; onclick=&#8221;custom_link&#8221; el_class=&#8221;artist-arrow-right&#8221; link=&#8221;\/?page_id=1186&#8243;][\/vc_column_inner][\/vc_row_inner][vc_row_inner equal_height=&#8221;yes&#8221; el_class=&#8221;columns-hgt-500 artist-bw&#8221;][vc_column_inner el_class=&#8221;grey-bcg&#8221; width=&#8221;1\/12&#8243;][\/vc_column_inner][vc_column_inner el_class=&#8221;artist-bio&#8221; width=&#8221;5\/12&#8243;][vc_column_text]\u00c8 nato a Zagabria nel 1958. Si \u00e8 laureato in scultura all\u2019Accademia di belle arti di Zagabria nel 1987, nella classe del prof. Vjekoslav Ruklja\u010da. \u00c8 autore di vivaci forme zoomorfe virtuosamente intarsiate, che grazie alla loro associativit\u00e0 si prendono subito in simpatia. La caratteristica importante della sua scultura \u00e8 l\u2019ottimo inserimento negli spazi pubblici con contemporanea assenza del desiderio di dominazione. \u00c8 autore di diverse sculture negli spazi pubblici in Croazia e nella Bosnia ed Erzegovina. Espone regolarmente in mostre collettive dell\u2019HDLU (Societ\u00e0 croata degli artisti figurativi), al Triennale della scultura croata, al Triennale degli acquerelli e ad altre mostre tematiche. Vive e lavora a Zagabria.<\/p>\n<p>Al Simposio Mediterraneo di scultura ha partecipato nel 1999.[\/vc_column_text][\/vc_column_inner][vc_column_inner el_class=&#8221;artist-work&#8221; width=&#8221;5\/12&#8243;][vc_column_text el_class=&#8221;artist-work-name&#8221;]Titolo: Senza titolo<br \/>\nAnno: 1999<br \/>\nDimensioni: 25 x 4 m<br \/>\nSito: Parco delle sculture Dubrova[\/vc_column_text][\/vc_column_inner][vc_column_inner el_class=&#8221;grey-bcg&#8221; width=&#8221;1\/12&#8243;][\/vc_column_inner][\/vc_row_inner][vc_row_inner equal_height=&#8221;yes&#8221; el_class=&#8221;artist-gp&#8221;][vc_column_inner el_class=&#8221;grey-bcg&#8221; width=&#8221;1\/12&#8243;][\/vc_column_inner][vc_column_inner el_class=&#8221;artist-separator&#8221; width=&#8221;10\/12&#8243;][vc_column_text el_class=&#8221;artist-gallery&#8221;]<div id=\"envira-gallery-wrap-6950\" class=\"envira-gallery-wrap envira-gallery-theme-base envira-lightbox-theme-base\" itemscope itemtype=\"https:\/\/schema.org\/ImageGallery\"><div data-row-height=\"400\" data-gallery-theme=\"normal\" id=\"envira-gallery-6950\" class=\"envira-gallery-public envira-gallery-justified-public envira-gallery-0-columns envira-clear enviratope envira-gallery-css-animations\" data-envira-columns=\"0\"><div id=\"envira-gallery-item-3563\" class=\"envira-gallery-item enviratope-item envira-gallery-item-1\" style=\"padding-left: 5px; padding-bottom: 10px; padding-right: 5px;\"  itemscope itemtype=\"https:\/\/schema.org\/ImageObject\"><div class=\"envira-gallery-item-inner\"><div class=\"envira-gallery-position-overlay  envira-gallery-top-left\"><\/div><div class=\"envira-gallery-position-overlay  envira-gallery-top-right\"><\/div><div class=\"envira-gallery-position-overlay  envira-gallery-bottom-left\"><\/div><div class=\"envira-gallery-position-overlay  envira-gallery-bottom-right\"><\/div><a href=\"https:\/\/parkdubrova.eu\/wp-content\/uploads\/2020\/11\/ivan-briski-bez-naziva-1999-01.jpg\" class=\"envira-gallery-6950 envira-gallery-link\" rel=\"enviragallery6950\" title=\"Ivan Briski, Senza titolo, 1999\" data-envira-caption=\"Ivan Briski, Senza titolo, 1999\" data-envira-retina=\"\" data-thumbnail=\"\"  itemprop=\"contentUrl\"><img id=\"envira-gallery-image-3563\" class=\"envira-gallery-image envira-gallery-image-1 envira-normal \" data-envira-index=\"1\" src=\"https:\/\/parkdubrova.eu\/wp-content\/uploads\/2020\/11\/ivan-briski-bez-naziva-1999-01-667x1000-640x480.jpg\" data-envira-src=\"https:\/\/parkdubrova.eu\/wp-content\/uploads\/2020\/11\/ivan-briski-bez-naziva-1999-01-667x1000-640x480.jpg\" data-envira-gallery-id=\"6950\" data-envira-item-id=\"3563\" data-envira-caption=\"Ivan Briski, Senza titolo, 1999\" alt=\"Ivan Briski, Senza titolo, 1999\" title=\"Ivan Briski, Senza titolo, 1999\"  itemprop=\"thumbnailUrl\" data-envira-srcset=\"https:\/\/parkdubrova.eu\/wp-content\/uploads\/2020\/11\/ivan-briski-bez-naziva-1999-01-667x1000-640x480.jpg 400w,https:\/\/parkdubrova.eu\/wp-content\/uploads\/2020\/11\/ivan-briski-bez-naziva-1999-01-667x1000-640x480.jpg 2x\" data-envira-width=\"667\" data-envira-height=\"1000\" srcset=\"https:\/\/parkdubrova.eu\/wp-content\/uploads\/2020\/11\/ivan-briski-bez-naziva-1999-01-1280x960.jpg 2x\" data-safe-src=\"https:\/\/parkdubrova.eu\/wp-content\/uploads\/2020\/11\/ivan-briski-bez-naziva-1999-01-667x1000-640x480.jpg\" \/><\/a><\/div><\/div><div id=\"envira-gallery-item-3564\" class=\"envira-gallery-item enviratope-item envira-gallery-item-2\" style=\"padding-left: 5px; padding-bottom: 10px; padding-right: 5px;\"  itemscope itemtype=\"https:\/\/schema.org\/ImageObject\"><div class=\"envira-gallery-item-inner\"><div class=\"envira-gallery-position-overlay  envira-gallery-top-left\"><\/div><div class=\"envira-gallery-position-overlay  envira-gallery-top-right\"><\/div><div class=\"envira-gallery-position-overlay  envira-gallery-bottom-left\"><\/div><div class=\"envira-gallery-position-overlay  envira-gallery-bottom-right\"><\/div><a href=\"https:\/\/parkdubrova.eu\/wp-content\/uploads\/2020\/11\/ivan-briski-bez-naziva-1999-02.jpg\" class=\"envira-gallery-6950 envira-gallery-link\" rel=\"enviragallery6950\" title=\"Ivan Briski, Senza titolo, 1999\" data-envira-caption=\"Ivan Briski, Senza titolo, 1999\" data-envira-retina=\"\" data-thumbnail=\"\"  itemprop=\"contentUrl\"><img id=\"envira-gallery-image-3564\" class=\"envira-gallery-image envira-gallery-image-2 envira-normal \" data-envira-index=\"2\" src=\"https:\/\/parkdubrova.eu\/wp-content\/uploads\/2020\/11\/ivan-briski-bez-naziva-1999-02-1000x667-640x480.jpg\" data-envira-src=\"https:\/\/parkdubrova.eu\/wp-content\/uploads\/2020\/11\/ivan-briski-bez-naziva-1999-02-1000x667-640x480.jpg\" data-envira-gallery-id=\"6950\" data-envira-item-id=\"3564\" data-envira-caption=\"Ivan Briski, Senza titolo, 1999\" alt=\"Ivan Briski, Senza titolo, 1999\" title=\"Ivan Briski, Senza titolo, 1999\"  itemprop=\"thumbnailUrl\" data-envira-srcset=\"https:\/\/parkdubrova.eu\/wp-content\/uploads\/2020\/11\/ivan-briski-bez-naziva-1999-02-1000x667-640x480.jpg 400w,https:\/\/parkdubrova.eu\/wp-content\/uploads\/2020\/11\/ivan-briski-bez-naziva-1999-02-1000x667-640x480.jpg 2x\" data-envira-width=\"1000\" data-envira-height=\"667\" srcset=\"https:\/\/parkdubrova.eu\/wp-content\/uploads\/2020\/11\/ivan-briski-bez-naziva-1999-02-1280x960.jpg 2x\" data-safe-src=\"https:\/\/parkdubrova.eu\/wp-content\/uploads\/2020\/11\/ivan-briski-bez-naziva-1999-02-1000x667-640x480.jpg\" \/><\/a><\/div><\/div><div id=\"envira-gallery-item-3565\" class=\"envira-gallery-item enviratope-item envira-gallery-item-3\" style=\"padding-left: 5px; padding-bottom: 10px; padding-right: 5px;\"  itemscope itemtype=\"https:\/\/schema.org\/ImageObject\"><div class=\"envira-gallery-item-inner\"><div class=\"envira-gallery-position-overlay  envira-gallery-top-left\"><\/div><div class=\"envira-gallery-position-overlay  envira-gallery-top-right\"><\/div><div class=\"envira-gallery-position-overlay  envira-gallery-bottom-left\"><\/div><div class=\"envira-gallery-position-overlay  envira-gallery-bottom-right\"><\/div><a href=\"https:\/\/parkdubrova.eu\/wp-content\/uploads\/2020\/11\/ivan-briski-bez-naziva-1999-03.jpg\" class=\"envira-gallery-6950 envira-gallery-link\" rel=\"enviragallery6950\" title=\"Ivan Briski, Senza titolo, 1999\" data-envira-caption=\"Ivan Briski, Senza titolo, 1999\" data-envira-retina=\"\" data-thumbnail=\"\"  itemprop=\"contentUrl\"><img id=\"envira-gallery-image-3565\" class=\"envira-gallery-image envira-gallery-image-3 envira-normal \" data-envira-index=\"3\" src=\"https:\/\/parkdubrova.eu\/wp-content\/uploads\/2020\/11\/ivan-briski-bez-naziva-1999-03-667x1000-640x480.jpg\" data-envira-src=\"https:\/\/parkdubrova.eu\/wp-content\/uploads\/2020\/11\/ivan-briski-bez-naziva-1999-03-667x1000-640x480.jpg\" data-envira-gallery-id=\"6950\" data-envira-item-id=\"3565\" data-envira-caption=\"Ivan Briski, Senza titolo, 1999\" alt=\"Ivan Briski, Senza titolo, 1999\" title=\"Ivan Briski, Senza titolo, 1999\"  itemprop=\"thumbnailUrl\" data-envira-srcset=\"https:\/\/parkdubrova.eu\/wp-content\/uploads\/2020\/11\/ivan-briski-bez-naziva-1999-03-667x1000-640x480.jpg 400w,https:\/\/parkdubrova.eu\/wp-content\/uploads\/2020\/11\/ivan-briski-bez-naziva-1999-03-667x1000-640x480.jpg 2x\" data-envira-width=\"667\" data-envira-height=\"1000\" srcset=\"https:\/\/parkdubrova.eu\/wp-content\/uploads\/2020\/11\/ivan-briski-bez-naziva-1999-03-1280x960.jpg 2x\" data-safe-src=\"https:\/\/parkdubrova.eu\/wp-content\/uploads\/2020\/11\/ivan-briski-bez-naziva-1999-03-667x1000-640x480.jpg\" \/><\/a><\/div><\/div><div id=\"envira-gallery-item-3566\" class=\"envira-gallery-item enviratope-item envira-gallery-item-4\" style=\"padding-left: 5px; padding-bottom: 10px; padding-right: 5px;\"  itemscope itemtype=\"https:\/\/schema.org\/ImageObject\"><div class=\"envira-gallery-item-inner\"><div class=\"envira-gallery-position-overlay  envira-gallery-top-left\"><\/div><div class=\"envira-gallery-position-overlay  envira-gallery-top-right\"><\/div><div class=\"envira-gallery-position-overlay  envira-gallery-bottom-left\"><\/div><div class=\"envira-gallery-position-overlay  envira-gallery-bottom-right\"><\/div><a href=\"https:\/\/parkdubrova.eu\/wp-content\/uploads\/2020\/11\/ivan-briski-bez-naziva-1999-04.jpg\" class=\"envira-gallery-6950 envira-gallery-link\" rel=\"enviragallery6950\" title=\"Ivan Briski, Senza titolo, 1999\" data-envira-caption=\"Ivan Briski, Senza titolo, 1999\" data-envira-retina=\"\" data-thumbnail=\"\"  itemprop=\"contentUrl\"><img id=\"envira-gallery-image-3566\" class=\"envira-gallery-image envira-gallery-image-4 envira-normal \" data-envira-index=\"4\" src=\"https:\/\/parkdubrova.eu\/wp-content\/uploads\/2020\/11\/ivan-briski-bez-naziva-1999-04-1000x667-640x480.jpg\" data-envira-src=\"https:\/\/parkdubrova.eu\/wp-content\/uploads\/2020\/11\/ivan-briski-bez-naziva-1999-04-1000x667-640x480.jpg\" data-envira-gallery-id=\"6950\" data-envira-item-id=\"3566\" data-envira-caption=\"Ivan Briski, Senza titolo, 1999\" alt=\"Ivan Briski, Senza titolo, 1999\" title=\"Ivan Briski, Senza titolo, 1999\"  itemprop=\"thumbnailUrl\" data-envira-srcset=\"https:\/\/parkdubrova.eu\/wp-content\/uploads\/2020\/11\/ivan-briski-bez-naziva-1999-04-1000x667-640x480.jpg 400w,https:\/\/parkdubrova.eu\/wp-content\/uploads\/2020\/11\/ivan-briski-bez-naziva-1999-04-1000x667-640x480.jpg 2x\" data-envira-width=\"1000\" data-envira-height=\"667\" srcset=\"https:\/\/parkdubrova.eu\/wp-content\/uploads\/2020\/11\/ivan-briski-bez-naziva-1999-04-1280x960.jpg 2x\" data-safe-src=\"https:\/\/parkdubrova.eu\/wp-content\/uploads\/2020\/11\/ivan-briski-bez-naziva-1999-04-1000x667-640x480.jpg\" \/><\/a><\/div><\/div><div id=\"envira-gallery-item-3567\" class=\"envira-gallery-item enviratope-item envira-gallery-item-5\" style=\"padding-left: 5px; padding-bottom: 10px; padding-right: 5px;\"  itemscope itemtype=\"https:\/\/schema.org\/ImageObject\"><div class=\"envira-gallery-item-inner\"><div class=\"envira-gallery-position-overlay  envira-gallery-top-left\"><\/div><div class=\"envira-gallery-position-overlay  envira-gallery-top-right\"><\/div><div class=\"envira-gallery-position-overlay  envira-gallery-bottom-left\"><\/div><div class=\"envira-gallery-position-overlay  envira-gallery-bottom-right\"><\/div><a href=\"https:\/\/parkdubrova.eu\/wp-content\/uploads\/2020\/11\/ivan-briski-bez-naziva-1999-05.jpg\" class=\"envira-gallery-6950 envira-gallery-link\" rel=\"enviragallery6950\" title=\"Ivan Briski, Senza titolo, 1999\" data-envira-caption=\"Ivan Briski, Senza titolo, 1999\" data-envira-retina=\"\" data-thumbnail=\"\"  itemprop=\"contentUrl\"><img id=\"envira-gallery-image-3567\" class=\"envira-gallery-image envira-gallery-image-5 envira-normal \" data-envira-index=\"5\" src=\"https:\/\/parkdubrova.eu\/wp-content\/uploads\/2020\/11\/ivan-briski-bez-naziva-1999-05-1000x667-640x480.jpg\" data-envira-src=\"https:\/\/parkdubrova.eu\/wp-content\/uploads\/2020\/11\/ivan-briski-bez-naziva-1999-05-1000x667-640x480.jpg\" data-envira-gallery-id=\"6950\" data-envira-item-id=\"3567\" data-envira-caption=\"Ivan Briski, Senza titolo, 1999\" alt=\"Ivan Briski, Senza titolo, 1999\" title=\"Ivan Briski, Senza titolo, 1999\"  itemprop=\"thumbnailUrl\" data-envira-srcset=\"https:\/\/parkdubrova.eu\/wp-content\/uploads\/2020\/11\/ivan-briski-bez-naziva-1999-05-1000x667-640x480.jpg 400w,https:\/\/parkdubrova.eu\/wp-content\/uploads\/2020\/11\/ivan-briski-bez-naziva-1999-05-1000x667-640x480.jpg 2x\" data-envira-width=\"1000\" data-envira-height=\"667\" srcset=\"https:\/\/parkdubrova.eu\/wp-content\/uploads\/2020\/11\/ivan-briski-bez-naziva-1999-05-1280x960.jpg 2x\" data-safe-src=\"https:\/\/parkdubrova.eu\/wp-content\/uploads\/2020\/11\/ivan-briski-bez-naziva-1999-05-1000x667-640x480.jpg\" \/><\/a><\/div><\/div><div id=\"envira-gallery-item-3568\" class=\"envira-gallery-item enviratope-item envira-gallery-item-6\" style=\"padding-left: 5px; padding-bottom: 10px; padding-right: 5px;\"  itemscope itemtype=\"https:\/\/schema.org\/ImageObject\"><div class=\"envira-gallery-item-inner\"><div class=\"envira-gallery-position-overlay  envira-gallery-top-left\"><\/div><div class=\"envira-gallery-position-overlay  envira-gallery-top-right\"><\/div><div class=\"envira-gallery-position-overlay  envira-gallery-bottom-left\"><\/div><div class=\"envira-gallery-position-overlay  envira-gallery-bottom-right\"><\/div><a href=\"https:\/\/parkdubrova.eu\/wp-content\/uploads\/2020\/11\/ivan-briski-bez-naziva-1999-06.jpg\" class=\"envira-gallery-6950 envira-gallery-link\" rel=\"enviragallery6950\" title=\"Ivan Briski, Senza titolo, 1999\" data-envira-caption=\"Ivan Briski, Senza titolo, 1999\" data-envira-retina=\"\" data-thumbnail=\"\"  itemprop=\"contentUrl\"><img id=\"envira-gallery-image-3568\" class=\"envira-gallery-image envira-gallery-image-6 envira-normal \" data-envira-index=\"6\" src=\"https:\/\/parkdubrova.eu\/wp-content\/uploads\/2020\/11\/ivan-briski-bez-naziva-1999-06-1000x667-640x480.jpg\" data-envira-src=\"https:\/\/parkdubrova.eu\/wp-content\/uploads\/2020\/11\/ivan-briski-bez-naziva-1999-06-1000x667-640x480.jpg\" data-envira-gallery-id=\"6950\" data-envira-item-id=\"3568\" data-envira-caption=\"Ivan Briski, Senza titolo, 1999\" alt=\"Ivan Briski, Senza titolo, 1999\" title=\"Ivan Briski, Senza titolo, 1999\"  itemprop=\"thumbnailUrl\" data-envira-srcset=\"https:\/\/parkdubrova.eu\/wp-content\/uploads\/2020\/11\/ivan-briski-bez-naziva-1999-06-1000x667-640x480.jpg 400w,https:\/\/parkdubrova.eu\/wp-content\/uploads\/2020\/11\/ivan-briski-bez-naziva-1999-06-1000x667-640x480.jpg 2x\" data-envira-width=\"1000\" data-envira-height=\"667\" srcset=\"https:\/\/parkdubrova.eu\/wp-content\/uploads\/2020\/11\/ivan-briski-bez-naziva-1999-06-1280x960.jpg 2x\" data-safe-src=\"https:\/\/parkdubrova.eu\/wp-content\/uploads\/2020\/11\/ivan-briski-bez-naziva-1999-06-1000x667-640x480.jpg\" \/><\/a><\/div><\/div><div id=\"envira-gallery-item-3569\" class=\"envira-gallery-item enviratope-item envira-gallery-item-7\" style=\"padding-left: 5px; padding-bottom: 10px; padding-right: 5px;\"  itemscope itemtype=\"https:\/\/schema.org\/ImageObject\"><div class=\"envira-gallery-item-inner\"><div class=\"envira-gallery-position-overlay  envira-gallery-top-left\"><\/div><div class=\"envira-gallery-position-overlay  envira-gallery-top-right\"><\/div><div class=\"envira-gallery-position-overlay  envira-gallery-bottom-left\"><\/div><div class=\"envira-gallery-position-overlay  envira-gallery-bottom-right\"><\/div><a href=\"https:\/\/parkdubrova.eu\/wp-content\/uploads\/2020\/11\/ivan-briski-bez-naziva-1999-07.jpg\" class=\"envira-gallery-6950 envira-gallery-link\" rel=\"enviragallery6950\" title=\"Ivan Briski, Senza titolo, 1999\" data-envira-caption=\"Ivan Briski, Senza titolo, 1999\" data-envira-retina=\"\" data-thumbnail=\"\"  itemprop=\"contentUrl\"><img id=\"envira-gallery-image-3569\" class=\"envira-gallery-image envira-gallery-image-7 envira-normal \" data-envira-index=\"7\" src=\"https:\/\/parkdubrova.eu\/wp-content\/uploads\/2020\/11\/ivan-briski-bez-naziva-1999-07-1000x667-640x480.jpg\" data-envira-src=\"https:\/\/parkdubrova.eu\/wp-content\/uploads\/2020\/11\/ivan-briski-bez-naziva-1999-07-1000x667-640x480.jpg\" data-envira-gallery-id=\"6950\" data-envira-item-id=\"3569\" data-envira-caption=\"Ivan Briski, Senza titolo, 1999\" alt=\"Ivan Briski, Senza titolo, 1999\" title=\"Ivan Briski, Senza titolo, 1999\"  itemprop=\"thumbnailUrl\" data-envira-srcset=\"https:\/\/parkdubrova.eu\/wp-content\/uploads\/2020\/11\/ivan-briski-bez-naziva-1999-07-1000x667-640x480.jpg 400w,https:\/\/parkdubrova.eu\/wp-content\/uploads\/2020\/11\/ivan-briski-bez-naziva-1999-07-1000x667-640x480.jpg 2x\" data-envira-width=\"1000\" data-envira-height=\"667\" srcset=\"https:\/\/parkdubrova.eu\/wp-content\/uploads\/2020\/11\/ivan-briski-bez-naziva-1999-07-1280x960.jpg 2x\" data-safe-src=\"https:\/\/parkdubrova.eu\/wp-content\/uploads\/2020\/11\/ivan-briski-bez-naziva-1999-07-1000x667-640x480.jpg\" \/><\/a><\/div><\/div><div id=\"envira-gallery-item-3570\" class=\"envira-gallery-item enviratope-item envira-gallery-item-8\" style=\"padding-left: 5px; padding-bottom: 10px; padding-right: 5px;\"  itemscope itemtype=\"https:\/\/schema.org\/ImageObject\"><div class=\"envira-gallery-item-inner\"><div class=\"envira-gallery-position-overlay  envira-gallery-top-left\"><\/div><div class=\"envira-gallery-position-overlay  envira-gallery-top-right\"><\/div><div class=\"envira-gallery-position-overlay  envira-gallery-bottom-left\"><\/div><div class=\"envira-gallery-position-overlay  envira-gallery-bottom-right\"><\/div><a href=\"https:\/\/parkdubrova.eu\/wp-content\/uploads\/2020\/11\/ivan-briski-bez-naziva-1999-08.jpg\" class=\"envira-gallery-6950 envira-gallery-link\" rel=\"enviragallery6950\" title=\"Ivan Briski, Senza titolo, 1999\" data-envira-caption=\"Ivan Briski, Senza titolo, 1999\" data-envira-retina=\"\" data-thumbnail=\"\"  itemprop=\"contentUrl\"><img id=\"envira-gallery-image-3570\" class=\"envira-gallery-image envira-gallery-image-8 envira-normal \" data-envira-index=\"8\" src=\"https:\/\/parkdubrova.eu\/wp-content\/uploads\/2020\/11\/ivan-briski-bez-naziva-1999-08-1000x667-640x480.jpg\" data-envira-src=\"https:\/\/parkdubrova.eu\/wp-content\/uploads\/2020\/11\/ivan-briski-bez-naziva-1999-08-1000x667-640x480.jpg\" data-envira-gallery-id=\"6950\" data-envira-item-id=\"3570\" data-envira-caption=\"Ivan Briski, Senza titolo, 1999\" alt=\"Ivan Briski, Senza titolo, 1999\" title=\"Ivan Briski, Senza titolo, 1999\"  itemprop=\"thumbnailUrl\" data-envira-srcset=\"https:\/\/parkdubrova.eu\/wp-content\/uploads\/2020\/11\/ivan-briski-bez-naziva-1999-08-1000x667-640x480.jpg 400w,https:\/\/parkdubrova.eu\/wp-content\/uploads\/2020\/11\/ivan-briski-bez-naziva-1999-08-1000x667-640x480.jpg 2x\" data-envira-width=\"1000\" data-envira-height=\"667\" srcset=\"https:\/\/parkdubrova.eu\/wp-content\/uploads\/2020\/11\/ivan-briski-bez-naziva-1999-08-1280x960.jpg 2x\" data-safe-src=\"https:\/\/parkdubrova.eu\/wp-content\/uploads\/2020\/11\/ivan-briski-bez-naziva-1999-08-1000x667-640x480.jpg\" \/><\/a><\/div><\/div><\/div><\/div><noscript><img src=\"https:\/\/parkdubrova.eu\/wp-content\/uploads\/2020\/11\/ivan-briski-bez-naziva-1999-01.jpg\" alt=\"Ivan Briski, Senza titolo, 1999\" \/><img src=\"https:\/\/parkdubrova.eu\/wp-content\/uploads\/2020\/11\/ivan-briski-bez-naziva-1999-02.jpg\" alt=\"Ivan Briski, Senza titolo, 1999\" \/><img src=\"https:\/\/parkdubrova.eu\/wp-content\/uploads\/2020\/11\/ivan-briski-bez-naziva-1999-03.jpg\" alt=\"Ivan Briski, Senza titolo, 1999\" \/><img src=\"https:\/\/parkdubrova.eu\/wp-content\/uploads\/2020\/11\/ivan-briski-bez-naziva-1999-04.jpg\" alt=\"Ivan Briski, Senza titolo, 1999\" \/><img src=\"https:\/\/parkdubrova.eu\/wp-content\/uploads\/2020\/11\/ivan-briski-bez-naziva-1999-05.jpg\" alt=\"Ivan Briski, Senza titolo, 1999\" \/><img src=\"https:\/\/parkdubrova.eu\/wp-content\/uploads\/2020\/11\/ivan-briski-bez-naziva-1999-06.jpg\" alt=\"Ivan Briski, Senza titolo, 1999\" \/><img src=\"https:\/\/parkdubrova.eu\/wp-content\/uploads\/2020\/11\/ivan-briski-bez-naziva-1999-07.jpg\" alt=\"Ivan Briski, Senza titolo, 1999\" \/><img src=\"https:\/\/parkdubrova.eu\/wp-content\/uploads\/2020\/11\/ivan-briski-bez-naziva-1999-08.jpg\" alt=\"Ivan Briski, Senza titolo, 1999\" \/><\/noscript>[\/vc_column_text][\/vc_column_inner][vc_column_inner el_class=&#8221;grey-bcg&#8221; width=&#8221;1\/12&#8243;][\/vc_column_inner][\/vc_row_inner][vc_row_inner equal_height=&#8221;yes&#8221; el_class=&#8221;artist-gp&#8221;][vc_column_inner el_class=&#8221;grey-bcg&#8221; width=&#8221;1\/12&#8243;][\/vc_column_inner][vc_column_inner el_class=&#8221;artist-separator&#8221; width=&#8221;10\/12&#8243;][vc_video link=&#8221;https:\/\/youtu.be\/yOPif8_ILA8&#8243;][\/vc_column_inner][vc_column_inner el_class=&#8221;grey-bcg&#8221; width=&#8221;1\/12&#8243;][\/vc_column_inner][\/vc_row_inner][\/vc_column][\/vc_row][vc_row full_width=&#8221;stretch_row&#8221; el_class=&#8221;grey-bcg pt200&#8243;][vc_column][\/vc_column][\/vc_row]<\/p>\n","protected":false},"excerpt":{"rendered":"<p>[vc_row full_width=&#8221;stretch_row_content_no_spaces&#8221;][vc_column][vc_row_inner][vc_column_inner el_class=&#8221;artist-banner pt665&#8243; width=&#8221;11\/12&#8243; css=&#8221;.vc_custom_1605871780976{background-image: url(https:\/\/parkdubrova.eu\/wp-content\/uploads\/2020\/11\/ivan-briski-bez-naziva-1999-banner.jpg?id=3545) !important;background-position: center !important;background-repeat: no-repeat !important;background-size: cover !important;}&#8221;][vc_single_image image=&#8221;6942&#8243; img_size=&#8221;medium&#8221;][\/vc_column_inner][vc_column_inner width=&#8221;1\/12&#8243;][vc_single_image image=&#8221;4650&#8243; img_size=&#8221;120&#215;386&#8243; el_class=&#8221;sculpture-detail&#8221;][\/vc_column_inner][\/vc_row_inner][vc_row_inner equal_height=&#8221;yes&#8221; content_placement=&#8221;middle&#8221; el_class=&#8221;artist-audio&#8221;][vc_column_inner width=&#8221;1\/12&#8243;][\/vc_column_inner][vc_column_inner el_class=&#8221;artist-number&#8221; width=&#8221;1\/12&#8243;][vc_column_text el_class=&#8221;mb0&#8243;] 67.1 [\/vc_column_text][\/vc_column_inner][vc_column_inner width=&#8221;1\/12&#8243; el_id=&#8221;xtoggle-btn&#8221;][vc_column_text el_class=&#8221;audio-icon&#8221;][\/vc_column_text][\/vc_column_inner][vc_column_inner width=&#8221;2\/3&#8243;][vc_column_text el_class=&#8221;audio1 toggle-container&#8221;] [\/vc_column_text][\/vc_column_inner][vc_column_inner width=&#8221;1\/12&#8243;][\/vc_column_inner][\/vc_row_inner][vc_row_inner equal_height=&#8221;yes&#8221; el_class=&#8221;artist-an&#8221;][vc_column_inner el_class=&#8221;grey-bcg&#8221; width=&#8221;1\/12&#8243;][vc_single_image image=&#8221;7131&#8243; img_size=&#8221;full&#8221; onclick=&#8221;custom_link&#8221; el_class=&#8221;artist-arrow-left&#8221; link=&#8221;\/?page_id=3504&#8243;][\/vc_column_inner][vc_column_inner el_class=&#8221;artist&#8221; width=&#8221;5\/6&#8243;][vc_column_text el_class=&#8221;artist-name&#8221;] Ivan Briski, HRV [\/vc_column_text][vc_column_text el_class=&#8221;artist-birth&#8221;](Zagabria, 1958)[\/vc_column_text][\/vc_column_inner][vc_column_inner&hellip;<\/p>\n","protected":false},"author":2,"featured_media":6942,"parent":0,"menu_order":0,"comment_status":"closed","ping_status":"closed","template":"","meta":[],"yoast_head":"<!-- This site is optimized with the Yoast SEO plugin v17.8 - https:\/\/yoast.com\/wordpress\/plugins\/seo\/ -->\n<title>Ivan Briski, Senza titolo, 1999 - Parco delle sculture Dubrova<\/title>\n<meta name=\"robots\" content=\"index, follow, max-snippet:-1, max-image-preview:large, max-video-preview:-1\" \/>\n<link rel=\"canonical\" href=\"https:\/\/parkdubrova.eu\/it\/ivan-briski-senza-titolo-1999\/\" \/>\n<meta property=\"og:locale\" content=\"it_IT\" \/>\n<meta property=\"og:type\" content=\"article\" \/>\n<meta property=\"og:title\" content=\"Ivan Briski, Senza titolo, 1999 - Parco delle sculture Dubrova\" \/>\n<meta property=\"og:description\" content=\"[vc_row full_width=&#8221;stretch_row_content_no_spaces&#8221;][vc_column][vc_row_inner][vc_column_inner el_class=&#8221;artist-banner pt665&#8243; width=&#8221;11\/12&#8243; css=&#8221;.vc_custom_1605871780976{background-image: url(https:\/\/parkdubrova.eu\/wp-content\/uploads\/2020\/11\/ivan-briski-bez-naziva-1999-banner.jpg?id=3545) !important;background-position: center !important;background-repeat: no-repeat !important;background-size: cover !important;}&#8221;][vc_single_image image=&#8221;6942&#8243; img_size=&#8221;medium&#8221;][\/vc_column_inner][vc_column_inner width=&#8221;1\/12&#8243;][vc_single_image image=&#8221;4650&#8243; img_size=&#8221;120&#215;386&#8243; el_class=&#8221;sculpture-detail&#8221;][\/vc_column_inner][\/vc_row_inner][vc_row_inner equal_height=&#8221;yes&#8221; content_placement=&#8221;middle&#8221; el_class=&#8221;artist-audio&#8221;][vc_column_inner width=&#8221;1\/12&#8243;][\/vc_column_inner][vc_column_inner el_class=&#8221;artist-number&#8221; width=&#8221;1\/12&#8243;][vc_column_text el_class=&#8221;mb0&#8243;] 67.1 [\/vc_column_text][\/vc_column_inner][vc_column_inner width=&#8221;1\/12&#8243; el_id=&#8221;xtoggle-btn&#8221;][vc_column_text el_class=&#8221;audio-icon&#8221;][\/vc_column_text][\/vc_column_inner][vc_column_inner width=&#8221;2\/3&#8243;][vc_column_text el_class=&#8221;audio1 toggle-container&#8221;] [\/vc_column_text][\/vc_column_inner][vc_column_inner width=&#8221;1\/12&#8243;][\/vc_column_inner][\/vc_row_inner][vc_row_inner equal_height=&#8221;yes&#8221; el_class=&#8221;artist-an&#8221;][vc_column_inner el_class=&#8221;grey-bcg&#8221; width=&#8221;1\/12&#8243;][vc_single_image image=&#8221;7131&#8243; img_size=&#8221;full&#8221; onclick=&#8221;custom_link&#8221; el_class=&#8221;artist-arrow-left&#8221; link=&#8221;\/?page_id=3504&#8243;][\/vc_column_inner][vc_column_inner el_class=&#8221;artist&#8221; width=&#8221;5\/6&#8243;][vc_column_text el_class=&#8221;artist-name&#8221;] Ivan Briski, HRV [\/vc_column_text][vc_column_text el_class=&#8221;artist-birth&#8221;](Zagabria, 1958)[\/vc_column_text][\/vc_column_inner][vc_column_inner&hellip;\" \/>\n<meta property=\"og:url\" content=\"https:\/\/parkdubrova.eu\/it\/ivan-briski-senza-titolo-1999\/\" \/>\n<meta property=\"og:site_name\" content=\"Parco delle sculture Dubrova\" \/>\n<meta property=\"article:publisher\" content=\"https:\/\/www.facebook.com\/ParkSkulpturaDubrova\/\" \/>\n<meta property=\"article:modified_time\" content=\"2021-03-09T10:05:33+00:00\" \/>\n<meta property=\"og:image\" content=\"https:\/\/parkdubrova.eu\/wp-content\/uploads\/2020\/12\/ivan-briski-bez-naziva-1999-cube.jpg\" \/>\n\t<meta property=\"og:image:width\" content=\"1000\" \/>\n\t<meta property=\"og:image:height\" content=\"1000\" \/>\n<meta name=\"twitter:card\" content=\"summary_large_image\" \/>\n<meta name=\"twitter:label1\" content=\"Tempo di lettura stimato\" \/>\n\t<meta name=\"twitter:data1\" content=\"1 minuto\" \/>\n<script type=\"application\/ld+json\" class=\"yoast-schema-graph\">{\"@context\":\"https:\/\/schema.org\",\"@graph\":[{\"@type\":\"Organization\",\"@id\":\"https:\/\/parkdubrova.eu\/#organization\",\"name\":\"park skulptura dubrova\",\"url\":\"https:\/\/parkdubrova.eu\/\",\"sameAs\":[\"https:\/\/www.facebook.com\/ParkSkulpturaDubrova\/\"],\"logo\":{\"@type\":\"ImageObject\",\"@id\":\"https:\/\/parkdubrova.eu\/#logo\",\"inLanguage\":\"it-IT\",\"url\":\"https:\/\/parkdubrova.eu\/wp-content\/uploads\/2019\/11\/logo-svijetlo-zeleni.png\",\"contentUrl\":\"https:\/\/parkdubrova.eu\/wp-content\/uploads\/2019\/11\/logo-svijetlo-zeleni.png\",\"width\":309,\"height\":506,\"caption\":\"park skulptura dubrova\"},\"image\":{\"@id\":\"https:\/\/parkdubrova.eu\/#logo\"}},{\"@type\":\"WebSite\",\"@id\":\"https:\/\/parkdubrova.eu\/#website\",\"url\":\"https:\/\/parkdubrova.eu\/\",\"name\":\"Parco delle sculture Dubrova\",\"description\":\"Parco delle sculture Dubrova\",\"publisher\":{\"@id\":\"https:\/\/parkdubrova.eu\/#organization\"},\"potentialAction\":[{\"@type\":\"SearchAction\",\"target\":{\"@type\":\"EntryPoint\",\"urlTemplate\":\"https:\/\/parkdubrova.eu\/?s={search_term_string}\"},\"query-input\":\"required name=search_term_string\"}],\"inLanguage\":\"it-IT\"},{\"@type\":\"ImageObject\",\"@id\":\"https:\/\/parkdubrova.eu\/it\/ivan-briski-senza-titolo-1999\/#primaryimage\",\"inLanguage\":\"it-IT\",\"url\":\"https:\/\/parkdubrova.eu\/wp-content\/uploads\/2020\/12\/ivan-briski-bez-naziva-1999-cube.jpg\",\"contentUrl\":\"https:\/\/parkdubrova.eu\/wp-content\/uploads\/2020\/12\/ivan-briski-bez-naziva-1999-cube.jpg\",\"width\":1000,\"height\":1000},{\"@type\":\"WebPage\",\"@id\":\"https:\/\/parkdubrova.eu\/it\/ivan-briski-senza-titolo-1999\/#webpage\",\"url\":\"https:\/\/parkdubrova.eu\/it\/ivan-briski-senza-titolo-1999\/\",\"name\":\"Ivan Briski, Senza titolo, 1999 - Parco delle sculture Dubrova\",\"isPartOf\":{\"@id\":\"https:\/\/parkdubrova.eu\/#website\"},\"primaryImageOfPage\":{\"@id\":\"https:\/\/parkdubrova.eu\/it\/ivan-briski-senza-titolo-1999\/#primaryimage\"},\"datePublished\":\"2020-11-20T11:02:54+00:00\",\"dateModified\":\"2021-03-09T10:05:33+00:00\",\"breadcrumb\":{\"@id\":\"https:\/\/parkdubrova.eu\/it\/ivan-briski-senza-titolo-1999\/#breadcrumb\"},\"inLanguage\":\"it-IT\",\"potentialAction\":[{\"@type\":\"ReadAction\",\"target\":[\"https:\/\/parkdubrova.eu\/it\/ivan-briski-senza-titolo-1999\/\"]}]},{\"@type\":\"BreadcrumbList\",\"@id\":\"https:\/\/parkdubrova.eu\/it\/ivan-briski-senza-titolo-1999\/#breadcrumb\",\"itemListElement\":[{\"@type\":\"ListItem\",\"position\":1,\"name\":\"Home\",\"item\":\"https:\/\/parkdubrova.eu\/it\/\"},{\"@type\":\"ListItem\",\"position\":2,\"name\":\"Ivan Briski, Senza titolo, 1999\"}]}]}<\/script>\n<!-- \/ Yoast SEO plugin. -->","yoast_head_json":{"title":"Ivan Briski, Senza titolo, 1999 - Parco delle sculture Dubrova","robots":{"index":"index","follow":"follow","max-snippet":"max-snippet:-1","max-image-preview":"max-image-preview:large","max-video-preview":"max-video-preview:-1"},"canonical":"https:\/\/parkdubrova.eu\/it\/ivan-briski-senza-titolo-1999\/","og_locale":"it_IT","og_type":"article","og_title":"Ivan Briski, Senza titolo, 1999 - Parco delle sculture Dubrova","og_description":"[vc_row full_width=&#8221;stretch_row_content_no_spaces&#8221;][vc_column][vc_row_inner][vc_column_inner el_class=&#8221;artist-banner pt665&#8243; width=&#8221;11\/12&#8243; css=&#8221;.vc_custom_1605871780976{background-image: url(https:\/\/parkdubrova.eu\/wp-content\/uploads\/2020\/11\/ivan-briski-bez-naziva-1999-banner.jpg?id=3545) !important;background-position: center !important;background-repeat: no-repeat !important;background-size: cover !important;}&#8221;][vc_single_image image=&#8221;6942&#8243; img_size=&#8221;medium&#8221;][\/vc_column_inner][vc_column_inner width=&#8221;1\/12&#8243;][vc_single_image image=&#8221;4650&#8243; img_size=&#8221;120&#215;386&#8243; el_class=&#8221;sculpture-detail&#8221;][\/vc_column_inner][\/vc_row_inner][vc_row_inner equal_height=&#8221;yes&#8221; content_placement=&#8221;middle&#8221; el_class=&#8221;artist-audio&#8221;][vc_column_inner width=&#8221;1\/12&#8243;][\/vc_column_inner][vc_column_inner el_class=&#8221;artist-number&#8221; width=&#8221;1\/12&#8243;][vc_column_text el_class=&#8221;mb0&#8243;] 67.1 [\/vc_column_text][\/vc_column_inner][vc_column_inner width=&#8221;1\/12&#8243; el_id=&#8221;xtoggle-btn&#8221;][vc_column_text el_class=&#8221;audio-icon&#8221;][\/vc_column_text][\/vc_column_inner][vc_column_inner width=&#8221;2\/3&#8243;][vc_column_text el_class=&#8221;audio1 toggle-container&#8221;] [\/vc_column_text][\/vc_column_inner][vc_column_inner width=&#8221;1\/12&#8243;][\/vc_column_inner][\/vc_row_inner][vc_row_inner equal_height=&#8221;yes&#8221; el_class=&#8221;artist-an&#8221;][vc_column_inner el_class=&#8221;grey-bcg&#8221; width=&#8221;1\/12&#8243;][vc_single_image image=&#8221;7131&#8243; img_size=&#8221;full&#8221; onclick=&#8221;custom_link&#8221; el_class=&#8221;artist-arrow-left&#8221; link=&#8221;\/?page_id=3504&#8243;][\/vc_column_inner][vc_column_inner el_class=&#8221;artist&#8221; width=&#8221;5\/6&#8243;][vc_column_text el_class=&#8221;artist-name&#8221;] Ivan Briski, HRV [\/vc_column_text][vc_column_text el_class=&#8221;artist-birth&#8221;](Zagabria, 1958)[\/vc_column_text][\/vc_column_inner][vc_column_inner&hellip;","og_url":"https:\/\/parkdubrova.eu\/it\/ivan-briski-senza-titolo-1999\/","og_site_name":"Parco delle sculture Dubrova","article_publisher":"https:\/\/www.facebook.com\/ParkSkulpturaDubrova\/","article_modified_time":"2021-03-09T10:05:33+00:00","og_image":[{"width":1000,"height":1000,"url":"https:\/\/parkdubrova.eu\/wp-content\/uploads\/2020\/12\/ivan-briski-bez-naziva-1999-cube.jpg","type":"image\/jpeg"}],"twitter_card":"summary_large_image","twitter_misc":{"Tempo di lettura stimato":"1 minuto"},"schema":{"@context":"https:\/\/schema.org","@graph":[{"@type":"Organization","@id":"https:\/\/parkdubrova.eu\/#organization","name":"park skulptura dubrova","url":"https:\/\/parkdubrova.eu\/","sameAs":["https:\/\/www.facebook.com\/ParkSkulpturaDubrova\/"],"logo":{"@type":"ImageObject","@id":"https:\/\/parkdubrova.eu\/#logo","inLanguage":"it-IT","url":"https:\/\/parkdubrova.eu\/wp-content\/uploads\/2019\/11\/logo-svijetlo-zeleni.png","contentUrl":"https:\/\/parkdubrova.eu\/wp-content\/uploads\/2019\/11\/logo-svijetlo-zeleni.png","width":309,"height":506,"caption":"park skulptura dubrova"},"image":{"@id":"https:\/\/parkdubrova.eu\/#logo"}},{"@type":"WebSite","@id":"https:\/\/parkdubrova.eu\/#website","url":"https:\/\/parkdubrova.eu\/","name":"Parco delle sculture Dubrova","description":"Parco delle sculture Dubrova","publisher":{"@id":"https:\/\/parkdubrova.eu\/#organization"},"potentialAction":[{"@type":"SearchAction","target":{"@type":"EntryPoint","urlTemplate":"https:\/\/parkdubrova.eu\/?s={search_term_string}"},"query-input":"required name=search_term_string"}],"inLanguage":"it-IT"},{"@type":"ImageObject","@id":"https:\/\/parkdubrova.eu\/it\/ivan-briski-senza-titolo-1999\/#primaryimage","inLanguage":"it-IT","url":"https:\/\/parkdubrova.eu\/wp-content\/uploads\/2020\/12\/ivan-briski-bez-naziva-1999-cube.jpg","contentUrl":"https:\/\/parkdubrova.eu\/wp-content\/uploads\/2020\/12\/ivan-briski-bez-naziva-1999-cube.jpg","width":1000,"height":1000},{"@type":"WebPage","@id":"https:\/\/parkdubrova.eu\/it\/ivan-briski-senza-titolo-1999\/#webpage","url":"https:\/\/parkdubrova.eu\/it\/ivan-briski-senza-titolo-1999\/","name":"Ivan Briski, Senza titolo, 1999 - Parco delle sculture Dubrova","isPartOf":{"@id":"https:\/\/parkdubrova.eu\/#website"},"primaryImageOfPage":{"@id":"https:\/\/parkdubrova.eu\/it\/ivan-briski-senza-titolo-1999\/#primaryimage"},"datePublished":"2020-11-20T11:02:54+00:00","dateModified":"2021-03-09T10:05:33+00:00","breadcrumb":{"@id":"https:\/\/parkdubrova.eu\/it\/ivan-briski-senza-titolo-1999\/#breadcrumb"},"inLanguage":"it-IT","potentialAction":[{"@type":"ReadAction","target":["https:\/\/parkdubrova.eu\/it\/ivan-briski-senza-titolo-1999\/"]}]},{"@type":"BreadcrumbList","@id":"https:\/\/parkdubrova.eu\/it\/ivan-briski-senza-titolo-1999\/#breadcrumb","itemListElement":[{"@type":"ListItem","position":1,"name":"Home","item":"https:\/\/parkdubrova.eu\/it\/"},{"@type":"ListItem","position":2,"name":"Ivan Briski, Senza titolo, 1999"}]}]}},"_links":{"self":[{"href":"https:\/\/parkdubrova.eu\/it\/wp-json\/wp\/v2\/pages\/6940"}],"collection":[{"href":"https:\/\/parkdubrova.eu\/it\/wp-json\/wp\/v2\/pages"}],"about":[{"href":"https:\/\/parkdubrova.eu\/it\/wp-json\/wp\/v2\/types\/page"}],"author":[{"embeddable":true,"href":"https:\/\/parkdubrova.eu\/it\/wp-json\/wp\/v2\/users\/2"}],"replies":[{"embeddable":true,"href":"https:\/\/parkdubrova.eu\/it\/wp-json\/wp\/v2\/comments?post=6940"}],"version-history":[{"count":5,"href":"https:\/\/parkdubrova.eu\/it\/wp-json\/wp\/v2\/pages\/6940\/revisions"}],"predecessor-version":[{"id":7598,"href":"https:\/\/parkdubrova.eu\/it\/wp-json\/wp\/v2\/pages\/6940\/revisions\/7598"}],"wp:featuredmedia":[{"embeddable":true,"href":"https:\/\/parkdubrova.eu\/it\/wp-json\/wp\/v2\/media\/6942"}],"wp:attachment":[{"href":"https:\/\/parkdubrova.eu\/it\/wp-json\/wp\/v2\/media?parent=6940"}],"curies":[{"name":"wp","href":"https:\/\/api.w.org\/{rel}","templated":true}]}}