{"id":6917,"date":"2019-11-16T13:44:39","date_gmt":"2019-11-16T13:44:39","guid":{"rendered":"https:\/\/parkdubrova.eu\/zvonimir-kamenar\/"},"modified":"2021-03-09T10:00:38","modified_gmt":"2021-03-09T10:00:38","slug":"zvonimir-kamenar-il-re-e-la-regina-1993","status":"publish","type":"page","link":"https:\/\/parkdubrova.eu\/it\/zvonimir-kamenar-il-re-e-la-regina-1993\/","title":{"rendered":"Zvonimir Kamenar, Il Re e la Regina, 1993"},"content":{"rendered":"<p>[vc_row full_width=&#8221;stretch_row_content_no_spaces&#8221;][vc_column][vc_row_inner][vc_column_inner el_class=&#8221;artist-banner pt665&#8243; width=&#8221;11\/12&#8243; css=&#8221;.vc_custom_1599630353763{background-image: url(https:\/\/parkdubrova.eu\/wp-content\/uploads\/2020\/09\/zvonimir-kamenar-kralj-i-kraljica-1993-banner.jpg?id=3361) !important;background-position: center !important;background-repeat: no-repeat !important;background-size: cover !important;}&#8221;][vc_single_image image=&#8221;6919&#8243; img_size=&#8221;medium&#8221;][\/vc_column_inner][vc_column_inner width=&#8221;1\/12&#8243;][vc_single_image image=&#8221;4650&#8243; img_size=&#8221;120&#215;386&#8243; el_class=&#8221;sculpture-detail&#8221;][\/vc_column_inner][\/vc_row_inner][vc_row_inner equal_height=&#8221;yes&#8221; content_placement=&#8221;middle&#8221; el_class=&#8221;artist-audio&#8221;][vc_column_inner width=&#8221;1\/12&#8243;][\/vc_column_inner][vc_column_inner el_class=&#8221;artist-number&#8221; width=&#8221;1\/12&#8243;][vc_column_text el_class=&#8221;mb0&#8243;]<\/p>\n<h2>66<\/h2>\n<p>[\/vc_column_text][\/vc_column_inner][vc_column_inner width=&#8221;1\/12&#8243; el_id=&#8221;xtoggle-btn&#8221;][vc_column_text el_class=&#8221;audio-icon&#8221;][\/vc_column_text][\/vc_column_inner][vc_column_inner width=&#8221;2\/3&#8243;][vc_column_text el_class=&#8221;audio1 toggle-container&#8221;]<\/p>\n<!--[if lt IE 9]><script>document.createElement('audio');<\/script><![endif]-->\n<audio class=\"wp-audio-shortcode\" id=\"audio-6917-1\" preload=\"none\" style=\"width: 100%;\" controls=\"controls\"><source type=\"audio\/mpeg\" src=\"https:\/\/parkdubrova.eu\/wp-content\/uploads\/2020\/11\/66-zvonimir-kamena-kralj-i-kraljica.mp3?_=1\" \/><a href=\"https:\/\/parkdubrova.eu\/wp-content\/uploads\/2020\/11\/66-zvonimir-kamena-kralj-i-kraljica.mp3\">https:\/\/parkdubrova.eu\/wp-content\/uploads\/2020\/11\/66-zvonimir-kamena-kralj-i-kraljica.mp3<\/a><\/audio>\n<p>[\/vc_column_text][\/vc_column_inner][vc_column_inner width=&#8221;1\/12&#8243;][\/vc_column_inner][\/vc_row_inner][vc_row_inner equal_height=&#8221;yes&#8221; el_class=&#8221;artist-an&#8221;][vc_column_inner el_class=&#8221;grey-bcg&#8221; width=&#8221;1\/12&#8243;][vc_single_image image=&#8221;7131&#8243; img_size=&#8221;full&#8221; onclick=&#8221;custom_link&#8221; el_class=&#8221;artist-arrow-left&#8221; link=&#8221;\/?page_id=1614&#8243;][\/vc_column_inner][vc_column_inner el_class=&#8221;artist&#8221; width=&#8221;5\/6&#8243;][vc_column_text el_class=&#8221;artist-name&#8221;]<\/p>\n<h2>Zvonimir Kamenar, HRV<\/h2>\n<p>[\/vc_column_text][vc_column_text el_class=&#8221;artist-birth&#8221;](Fiume, 1939)[\/vc_column_text][\/vc_column_inner][vc_column_inner el_class=&#8221;grey-bcg&#8221; width=&#8221;1\/12&#8243;][vc_single_image image=&#8221;124&#8243; img_size=&#8221;full&#8221; onclick=&#8221;custom_link&#8221; link=&#8221;\/?page_id=3504&#8243; el_class=&#8221;artist-arrow-right&#8221;][\/vc_column_inner][\/vc_row_inner][vc_row_inner equal_height=&#8221;yes&#8221; el_class=&#8221;columns-hgt-500 artist-bw&#8221;][vc_column_inner el_class=&#8221;grey-bcg&#8221; width=&#8221;1\/12&#8243;][\/vc_column_inner][vc_column_inner el_class=&#8221;artist-bio&#8221; width=&#8221;5\/12&#8243;][vc_column_text]\u00c8 nato a Fiume nel 1939. Si \u00e8 laureato in scultura all\u2019Accademia di belle arti di Zagabria nel 1964, nella classe del prof. Vanja Radau\u0161. Durante gli studi ha vissuto in Olanda, Inghilterra, Italia, Germania, Polonia, Francia (Cit\u00e9 internationale des arts Paris). \u00c8 membro regolare dell\u2019HDLU (Societ\u00e0 croata degli artisti figurativi) di Fiume, mentre dal 1967 lavora come artista professionista. \u00c8 autore di molte sculture pubbliche in nazione e all\u2019estero. Ha partecipato a numerosi concorsi e progetti urbanistico-architettonici come membro del gruppo fiumano Sila. Ha lavorato come scenografo e costumista al Teatro dei burattini di Fiume. Ha esposto in oltre cento mostre individuali e collettive in nazione e all\u2019estero ed ha partecipato a molti simposi e colonie di scultura. Ha ricevuto diversi premi e riconoscimenti. Vive e lavora a Fiume.<\/p>\n<p>Al Simposio Mediterraneo di scultura ha partecipato nel 1993.[\/vc_column_text][\/vc_column_inner][vc_column_inner el_class=&#8221;artist-work&#8221; width=&#8221;5\/12&#8243;][vc_column_text el_class=&#8221;artist-work-name&#8221;]Titolo: Il Re e la Regina<br \/>\nAnno: 1993<br \/>\nDimensioni \u2013 Re: H.v. 340 x 230 cm<br \/>\nDimensioni \u2013 Regina: H.v. 310 x 240 cm<br \/>\nSito: Parco delle sculture Dubrova<br \/>\n[\/vc_column_text][\/vc_column_inner][vc_column_inner el_class=&#8221;grey-bcg&#8221; width=&#8221;1\/12&#8243;][\/vc_column_inner][\/vc_row_inner][vc_row_inner equal_height=&#8221;yes&#8221; el_class=&#8221;artist-gp&#8221;][vc_column_inner el_class=&#8221;grey-bcg&#8221; width=&#8221;1\/12&#8243;][\/vc_column_inner][vc_column_inner el_class=&#8221;artist-separator&#8221; width=&#8221;10\/12&#8243;][vc_column_text el_class=&#8221;artist-gallery&#8221;]<div id=\"envira-gallery-wrap-6932\" class=\"envira-gallery-wrap envira-gallery-theme-base envira-lightbox-theme-base\" itemscope itemtype=\"https:\/\/schema.org\/ImageGallery\"><div data-row-height=\"400\" data-gallery-theme=\"normal\" id=\"envira-gallery-6932\" class=\"envira-gallery-public envira-gallery-justified-public envira-gallery-0-columns envira-clear enviratope envira-gallery-css-animations\" data-envira-columns=\"0\"><div id=\"envira-gallery-item-3363\" class=\"envira-gallery-item enviratope-item envira-gallery-item-1\" style=\"padding-left: 5px; padding-bottom: 10px; padding-right: 5px;\"  itemscope itemtype=\"https:\/\/schema.org\/ImageObject\"><div class=\"envira-gallery-item-inner\"><div class=\"envira-gallery-position-overlay  envira-gallery-top-left\"><\/div><div class=\"envira-gallery-position-overlay  envira-gallery-top-right\"><\/div><div class=\"envira-gallery-position-overlay  envira-gallery-bottom-left\"><\/div><div class=\"envira-gallery-position-overlay  envira-gallery-bottom-right\"><\/div><a href=\"https:\/\/parkdubrova.eu\/wp-content\/uploads\/2020\/09\/zvonimir-kamenar-kralj-i-kraljica-1993-01.jpg\" class=\"envira-gallery-6932 envira-gallery-link\" rel=\"enviragallery6932\" title=\"Zvonimir Kamenar, Il Re e la Regina, 1993\" data-envira-caption=\"Zvonimir Kamenar, Il Re e la Regina, 1993\" data-envira-retina=\"\" data-thumbnail=\"\"  itemprop=\"contentUrl\"><img id=\"envira-gallery-image-3363\" class=\"envira-gallery-image envira-gallery-image-1 envira-normal \" data-envira-index=\"1\" src=\"https:\/\/parkdubrova.eu\/wp-content\/uploads\/2020\/09\/zvonimir-kamenar-kralj-i-kraljica-1993-01-727x1000-640x480.jpg\" data-envira-src=\"https:\/\/parkdubrova.eu\/wp-content\/uploads\/2020\/09\/zvonimir-kamenar-kralj-i-kraljica-1993-01-727x1000-640x480.jpg\" data-envira-gallery-id=\"6932\" data-envira-item-id=\"3363\" data-envira-caption=\"Zvonimir Kamenar, Il Re e la Regina, 1993\" alt=\"Zvonimir Kamenar, Il Re e la Regina, 1993\" title=\"Zvonimir Kamenar, Il Re e la Regina, 1993\"  itemprop=\"thumbnailUrl\" data-envira-srcset=\"https:\/\/parkdubrova.eu\/wp-content\/uploads\/2020\/09\/zvonimir-kamenar-kralj-i-kraljica-1993-01-727x1000-640x480.jpg 400w,https:\/\/parkdubrova.eu\/wp-content\/uploads\/2020\/09\/zvonimir-kamenar-kralj-i-kraljica-1993-01-727x1000-640x480.jpg 2x\" data-envira-width=\"727\" data-envira-height=\"1000\" srcset=\"https:\/\/parkdubrova.eu\/wp-content\/uploads\/2020\/09\/zvonimir-kamenar-kralj-i-kraljica-1993-01-scaled-1280x960.jpg 2x\" data-safe-src=\"https:\/\/parkdubrova.eu\/wp-content\/uploads\/2020\/09\/zvonimir-kamenar-kralj-i-kraljica-1993-01-727x1000-640x480.jpg\" \/><\/a><\/div><\/div><div id=\"envira-gallery-item-3364\" class=\"envira-gallery-item enviratope-item envira-gallery-item-2\" style=\"padding-left: 5px; padding-bottom: 10px; padding-right: 5px;\"  itemscope itemtype=\"https:\/\/schema.org\/ImageObject\"><div class=\"envira-gallery-item-inner\"><div class=\"envira-gallery-position-overlay  envira-gallery-top-left\"><\/div><div class=\"envira-gallery-position-overlay  envira-gallery-top-right\"><\/div><div class=\"envira-gallery-position-overlay  envira-gallery-bottom-left\"><\/div><div class=\"envira-gallery-position-overlay  envira-gallery-bottom-right\"><\/div><a href=\"https:\/\/parkdubrova.eu\/wp-content\/uploads\/2020\/09\/zvonimir-kamenar-kralj-i-kraljica-1993-02.jpg\" class=\"envira-gallery-6932 envira-gallery-link\" rel=\"enviragallery6932\" title=\"Zvonimir Kamenar, Il Re e la Regina, 1993\" data-envira-caption=\"Zvonimir Kamenar, Il Re e la Regina, 1993\" data-envira-retina=\"\" data-thumbnail=\"\"  itemprop=\"contentUrl\"><img id=\"envira-gallery-image-3364\" class=\"envira-gallery-image envira-gallery-image-2 envira-normal \" data-envira-index=\"2\" src=\"https:\/\/parkdubrova.eu\/wp-content\/uploads\/2020\/09\/zvonimir-kamenar-kralj-i-kraljica-1993-02-727x1000-640x480.jpg\" data-envira-src=\"https:\/\/parkdubrova.eu\/wp-content\/uploads\/2020\/09\/zvonimir-kamenar-kralj-i-kraljica-1993-02-727x1000-640x480.jpg\" data-envira-gallery-id=\"6932\" data-envira-item-id=\"3364\" data-envira-caption=\"Zvonimir Kamenar, Il Re e la Regina, 1993\" alt=\"Zvonimir Kamenar, Il Re e la Regina, 1993\" title=\"Zvonimir Kamenar, Il Re e la Regina, 1993\"  itemprop=\"thumbnailUrl\" data-envira-srcset=\"https:\/\/parkdubrova.eu\/wp-content\/uploads\/2020\/09\/zvonimir-kamenar-kralj-i-kraljica-1993-02-727x1000-640x480.jpg 400w,https:\/\/parkdubrova.eu\/wp-content\/uploads\/2020\/09\/zvonimir-kamenar-kralj-i-kraljica-1993-02-727x1000-640x480.jpg 2x\" data-envira-width=\"727\" data-envira-height=\"1000\" srcset=\"https:\/\/parkdubrova.eu\/wp-content\/uploads\/2020\/09\/zvonimir-kamenar-kralj-i-kraljica-1993-02-scaled-1280x960.jpg 2x\" data-safe-src=\"https:\/\/parkdubrova.eu\/wp-content\/uploads\/2020\/09\/zvonimir-kamenar-kralj-i-kraljica-1993-02-727x1000-640x480.jpg\" \/><\/a><\/div><\/div><div id=\"envira-gallery-item-3365\" class=\"envira-gallery-item enviratope-item envira-gallery-item-3\" style=\"padding-left: 5px; padding-bottom: 10px; padding-right: 5px;\"  itemscope itemtype=\"https:\/\/schema.org\/ImageObject\"><div class=\"envira-gallery-item-inner\"><div class=\"envira-gallery-position-overlay  envira-gallery-top-left\"><\/div><div class=\"envira-gallery-position-overlay  envira-gallery-top-right\"><\/div><div class=\"envira-gallery-position-overlay  envira-gallery-bottom-left\"><\/div><div class=\"envira-gallery-position-overlay  envira-gallery-bottom-right\"><\/div><a href=\"https:\/\/parkdubrova.eu\/wp-content\/uploads\/2020\/09\/zvonimir-kamenar-kralj-i-kraljica-1993-03.jpg\" class=\"envira-gallery-6932 envira-gallery-link\" rel=\"enviragallery6932\" title=\"Zvonimir Kamenar, Il Re e la Regina, 1993\" data-envira-caption=\"Zvonimir Kamenar, Il Re e la Regina, 1993\" data-envira-retina=\"\" data-thumbnail=\"\"  itemprop=\"contentUrl\"><img id=\"envira-gallery-image-3365\" class=\"envira-gallery-image envira-gallery-image-3 envira-normal \" data-envira-index=\"3\" src=\"https:\/\/parkdubrova.eu\/wp-content\/uploads\/2020\/09\/zvonimir-kamenar-kralj-i-kraljica-1993-03-727x1000-640x480.jpg\" data-envira-src=\"https:\/\/parkdubrova.eu\/wp-content\/uploads\/2020\/09\/zvonimir-kamenar-kralj-i-kraljica-1993-03-727x1000-640x480.jpg\" data-envira-gallery-id=\"6932\" data-envira-item-id=\"3365\" data-envira-caption=\"Zvonimir Kamenar, Il Re e la Regina, 1993\" alt=\"Zvonimir Kamenar, Il Re e la Regina, 1993\" title=\"Zvonimir Kamenar, Il Re e la Regina, 1993\"  itemprop=\"thumbnailUrl\" data-envira-srcset=\"https:\/\/parkdubrova.eu\/wp-content\/uploads\/2020\/09\/zvonimir-kamenar-kralj-i-kraljica-1993-03-727x1000-640x480.jpg 400w,https:\/\/parkdubrova.eu\/wp-content\/uploads\/2020\/09\/zvonimir-kamenar-kralj-i-kraljica-1993-03-727x1000-640x480.jpg 2x\" data-envira-width=\"727\" data-envira-height=\"1000\" srcset=\"https:\/\/parkdubrova.eu\/wp-content\/uploads\/2020\/09\/zvonimir-kamenar-kralj-i-kraljica-1993-03-scaled-1280x960.jpg 2x\" data-safe-src=\"https:\/\/parkdubrova.eu\/wp-content\/uploads\/2020\/09\/zvonimir-kamenar-kralj-i-kraljica-1993-03-727x1000-640x480.jpg\" \/><\/a><\/div><\/div><div id=\"envira-gallery-item-3366\" class=\"envira-gallery-item enviratope-item envira-gallery-item-4\" style=\"padding-left: 5px; padding-bottom: 10px; padding-right: 5px;\"  itemscope itemtype=\"https:\/\/schema.org\/ImageObject\"><div class=\"envira-gallery-item-inner\"><div class=\"envira-gallery-position-overlay  envira-gallery-top-left\"><\/div><div class=\"envira-gallery-position-overlay  envira-gallery-top-right\"><\/div><div class=\"envira-gallery-position-overlay  envira-gallery-bottom-left\"><\/div><div class=\"envira-gallery-position-overlay  envira-gallery-bottom-right\"><\/div><a href=\"https:\/\/parkdubrova.eu\/wp-content\/uploads\/2020\/09\/zvonimir-kamenar-kralj-i-kraljica-1993-04.jpg\" class=\"envira-gallery-6932 envira-gallery-link\" rel=\"enviragallery6932\" title=\"Zvonimir Kamenar, Il Re e la Regina, 1993\" data-envira-caption=\"Zvonimir Kamenar, Il Re e la Regina, 1993\" data-envira-retina=\"\" data-thumbnail=\"\"  itemprop=\"contentUrl\"><img id=\"envira-gallery-image-3366\" class=\"envira-gallery-image envira-gallery-image-4 envira-normal \" data-envira-index=\"4\" src=\"https:\/\/parkdubrova.eu\/wp-content\/uploads\/2020\/09\/zvonimir-kamenar-kralj-i-kraljica-1993-04-1000x750-640x480.jpg\" data-envira-src=\"https:\/\/parkdubrova.eu\/wp-content\/uploads\/2020\/09\/zvonimir-kamenar-kralj-i-kraljica-1993-04-1000x750-640x480.jpg\" data-envira-gallery-id=\"6932\" data-envira-item-id=\"3366\" data-envira-caption=\"Zvonimir Kamenar, Il Re e la Regina, 1993\" alt=\"Zvonimir Kamenar, Il Re e la Regina, 1993\" title=\"Zvonimir Kamenar, Il Re e la Regina, 1993\"  itemprop=\"thumbnailUrl\" data-envira-srcset=\"https:\/\/parkdubrova.eu\/wp-content\/uploads\/2020\/09\/zvonimir-kamenar-kralj-i-kraljica-1993-04-1000x750-640x480.jpg 400w,https:\/\/parkdubrova.eu\/wp-content\/uploads\/2020\/09\/zvonimir-kamenar-kralj-i-kraljica-1993-04-1000x750-640x480.jpg 2x\" data-envira-width=\"1000\" data-envira-height=\"750\" srcset=\"https:\/\/parkdubrova.eu\/wp-content\/uploads\/2020\/09\/zvonimir-kamenar-kralj-i-kraljica-1993-04-scaled-1280x960.jpg 2x\" data-safe-src=\"https:\/\/parkdubrova.eu\/wp-content\/uploads\/2020\/09\/zvonimir-kamenar-kralj-i-kraljica-1993-04-1000x750-640x480.jpg\" \/><\/a><\/div><\/div><div id=\"envira-gallery-item-3367\" class=\"envira-gallery-item enviratope-item envira-gallery-item-5\" style=\"padding-left: 5px; padding-bottom: 10px; padding-right: 5px;\"  itemscope itemtype=\"https:\/\/schema.org\/ImageObject\"><div class=\"envira-gallery-item-inner\"><div class=\"envira-gallery-position-overlay  envira-gallery-top-left\"><\/div><div class=\"envira-gallery-position-overlay  envira-gallery-top-right\"><\/div><div class=\"envira-gallery-position-overlay  envira-gallery-bottom-left\"><\/div><div class=\"envira-gallery-position-overlay  envira-gallery-bottom-right\"><\/div><a href=\"https:\/\/parkdubrova.eu\/wp-content\/uploads\/2020\/09\/zvonimir-kamenar-kralj-i-kraljica-1993-05.jpg\" class=\"envira-gallery-6932 envira-gallery-link\" rel=\"enviragallery6932\" title=\"Zvonimir Kamenar, Il Re e la Regina, 1993\" data-envira-caption=\"Zvonimir Kamenar, Il Re e la Regina, 1993\" data-envira-retina=\"\" data-thumbnail=\"\"  itemprop=\"contentUrl\"><img id=\"envira-gallery-image-3367\" class=\"envira-gallery-image envira-gallery-image-5 envira-normal \" data-envira-index=\"5\" src=\"https:\/\/parkdubrova.eu\/wp-content\/uploads\/2020\/09\/zvonimir-kamenar-kralj-i-kraljica-1993-05-1000x750-640x480.jpg\" data-envira-src=\"https:\/\/parkdubrova.eu\/wp-content\/uploads\/2020\/09\/zvonimir-kamenar-kralj-i-kraljica-1993-05-1000x750-640x480.jpg\" data-envira-gallery-id=\"6932\" data-envira-item-id=\"3367\" data-envira-caption=\"Zvonimir Kamenar, Il Re e la Regina, 1993\" alt=\"Zvonimir Kamenar, Il Re e la Regina, 1993\" title=\"Zvonimir Kamenar, Il Re e la Regina, 1993\"  itemprop=\"thumbnailUrl\" data-envira-srcset=\"https:\/\/parkdubrova.eu\/wp-content\/uploads\/2020\/09\/zvonimir-kamenar-kralj-i-kraljica-1993-05-1000x750-640x480.jpg 400w,https:\/\/parkdubrova.eu\/wp-content\/uploads\/2020\/09\/zvonimir-kamenar-kralj-i-kraljica-1993-05-1000x750-640x480.jpg 2x\" data-envira-width=\"1000\" data-envira-height=\"750\" srcset=\"https:\/\/parkdubrova.eu\/wp-content\/uploads\/2020\/09\/zvonimir-kamenar-kralj-i-kraljica-1993-05-scaled-1280x960.jpg 2x\" data-safe-src=\"https:\/\/parkdubrova.eu\/wp-content\/uploads\/2020\/09\/zvonimir-kamenar-kralj-i-kraljica-1993-05-1000x750-640x480.jpg\" \/><\/a><\/div><\/div><div id=\"envira-gallery-item-3368\" class=\"envira-gallery-item enviratope-item envira-gallery-item-6\" style=\"padding-left: 5px; padding-bottom: 10px; padding-right: 5px;\"  itemscope itemtype=\"https:\/\/schema.org\/ImageObject\"><div class=\"envira-gallery-item-inner\"><div class=\"envira-gallery-position-overlay  envira-gallery-top-left\"><\/div><div class=\"envira-gallery-position-overlay  envira-gallery-top-right\"><\/div><div class=\"envira-gallery-position-overlay  envira-gallery-bottom-left\"><\/div><div class=\"envira-gallery-position-overlay  envira-gallery-bottom-right\"><\/div><a href=\"https:\/\/parkdubrova.eu\/wp-content\/uploads\/2020\/09\/zvonimir-kamenar-kralj-i-kraljica-1993-06.jpg\" class=\"envira-gallery-6932 envira-gallery-link\" rel=\"enviragallery6932\" title=\"Zvonimir Kamenar, Il Re e la Regina, 1993\" data-envira-caption=\"Zvonimir Kamenar, Il Re e la Regina, 1993\" data-envira-retina=\"\" data-thumbnail=\"\"  itemprop=\"contentUrl\"><img id=\"envira-gallery-image-3368\" class=\"envira-gallery-image envira-gallery-image-6 envira-normal \" data-envira-index=\"6\" src=\"https:\/\/parkdubrova.eu\/wp-content\/uploads\/2020\/09\/zvonimir-kamenar-kralj-i-kraljica-1993-06-727x1000-640x480.jpg\" data-envira-src=\"https:\/\/parkdubrova.eu\/wp-content\/uploads\/2020\/09\/zvonimir-kamenar-kralj-i-kraljica-1993-06-727x1000-640x480.jpg\" data-envira-gallery-id=\"6932\" data-envira-item-id=\"3368\" data-envira-caption=\"Zvonimir Kamenar, Il Re e la Regina, 1993\" alt=\"Zvonimir Kamenar, Il Re e la Regina, 1993\" title=\"Zvonimir Kamenar, Il Re e la Regina, 1993\"  itemprop=\"thumbnailUrl\" data-envira-srcset=\"https:\/\/parkdubrova.eu\/wp-content\/uploads\/2020\/09\/zvonimir-kamenar-kralj-i-kraljica-1993-06-727x1000-640x480.jpg 400w,https:\/\/parkdubrova.eu\/wp-content\/uploads\/2020\/09\/zvonimir-kamenar-kralj-i-kraljica-1993-06-727x1000-640x480.jpg 2x\" data-envira-width=\"727\" data-envira-height=\"1000\" srcset=\"https:\/\/parkdubrova.eu\/wp-content\/uploads\/2020\/09\/zvonimir-kamenar-kralj-i-kraljica-1993-06-scaled-1280x960.jpg 2x\" data-safe-src=\"https:\/\/parkdubrova.eu\/wp-content\/uploads\/2020\/09\/zvonimir-kamenar-kralj-i-kraljica-1993-06-727x1000-640x480.jpg\" \/><\/a><\/div><\/div><div id=\"envira-gallery-item-3369\" class=\"envira-gallery-item enviratope-item envira-gallery-item-7\" style=\"padding-left: 5px; padding-bottom: 10px; padding-right: 5px;\"  itemscope itemtype=\"https:\/\/schema.org\/ImageObject\"><div class=\"envira-gallery-item-inner\"><div class=\"envira-gallery-position-overlay  envira-gallery-top-left\"><\/div><div class=\"envira-gallery-position-overlay  envira-gallery-top-right\"><\/div><div class=\"envira-gallery-position-overlay  envira-gallery-bottom-left\"><\/div><div class=\"envira-gallery-position-overlay  envira-gallery-bottom-right\"><\/div><a href=\"https:\/\/parkdubrova.eu\/wp-content\/uploads\/2020\/09\/zvonimir-kamenar-kralj-i-kraljica-1993-07.jpg\" class=\"envira-gallery-6932 envira-gallery-link\" rel=\"enviragallery6932\" title=\"Zvonimir Kamenar, Il Re e la Regina, 1993\" data-envira-caption=\"Zvonimir Kamenar, Il Re e la Regina, 1993\" data-envira-retina=\"\" data-thumbnail=\"\"  itemprop=\"contentUrl\"><img id=\"envira-gallery-image-3369\" class=\"envira-gallery-image envira-gallery-image-7 envira-normal \" data-envira-index=\"7\" src=\"https:\/\/parkdubrova.eu\/wp-content\/uploads\/2020\/09\/zvonimir-kamenar-kralj-i-kraljica-1993-07-667x1000-640x480.jpg\" data-envira-src=\"https:\/\/parkdubrova.eu\/wp-content\/uploads\/2020\/09\/zvonimir-kamenar-kralj-i-kraljica-1993-07-667x1000-640x480.jpg\" data-envira-gallery-id=\"6932\" data-envira-item-id=\"3369\" data-envira-caption=\"Zvonimir Kamenar, Il Re e la Regina, 1993\" alt=\"Zvonimir Kamenar, Il Re e la Regina, 1993\" title=\"Zvonimir Kamenar, Il Re e la Regina, 1993\"  itemprop=\"thumbnailUrl\" data-envira-srcset=\"https:\/\/parkdubrova.eu\/wp-content\/uploads\/2020\/09\/zvonimir-kamenar-kralj-i-kraljica-1993-07-667x1000-640x480.jpg 400w,https:\/\/parkdubrova.eu\/wp-content\/uploads\/2020\/09\/zvonimir-kamenar-kralj-i-kraljica-1993-07-667x1000-640x480.jpg 2x\" data-envira-width=\"667\" data-envira-height=\"1000\" srcset=\"https:\/\/parkdubrova.eu\/wp-content\/uploads\/2020\/09\/zvonimir-kamenar-kralj-i-kraljica-1993-07-scaled-1280x960.jpg 2x\" data-safe-src=\"https:\/\/parkdubrova.eu\/wp-content\/uploads\/2020\/09\/zvonimir-kamenar-kralj-i-kraljica-1993-07-667x1000-640x480.jpg\" \/><\/a><\/div><\/div><div id=\"envira-gallery-item-3370\" class=\"envira-gallery-item enviratope-item envira-gallery-item-8\" style=\"padding-left: 5px; padding-bottom: 10px; padding-right: 5px;\"  itemscope itemtype=\"https:\/\/schema.org\/ImageObject\"><div class=\"envira-gallery-item-inner\"><div class=\"envira-gallery-position-overlay  envira-gallery-top-left\"><\/div><div class=\"envira-gallery-position-overlay  envira-gallery-top-right\"><\/div><div class=\"envira-gallery-position-overlay  envira-gallery-bottom-left\"><\/div><div class=\"envira-gallery-position-overlay  envira-gallery-bottom-right\"><\/div><a href=\"https:\/\/parkdubrova.eu\/wp-content\/uploads\/2020\/09\/zvonimir-kamenar-kralj-i-kraljica-1993-08.jpg\" class=\"envira-gallery-6932 envira-gallery-link\" rel=\"enviragallery6932\" title=\"Zvonimir Kamenar, Il Re e la Regina, 1993\" data-envira-caption=\"Zvonimir Kamenar, Il Re e la Regina, 1993\" data-envira-retina=\"\" data-thumbnail=\"\"  itemprop=\"contentUrl\"><img id=\"envira-gallery-image-3370\" class=\"envira-gallery-image envira-gallery-image-8 envira-normal \" data-envira-index=\"8\" src=\"https:\/\/parkdubrova.eu\/wp-content\/uploads\/2020\/09\/zvonimir-kamenar-kralj-i-kraljica-1993-08-667x1000-640x480.jpg\" data-envira-src=\"https:\/\/parkdubrova.eu\/wp-content\/uploads\/2020\/09\/zvonimir-kamenar-kralj-i-kraljica-1993-08-667x1000-640x480.jpg\" data-envira-gallery-id=\"6932\" data-envira-item-id=\"3370\" data-envira-caption=\"Zvonimir Kamenar, Il Re e la Regina, 1993\" alt=\"Zvonimir Kamenar, Il Re e la Regina, 1993\" title=\"Zvonimir Kamenar, Il Re e la Regina, 1993\"  itemprop=\"thumbnailUrl\" data-envira-srcset=\"https:\/\/parkdubrova.eu\/wp-content\/uploads\/2020\/09\/zvonimir-kamenar-kralj-i-kraljica-1993-08-667x1000-640x480.jpg 400w,https:\/\/parkdubrova.eu\/wp-content\/uploads\/2020\/09\/zvonimir-kamenar-kralj-i-kraljica-1993-08-667x1000-640x480.jpg 2x\" data-envira-width=\"667\" data-envira-height=\"1000\" srcset=\"https:\/\/parkdubrova.eu\/wp-content\/uploads\/2020\/09\/zvonimir-kamenar-kralj-i-kraljica-1993-08-scaled-1280x960.jpg 2x\" data-safe-src=\"https:\/\/parkdubrova.eu\/wp-content\/uploads\/2020\/09\/zvonimir-kamenar-kralj-i-kraljica-1993-08-667x1000-640x480.jpg\" \/><\/a><\/div><\/div><div id=\"envira-gallery-item-3371\" class=\"envira-gallery-item enviratope-item envira-gallery-item-9\" style=\"padding-left: 5px; padding-bottom: 10px; padding-right: 5px;\"  itemscope itemtype=\"https:\/\/schema.org\/ImageObject\"><div class=\"envira-gallery-item-inner\"><div class=\"envira-gallery-position-overlay  envira-gallery-top-left\"><\/div><div class=\"envira-gallery-position-overlay  envira-gallery-top-right\"><\/div><div class=\"envira-gallery-position-overlay  envira-gallery-bottom-left\"><\/div><div class=\"envira-gallery-position-overlay  envira-gallery-bottom-right\"><\/div><a href=\"https:\/\/parkdubrova.eu\/wp-content\/uploads\/2020\/09\/zvonimir-kamenar-kralj-i-kraljica-1993-09.jpg\" class=\"envira-gallery-6932 envira-gallery-link\" rel=\"enviragallery6932\" title=\"Zvonimir Kamenar, Il Re e la Regina, 1993\" data-envira-caption=\"Zvonimir Kamenar, Il Re e la Regina, 1993\" data-envira-retina=\"\" data-thumbnail=\"\"  itemprop=\"contentUrl\"><img id=\"envira-gallery-image-3371\" class=\"envira-gallery-image envira-gallery-image-9 envira-normal \" data-envira-index=\"9\" src=\"https:\/\/parkdubrova.eu\/wp-content\/uploads\/2020\/09\/zvonimir-kamenar-kralj-i-kraljica-1993-09-1000x667-640x480.jpg\" data-envira-src=\"https:\/\/parkdubrova.eu\/wp-content\/uploads\/2020\/09\/zvonimir-kamenar-kralj-i-kraljica-1993-09-1000x667-640x480.jpg\" data-envira-gallery-id=\"6932\" data-envira-item-id=\"3371\" data-envira-caption=\"Zvonimir Kamenar, Il Re e la Regina, 1993\" alt=\"Zvonimir Kamenar, Il Re e la Regina, 1993\" title=\"Zvonimir Kamenar, Il Re e la Regina, 1993\"  itemprop=\"thumbnailUrl\" data-envira-srcset=\"https:\/\/parkdubrova.eu\/wp-content\/uploads\/2020\/09\/zvonimir-kamenar-kralj-i-kraljica-1993-09-1000x667-640x480.jpg 400w,https:\/\/parkdubrova.eu\/wp-content\/uploads\/2020\/09\/zvonimir-kamenar-kralj-i-kraljica-1993-09-1000x667-640x480.jpg 2x\" data-envira-width=\"1000\" data-envira-height=\"667\" srcset=\"https:\/\/parkdubrova.eu\/wp-content\/uploads\/2020\/09\/zvonimir-kamenar-kralj-i-kraljica-1993-09-scaled-1280x960.jpg 2x\" data-safe-src=\"https:\/\/parkdubrova.eu\/wp-content\/uploads\/2020\/09\/zvonimir-kamenar-kralj-i-kraljica-1993-09-1000x667-640x480.jpg\" \/><\/a><\/div><\/div><div id=\"envira-gallery-item-3372\" class=\"envira-gallery-item enviratope-item envira-gallery-item-10\" style=\"padding-left: 5px; padding-bottom: 10px; padding-right: 5px;\"  itemscope itemtype=\"https:\/\/schema.org\/ImageObject\"><div class=\"envira-gallery-item-inner\"><div class=\"envira-gallery-position-overlay  envira-gallery-top-left\"><\/div><div class=\"envira-gallery-position-overlay  envira-gallery-top-right\"><\/div><div class=\"envira-gallery-position-overlay  envira-gallery-bottom-left\"><\/div><div class=\"envira-gallery-position-overlay  envira-gallery-bottom-right\"><\/div><a href=\"https:\/\/parkdubrova.eu\/wp-content\/uploads\/2020\/09\/zvonimir-kamenar-kralj-i-kraljica-1993-10.jpg\" class=\"envira-gallery-6932 envira-gallery-link\" rel=\"enviragallery6932\" title=\"Zvonimir Kamenar, Il Re e la Regina, 1993\" data-envira-caption=\"Zvonimir Kamenar, Il Re e la Regina, 1993\" data-envira-retina=\"\" data-thumbnail=\"\"  itemprop=\"contentUrl\"><img id=\"envira-gallery-image-3372\" class=\"envira-gallery-image envira-gallery-image-10 envira-normal \" data-envira-index=\"10\" src=\"https:\/\/parkdubrova.eu\/wp-content\/uploads\/2020\/09\/zvonimir-kamenar-kralj-i-kraljica-1993-10-1000x667-640x480.jpg\" data-envira-src=\"https:\/\/parkdubrova.eu\/wp-content\/uploads\/2020\/09\/zvonimir-kamenar-kralj-i-kraljica-1993-10-1000x667-640x480.jpg\" data-envira-gallery-id=\"6932\" data-envira-item-id=\"3372\" data-envira-caption=\"Zvonimir Kamenar, Il Re e la Regina, 1993\" alt=\"Zvonimir Kamenar, Il Re e la Regina, 1993\" title=\"Zvonimir Kamenar, Il Re e la Regina, 1993\"  itemprop=\"thumbnailUrl\" data-envira-srcset=\"https:\/\/parkdubrova.eu\/wp-content\/uploads\/2020\/09\/zvonimir-kamenar-kralj-i-kraljica-1993-10-1000x667-640x480.jpg 400w,https:\/\/parkdubrova.eu\/wp-content\/uploads\/2020\/09\/zvonimir-kamenar-kralj-i-kraljica-1993-10-1000x667-640x480.jpg 2x\" data-envira-width=\"1000\" data-envira-height=\"667\" srcset=\"https:\/\/parkdubrova.eu\/wp-content\/uploads\/2020\/09\/zvonimir-kamenar-kralj-i-kraljica-1993-10-scaled-1280x960.jpg 2x\" data-safe-src=\"https:\/\/parkdubrova.eu\/wp-content\/uploads\/2020\/09\/zvonimir-kamenar-kralj-i-kraljica-1993-10-1000x667-640x480.jpg\" \/><\/a><\/div><\/div><div id=\"envira-gallery-item-3373\" class=\"envira-gallery-item enviratope-item envira-gallery-item-11\" style=\"padding-left: 5px; padding-bottom: 10px; padding-right: 5px;\"  itemscope itemtype=\"https:\/\/schema.org\/ImageObject\"><div class=\"envira-gallery-item-inner\"><div class=\"envira-gallery-position-overlay  envira-gallery-top-left\"><\/div><div class=\"envira-gallery-position-overlay  envira-gallery-top-right\"><\/div><div class=\"envira-gallery-position-overlay  envira-gallery-bottom-left\"><\/div><div class=\"envira-gallery-position-overlay  envira-gallery-bottom-right\"><\/div><a href=\"https:\/\/parkdubrova.eu\/wp-content\/uploads\/2020\/09\/zvonimir-kamenar-kralj-i-kraljica-1993-11.jpg\" class=\"envira-gallery-6932 envira-gallery-link\" rel=\"enviragallery6932\" title=\"Zvonimir Kamenar, Il Re e la Regina, 1993\" data-envira-caption=\"Zvonimir Kamenar, Il Re e la Regina, 1993\" data-envira-retina=\"\" data-thumbnail=\"\"  itemprop=\"contentUrl\"><img id=\"envira-gallery-image-3373\" class=\"envira-gallery-image envira-gallery-image-11 envira-normal \" data-envira-index=\"11\" src=\"https:\/\/parkdubrova.eu\/wp-content\/uploads\/2020\/09\/zvonimir-kamenar-kralj-i-kraljica-1993-11-1000x667-640x480.jpg\" data-envira-src=\"https:\/\/parkdubrova.eu\/wp-content\/uploads\/2020\/09\/zvonimir-kamenar-kralj-i-kraljica-1993-11-1000x667-640x480.jpg\" data-envira-gallery-id=\"6932\" data-envira-item-id=\"3373\" data-envira-caption=\"Zvonimir Kamenar, Il Re e la Regina, 1993\" alt=\"Zvonimir Kamenar, Il Re e la Regina, 1993\" title=\"Zvonimir Kamenar, Il Re e la Regina, 1993\"  itemprop=\"thumbnailUrl\" data-envira-srcset=\"https:\/\/parkdubrova.eu\/wp-content\/uploads\/2020\/09\/zvonimir-kamenar-kralj-i-kraljica-1993-11-1000x667-640x480.jpg 400w,https:\/\/parkdubrova.eu\/wp-content\/uploads\/2020\/09\/zvonimir-kamenar-kralj-i-kraljica-1993-11-1000x667-640x480.jpg 2x\" data-envira-width=\"1000\" data-envira-height=\"667\" srcset=\"https:\/\/parkdubrova.eu\/wp-content\/uploads\/2020\/09\/zvonimir-kamenar-kralj-i-kraljica-1993-11-scaled-1280x960.jpg 2x\" data-safe-src=\"https:\/\/parkdubrova.eu\/wp-content\/uploads\/2020\/09\/zvonimir-kamenar-kralj-i-kraljica-1993-11-1000x667-640x480.jpg\" \/><\/a><\/div><\/div><div id=\"envira-gallery-item-3374\" class=\"envira-gallery-item enviratope-item envira-gallery-item-12\" style=\"padding-left: 5px; padding-bottom: 10px; padding-right: 5px;\"  itemscope itemtype=\"https:\/\/schema.org\/ImageObject\"><div class=\"envira-gallery-item-inner\"><div class=\"envira-gallery-position-overlay  envira-gallery-top-left\"><\/div><div class=\"envira-gallery-position-overlay  envira-gallery-top-right\"><\/div><div class=\"envira-gallery-position-overlay  envira-gallery-bottom-left\"><\/div><div class=\"envira-gallery-position-overlay  envira-gallery-bottom-right\"><\/div><a href=\"https:\/\/parkdubrova.eu\/wp-content\/uploads\/2020\/09\/zvonimir-kamenar-kralj-i-kraljica-1993-12.jpg\" class=\"envira-gallery-6932 envira-gallery-link\" rel=\"enviragallery6932\" title=\"Zvonimir Kamenar, Il Re e la Regina, 1993\" data-envira-caption=\"Zvonimir Kamenar, Il Re e la Regina, 1993\" data-envira-retina=\"\" data-thumbnail=\"\"  itemprop=\"contentUrl\"><img id=\"envira-gallery-image-3374\" class=\"envira-gallery-image envira-gallery-image-12 envira-normal \" data-envira-index=\"12\" src=\"https:\/\/parkdubrova.eu\/wp-content\/uploads\/2020\/09\/zvonimir-kamenar-kralj-i-kraljica-1993-12-1000x667-640x480.jpg\" data-envira-src=\"https:\/\/parkdubrova.eu\/wp-content\/uploads\/2020\/09\/zvonimir-kamenar-kralj-i-kraljica-1993-12-1000x667-640x480.jpg\" data-envira-gallery-id=\"6932\" data-envira-item-id=\"3374\" data-envira-caption=\"Zvonimir Kamenar, Il Re e la Regina, 1993\" alt=\"Zvonimir Kamenar, Il Re e la Regina, 1993\" title=\"Zvonimir Kamenar, Il Re e la Regina, 1993\"  itemprop=\"thumbnailUrl\" data-envira-srcset=\"https:\/\/parkdubrova.eu\/wp-content\/uploads\/2020\/09\/zvonimir-kamenar-kralj-i-kraljica-1993-12-1000x667-640x480.jpg 400w,https:\/\/parkdubrova.eu\/wp-content\/uploads\/2020\/09\/zvonimir-kamenar-kralj-i-kraljica-1993-12-1000x667-640x480.jpg 2x\" data-envira-width=\"1000\" data-envira-height=\"667\" srcset=\"https:\/\/parkdubrova.eu\/wp-content\/uploads\/2020\/09\/zvonimir-kamenar-kralj-i-kraljica-1993-12-scaled-1280x960.jpg 2x\" data-safe-src=\"https:\/\/parkdubrova.eu\/wp-content\/uploads\/2020\/09\/zvonimir-kamenar-kralj-i-kraljica-1993-12-1000x667-640x480.jpg\" \/><\/a><\/div><\/div><\/div><\/div><noscript><img src=\"https:\/\/parkdubrova.eu\/wp-content\/uploads\/2020\/09\/zvonimir-kamenar-kralj-i-kraljica-1993-01-scaled.jpg\" alt=\"Zvonimir Kamenar, Il Re e la Regina, 1993\" \/><img src=\"https:\/\/parkdubrova.eu\/wp-content\/uploads\/2020\/09\/zvonimir-kamenar-kralj-i-kraljica-1993-02-scaled.jpg\" alt=\"Zvonimir Kamenar, Il Re e la Regina, 1993\" \/><img src=\"https:\/\/parkdubrova.eu\/wp-content\/uploads\/2020\/09\/zvonimir-kamenar-kralj-i-kraljica-1993-03-scaled.jpg\" alt=\"Zvonimir Kamenar, Il Re e la Regina, 1993\" \/><img src=\"https:\/\/parkdubrova.eu\/wp-content\/uploads\/2020\/09\/zvonimir-kamenar-kralj-i-kraljica-1993-04-scaled.jpg\" alt=\"Zvonimir Kamenar, Il Re e la Regina, 1993\" \/><img src=\"https:\/\/parkdubrova.eu\/wp-content\/uploads\/2020\/09\/zvonimir-kamenar-kralj-i-kraljica-1993-05-scaled.jpg\" alt=\"Zvonimir Kamenar, Il Re e la Regina, 1993\" \/><img src=\"https:\/\/parkdubrova.eu\/wp-content\/uploads\/2020\/09\/zvonimir-kamenar-kralj-i-kraljica-1993-06-scaled.jpg\" alt=\"Zvonimir Kamenar, Il Re e la Regina, 1993\" \/><img src=\"https:\/\/parkdubrova.eu\/wp-content\/uploads\/2020\/09\/zvonimir-kamenar-kralj-i-kraljica-1993-07-scaled.jpg\" alt=\"Zvonimir Kamenar, Il Re e la Regina, 1993\" \/><img src=\"https:\/\/parkdubrova.eu\/wp-content\/uploads\/2020\/09\/zvonimir-kamenar-kralj-i-kraljica-1993-08-scaled.jpg\" alt=\"Zvonimir Kamenar, Il Re e la Regina, 1993\" \/><img src=\"https:\/\/parkdubrova.eu\/wp-content\/uploads\/2020\/09\/zvonimir-kamenar-kralj-i-kraljica-1993-09-scaled.jpg\" alt=\"Zvonimir Kamenar, Il Re e la Regina, 1993\" \/><img src=\"https:\/\/parkdubrova.eu\/wp-content\/uploads\/2020\/09\/zvonimir-kamenar-kralj-i-kraljica-1993-10-scaled.jpg\" alt=\"Zvonimir Kamenar, Il Re e la Regina, 1993\" \/><img src=\"https:\/\/parkdubrova.eu\/wp-content\/uploads\/2020\/09\/zvonimir-kamenar-kralj-i-kraljica-1993-11-scaled.jpg\" alt=\"Zvonimir Kamenar, Il Re e la Regina, 1993\" \/><img src=\"https:\/\/parkdubrova.eu\/wp-content\/uploads\/2020\/09\/zvonimir-kamenar-kralj-i-kraljica-1993-12-scaled.jpg\" alt=\"Zvonimir Kamenar, Il Re e la Regina, 1993\" \/><\/noscript>[\/vc_column_text][\/vc_column_inner][vc_column_inner el_class=&#8221;grey-bcg&#8221; width=&#8221;1\/12&#8243;][\/vc_column_inner][\/vc_row_inner][\/vc_column][\/vc_row][vc_row full_width=&#8221;stretch_row&#8221; el_class=&#8221;grey-bcg pt200&#8243;][vc_column][\/vc_column][\/vc_row]<\/p>\n","protected":false},"excerpt":{"rendered":"<p>[vc_row full_width=&#8221;stretch_row_content_no_spaces&#8221;][vc_column][vc_row_inner][vc_column_inner el_class=&#8221;artist-banner pt665&#8243; width=&#8221;11\/12&#8243; css=&#8221;.vc_custom_1599630353763{background-image: url(https:\/\/parkdubrova.eu\/wp-content\/uploads\/2020\/09\/zvonimir-kamenar-kralj-i-kraljica-1993-banner.jpg?id=3361) !important;background-position: center !important;background-repeat: no-repeat !important;background-size: cover !important;}&#8221;][vc_single_image image=&#8221;6919&#8243; img_size=&#8221;medium&#8221;][\/vc_column_inner][vc_column_inner width=&#8221;1\/12&#8243;][vc_single_image image=&#8221;4650&#8243; img_size=&#8221;120&#215;386&#8243; el_class=&#8221;sculpture-detail&#8221;][\/vc_column_inner][\/vc_row_inner][vc_row_inner equal_height=&#8221;yes&#8221; content_placement=&#8221;middle&#8221; el_class=&#8221;artist-audio&#8221;][vc_column_inner width=&#8221;1\/12&#8243;][\/vc_column_inner][vc_column_inner el_class=&#8221;artist-number&#8221; width=&#8221;1\/12&#8243;][vc_column_text el_class=&#8221;mb0&#8243;] 66 [\/vc_column_text][\/vc_column_inner][vc_column_inner width=&#8221;1\/12&#8243; el_id=&#8221;xtoggle-btn&#8221;][vc_column_text el_class=&#8221;audio-icon&#8221;][\/vc_column_text][\/vc_column_inner][vc_column_inner width=&#8221;2\/3&#8243;][vc_column_text el_class=&#8221;audio1 toggle-container&#8221;] [\/vc_column_text][\/vc_column_inner][vc_column_inner width=&#8221;1\/12&#8243;][\/vc_column_inner][\/vc_row_inner][vc_row_inner equal_height=&#8221;yes&#8221; el_class=&#8221;artist-an&#8221;][vc_column_inner el_class=&#8221;grey-bcg&#8221; width=&#8221;1\/12&#8243;][vc_single_image image=&#8221;7131&#8243; img_size=&#8221;full&#8221; onclick=&#8221;custom_link&#8221; el_class=&#8221;artist-arrow-left&#8221; link=&#8221;\/?page_id=1614&#8243;][\/vc_column_inner][vc_column_inner el_class=&#8221;artist&#8221; width=&#8221;5\/6&#8243;][vc_column_text el_class=&#8221;artist-name&#8221;] Zvonimir Kamenar, HRV [\/vc_column_text][vc_column_text el_class=&#8221;artist-birth&#8221;](Fiume, 1939)[\/vc_column_text][\/vc_column_inner][vc_column_inner&hellip;<\/p>\n","protected":false},"author":2,"featured_media":6919,"parent":0,"menu_order":0,"comment_status":"closed","ping_status":"closed","template":"","meta":[],"yoast_head":"<!-- This site is optimized with the Yoast SEO plugin v17.8 - https:\/\/yoast.com\/wordpress\/plugins\/seo\/ -->\n<title>Zvonimir Kamenar, Il Re e la Regina, 1993 - Parco delle sculture Dubrova<\/title>\n<meta name=\"robots\" content=\"index, follow, max-snippet:-1, max-image-preview:large, max-video-preview:-1\" \/>\n<link rel=\"canonical\" href=\"https:\/\/parkdubrova.eu\/it\/zvonimir-kamenar-il-re-e-la-regina-1993\/\" \/>\n<meta property=\"og:locale\" content=\"it_IT\" \/>\n<meta property=\"og:type\" content=\"article\" \/>\n<meta property=\"og:title\" content=\"Zvonimir Kamenar, Il Re e la Regina, 1993 - Parco delle sculture Dubrova\" \/>\n<meta property=\"og:description\" content=\"[vc_row full_width=&#8221;stretch_row_content_no_spaces&#8221;][vc_column][vc_row_inner][vc_column_inner el_class=&#8221;artist-banner pt665&#8243; width=&#8221;11\/12&#8243; css=&#8221;.vc_custom_1599630353763{background-image: url(https:\/\/parkdubrova.eu\/wp-content\/uploads\/2020\/09\/zvonimir-kamenar-kralj-i-kraljica-1993-banner.jpg?id=3361) !important;background-position: center !important;background-repeat: no-repeat !important;background-size: cover !important;}&#8221;][vc_single_image image=&#8221;6919&#8243; img_size=&#8221;medium&#8221;][\/vc_column_inner][vc_column_inner width=&#8221;1\/12&#8243;][vc_single_image image=&#8221;4650&#8243; img_size=&#8221;120&#215;386&#8243; el_class=&#8221;sculpture-detail&#8221;][\/vc_column_inner][\/vc_row_inner][vc_row_inner equal_height=&#8221;yes&#8221; content_placement=&#8221;middle&#8221; el_class=&#8221;artist-audio&#8221;][vc_column_inner width=&#8221;1\/12&#8243;][\/vc_column_inner][vc_column_inner el_class=&#8221;artist-number&#8221; width=&#8221;1\/12&#8243;][vc_column_text el_class=&#8221;mb0&#8243;] 66 [\/vc_column_text][\/vc_column_inner][vc_column_inner width=&#8221;1\/12&#8243; el_id=&#8221;xtoggle-btn&#8221;][vc_column_text el_class=&#8221;audio-icon&#8221;][\/vc_column_text][\/vc_column_inner][vc_column_inner width=&#8221;2\/3&#8243;][vc_column_text el_class=&#8221;audio1 toggle-container&#8221;] [\/vc_column_text][\/vc_column_inner][vc_column_inner width=&#8221;1\/12&#8243;][\/vc_column_inner][\/vc_row_inner][vc_row_inner equal_height=&#8221;yes&#8221; el_class=&#8221;artist-an&#8221;][vc_column_inner el_class=&#8221;grey-bcg&#8221; width=&#8221;1\/12&#8243;][vc_single_image image=&#8221;7131&#8243; img_size=&#8221;full&#8221; onclick=&#8221;custom_link&#8221; el_class=&#8221;artist-arrow-left&#8221; link=&#8221;\/?page_id=1614&#8243;][\/vc_column_inner][vc_column_inner el_class=&#8221;artist&#8221; width=&#8221;5\/6&#8243;][vc_column_text el_class=&#8221;artist-name&#8221;] Zvonimir Kamenar, HRV [\/vc_column_text][vc_column_text el_class=&#8221;artist-birth&#8221;](Fiume, 1939)[\/vc_column_text][\/vc_column_inner][vc_column_inner&hellip;\" \/>\n<meta property=\"og:url\" content=\"https:\/\/parkdubrova.eu\/it\/zvonimir-kamenar-il-re-e-la-regina-1993\/\" \/>\n<meta property=\"og:site_name\" content=\"Parco delle sculture Dubrova\" \/>\n<meta property=\"article:publisher\" content=\"https:\/\/www.facebook.com\/ParkSkulpturaDubrova\/\" \/>\n<meta property=\"article:modified_time\" content=\"2021-03-09T10:00:38+00:00\" \/>\n<meta property=\"og:image\" content=\"https:\/\/parkdubrova.eu\/wp-content\/uploads\/2020\/12\/zvonimir-kamenar-kralj-i-kraljica-1993-cube.jpg\" \/>\n\t<meta property=\"og:image:width\" content=\"1000\" \/>\n\t<meta property=\"og:image:height\" content=\"1000\" \/>\n<meta name=\"twitter:card\" content=\"summary_large_image\" \/>\n<meta name=\"twitter:label1\" content=\"Tempo di lettura stimato\" \/>\n\t<meta name=\"twitter:data1\" content=\"2 minuti\" \/>\n<script type=\"application\/ld+json\" class=\"yoast-schema-graph\">{\"@context\":\"https:\/\/schema.org\",\"@graph\":[{\"@type\":\"Organization\",\"@id\":\"https:\/\/parkdubrova.eu\/#organization\",\"name\":\"park skulptura dubrova\",\"url\":\"https:\/\/parkdubrova.eu\/\",\"sameAs\":[\"https:\/\/www.facebook.com\/ParkSkulpturaDubrova\/\"],\"logo\":{\"@type\":\"ImageObject\",\"@id\":\"https:\/\/parkdubrova.eu\/#logo\",\"inLanguage\":\"it-IT\",\"url\":\"https:\/\/parkdubrova.eu\/wp-content\/uploads\/2019\/11\/logo-svijetlo-zeleni.png\",\"contentUrl\":\"https:\/\/parkdubrova.eu\/wp-content\/uploads\/2019\/11\/logo-svijetlo-zeleni.png\",\"width\":309,\"height\":506,\"caption\":\"park skulptura dubrova\"},\"image\":{\"@id\":\"https:\/\/parkdubrova.eu\/#logo\"}},{\"@type\":\"WebSite\",\"@id\":\"https:\/\/parkdubrova.eu\/#website\",\"url\":\"https:\/\/parkdubrova.eu\/\",\"name\":\"Parco delle sculture Dubrova\",\"description\":\"Parco delle sculture Dubrova\",\"publisher\":{\"@id\":\"https:\/\/parkdubrova.eu\/#organization\"},\"potentialAction\":[{\"@type\":\"SearchAction\",\"target\":{\"@type\":\"EntryPoint\",\"urlTemplate\":\"https:\/\/parkdubrova.eu\/?s={search_term_string}\"},\"query-input\":\"required name=search_term_string\"}],\"inLanguage\":\"it-IT\"},{\"@type\":\"ImageObject\",\"@id\":\"https:\/\/parkdubrova.eu\/it\/zvonimir-kamenar-il-re-e-la-regina-1993\/#primaryimage\",\"inLanguage\":\"it-IT\",\"url\":\"https:\/\/parkdubrova.eu\/wp-content\/uploads\/2020\/12\/zvonimir-kamenar-kralj-i-kraljica-1993-cube.jpg\",\"contentUrl\":\"https:\/\/parkdubrova.eu\/wp-content\/uploads\/2020\/12\/zvonimir-kamenar-kralj-i-kraljica-1993-cube.jpg\",\"width\":1000,\"height\":1000},{\"@type\":\"WebPage\",\"@id\":\"https:\/\/parkdubrova.eu\/it\/zvonimir-kamenar-il-re-e-la-regina-1993\/#webpage\",\"url\":\"https:\/\/parkdubrova.eu\/it\/zvonimir-kamenar-il-re-e-la-regina-1993\/\",\"name\":\"Zvonimir Kamenar, Il Re e la Regina, 1993 - Parco delle sculture Dubrova\",\"isPartOf\":{\"@id\":\"https:\/\/parkdubrova.eu\/#website\"},\"primaryImageOfPage\":{\"@id\":\"https:\/\/parkdubrova.eu\/it\/zvonimir-kamenar-il-re-e-la-regina-1993\/#primaryimage\"},\"datePublished\":\"2019-11-16T13:44:39+00:00\",\"dateModified\":\"2021-03-09T10:00:38+00:00\",\"breadcrumb\":{\"@id\":\"https:\/\/parkdubrova.eu\/it\/zvonimir-kamenar-il-re-e-la-regina-1993\/#breadcrumb\"},\"inLanguage\":\"it-IT\",\"potentialAction\":[{\"@type\":\"ReadAction\",\"target\":[\"https:\/\/parkdubrova.eu\/it\/zvonimir-kamenar-il-re-e-la-regina-1993\/\"]}]},{\"@type\":\"BreadcrumbList\",\"@id\":\"https:\/\/parkdubrova.eu\/it\/zvonimir-kamenar-il-re-e-la-regina-1993\/#breadcrumb\",\"itemListElement\":[{\"@type\":\"ListItem\",\"position\":1,\"name\":\"Home\",\"item\":\"https:\/\/parkdubrova.eu\/it\/\"},{\"@type\":\"ListItem\",\"position\":2,\"name\":\"Zvonimir Kamenar, Il Re e la Regina, 1993\"}]}]}<\/script>\n<!-- \/ Yoast SEO plugin. -->","yoast_head_json":{"title":"Zvonimir Kamenar, Il Re e la Regina, 1993 - Parco delle sculture Dubrova","robots":{"index":"index","follow":"follow","max-snippet":"max-snippet:-1","max-image-preview":"max-image-preview:large","max-video-preview":"max-video-preview:-1"},"canonical":"https:\/\/parkdubrova.eu\/it\/zvonimir-kamenar-il-re-e-la-regina-1993\/","og_locale":"it_IT","og_type":"article","og_title":"Zvonimir Kamenar, Il Re e la Regina, 1993 - Parco delle sculture Dubrova","og_description":"[vc_row full_width=&#8221;stretch_row_content_no_spaces&#8221;][vc_column][vc_row_inner][vc_column_inner el_class=&#8221;artist-banner pt665&#8243; width=&#8221;11\/12&#8243; css=&#8221;.vc_custom_1599630353763{background-image: url(https:\/\/parkdubrova.eu\/wp-content\/uploads\/2020\/09\/zvonimir-kamenar-kralj-i-kraljica-1993-banner.jpg?id=3361) !important;background-position: center !important;background-repeat: no-repeat !important;background-size: cover !important;}&#8221;][vc_single_image image=&#8221;6919&#8243; img_size=&#8221;medium&#8221;][\/vc_column_inner][vc_column_inner width=&#8221;1\/12&#8243;][vc_single_image image=&#8221;4650&#8243; img_size=&#8221;120&#215;386&#8243; el_class=&#8221;sculpture-detail&#8221;][\/vc_column_inner][\/vc_row_inner][vc_row_inner equal_height=&#8221;yes&#8221; content_placement=&#8221;middle&#8221; el_class=&#8221;artist-audio&#8221;][vc_column_inner width=&#8221;1\/12&#8243;][\/vc_column_inner][vc_column_inner el_class=&#8221;artist-number&#8221; width=&#8221;1\/12&#8243;][vc_column_text el_class=&#8221;mb0&#8243;] 66 [\/vc_column_text][\/vc_column_inner][vc_column_inner width=&#8221;1\/12&#8243; el_id=&#8221;xtoggle-btn&#8221;][vc_column_text el_class=&#8221;audio-icon&#8221;][\/vc_column_text][\/vc_column_inner][vc_column_inner width=&#8221;2\/3&#8243;][vc_column_text el_class=&#8221;audio1 toggle-container&#8221;] [\/vc_column_text][\/vc_column_inner][vc_column_inner width=&#8221;1\/12&#8243;][\/vc_column_inner][\/vc_row_inner][vc_row_inner equal_height=&#8221;yes&#8221; el_class=&#8221;artist-an&#8221;][vc_column_inner el_class=&#8221;grey-bcg&#8221; width=&#8221;1\/12&#8243;][vc_single_image image=&#8221;7131&#8243; img_size=&#8221;full&#8221; onclick=&#8221;custom_link&#8221; el_class=&#8221;artist-arrow-left&#8221; link=&#8221;\/?page_id=1614&#8243;][\/vc_column_inner][vc_column_inner el_class=&#8221;artist&#8221; width=&#8221;5\/6&#8243;][vc_column_text el_class=&#8221;artist-name&#8221;] Zvonimir Kamenar, HRV [\/vc_column_text][vc_column_text el_class=&#8221;artist-birth&#8221;](Fiume, 1939)[\/vc_column_text][\/vc_column_inner][vc_column_inner&hellip;","og_url":"https:\/\/parkdubrova.eu\/it\/zvonimir-kamenar-il-re-e-la-regina-1993\/","og_site_name":"Parco delle sculture Dubrova","article_publisher":"https:\/\/www.facebook.com\/ParkSkulpturaDubrova\/","article_modified_time":"2021-03-09T10:00:38+00:00","og_image":[{"width":1000,"height":1000,"url":"https:\/\/parkdubrova.eu\/wp-content\/uploads\/2020\/12\/zvonimir-kamenar-kralj-i-kraljica-1993-cube.jpg","type":"image\/jpeg"}],"twitter_card":"summary_large_image","twitter_misc":{"Tempo di lettura stimato":"2 minuti"},"schema":{"@context":"https:\/\/schema.org","@graph":[{"@type":"Organization","@id":"https:\/\/parkdubrova.eu\/#organization","name":"park skulptura dubrova","url":"https:\/\/parkdubrova.eu\/","sameAs":["https:\/\/www.facebook.com\/ParkSkulpturaDubrova\/"],"logo":{"@type":"ImageObject","@id":"https:\/\/parkdubrova.eu\/#logo","inLanguage":"it-IT","url":"https:\/\/parkdubrova.eu\/wp-content\/uploads\/2019\/11\/logo-svijetlo-zeleni.png","contentUrl":"https:\/\/parkdubrova.eu\/wp-content\/uploads\/2019\/11\/logo-svijetlo-zeleni.png","width":309,"height":506,"caption":"park skulptura dubrova"},"image":{"@id":"https:\/\/parkdubrova.eu\/#logo"}},{"@type":"WebSite","@id":"https:\/\/parkdubrova.eu\/#website","url":"https:\/\/parkdubrova.eu\/","name":"Parco delle sculture Dubrova","description":"Parco delle sculture Dubrova","publisher":{"@id":"https:\/\/parkdubrova.eu\/#organization"},"potentialAction":[{"@type":"SearchAction","target":{"@type":"EntryPoint","urlTemplate":"https:\/\/parkdubrova.eu\/?s={search_term_string}"},"query-input":"required name=search_term_string"}],"inLanguage":"it-IT"},{"@type":"ImageObject","@id":"https:\/\/parkdubrova.eu\/it\/zvonimir-kamenar-il-re-e-la-regina-1993\/#primaryimage","inLanguage":"it-IT","url":"https:\/\/parkdubrova.eu\/wp-content\/uploads\/2020\/12\/zvonimir-kamenar-kralj-i-kraljica-1993-cube.jpg","contentUrl":"https:\/\/parkdubrova.eu\/wp-content\/uploads\/2020\/12\/zvonimir-kamenar-kralj-i-kraljica-1993-cube.jpg","width":1000,"height":1000},{"@type":"WebPage","@id":"https:\/\/parkdubrova.eu\/it\/zvonimir-kamenar-il-re-e-la-regina-1993\/#webpage","url":"https:\/\/parkdubrova.eu\/it\/zvonimir-kamenar-il-re-e-la-regina-1993\/","name":"Zvonimir Kamenar, Il Re e la Regina, 1993 - Parco delle sculture Dubrova","isPartOf":{"@id":"https:\/\/parkdubrova.eu\/#website"},"primaryImageOfPage":{"@id":"https:\/\/parkdubrova.eu\/it\/zvonimir-kamenar-il-re-e-la-regina-1993\/#primaryimage"},"datePublished":"2019-11-16T13:44:39+00:00","dateModified":"2021-03-09T10:00:38+00:00","breadcrumb":{"@id":"https:\/\/parkdubrova.eu\/it\/zvonimir-kamenar-il-re-e-la-regina-1993\/#breadcrumb"},"inLanguage":"it-IT","potentialAction":[{"@type":"ReadAction","target":["https:\/\/parkdubrova.eu\/it\/zvonimir-kamenar-il-re-e-la-regina-1993\/"]}]},{"@type":"BreadcrumbList","@id":"https:\/\/parkdubrova.eu\/it\/zvonimir-kamenar-il-re-e-la-regina-1993\/#breadcrumb","itemListElement":[{"@type":"ListItem","position":1,"name":"Home","item":"https:\/\/parkdubrova.eu\/it\/"},{"@type":"ListItem","position":2,"name":"Zvonimir Kamenar, Il Re e la Regina, 1993"}]}]}},"_links":{"self":[{"href":"https:\/\/parkdubrova.eu\/it\/wp-json\/wp\/v2\/pages\/6917"}],"collection":[{"href":"https:\/\/parkdubrova.eu\/it\/wp-json\/wp\/v2\/pages"}],"about":[{"href":"https:\/\/parkdubrova.eu\/it\/wp-json\/wp\/v2\/types\/page"}],"author":[{"embeddable":true,"href":"https:\/\/parkdubrova.eu\/it\/wp-json\/wp\/v2\/users\/2"}],"replies":[{"embeddable":true,"href":"https:\/\/parkdubrova.eu\/it\/wp-json\/wp\/v2\/comments?post=6917"}],"version-history":[{"count":7,"href":"https:\/\/parkdubrova.eu\/it\/wp-json\/wp\/v2\/pages\/6917\/revisions"}],"predecessor-version":[{"id":7592,"href":"https:\/\/parkdubrova.eu\/it\/wp-json\/wp\/v2\/pages\/6917\/revisions\/7592"}],"wp:featuredmedia":[{"embeddable":true,"href":"https:\/\/parkdubrova.eu\/it\/wp-json\/wp\/v2\/media\/6919"}],"wp:attachment":[{"href":"https:\/\/parkdubrova.eu\/it\/wp-json\/wp\/v2\/media?parent=6917"}],"curies":[{"name":"wp","href":"https:\/\/api.w.org\/{rel}","templated":true}]}}