{"id":6224,"date":"2019-11-16T09:58:22","date_gmt":"2019-11-16T09:58:22","guid":{"rendered":"https:\/\/parkdubrova.eu\/ana-beslic\/"},"modified":"2021-03-09T06:33:20","modified_gmt":"2021-03-09T06:33:20","slug":"ana-beslic-frutto-1975","status":"publish","type":"page","link":"https:\/\/parkdubrova.eu\/it\/ana-beslic-frutto-1975\/","title":{"rendered":"Ana Be\u0161li\u0107, Frutto, 1975"},"content":{"rendered":"<p>[vc_row full_width=&#8221;stretch_row_content_no_spaces&#8221;][vc_column][vc_row_inner][vc_column_inner el_class=&#8221;artist-banner pt665&#8243; width=&#8221;11\/12&#8243; css=&#8221;.vc_custom_1573898513823{background-image: url(https:\/\/parkdubrova.eu\/wp-content\/uploads\/2019\/07\/AB_75_baner_1300x655.jpg?id=903) !important;background-position: center !important;background-repeat: no-repeat !important;background-size: cover !important;}&#8221;][vc_single_image image=&#8221;6225&#8243; img_size=&#8221;medium&#8221;][\/vc_column_inner][vc_column_inner width=&#8221;1\/12&#8243;][vc_single_image image=&#8221;4650&#8243; img_size=&#8221;120&#215;386&#8243; el_class=&#8221;sculpture-detail&#8221;][\/vc_column_inner][\/vc_row_inner][vc_row_inner equal_height=&#8221;yes&#8221; content_placement=&#8221;middle&#8221; el_class=&#8221;artist-audio&#8221;][vc_column_inner width=&#8221;1\/12&#8243;][\/vc_column_inner][vc_column_inner el_class=&#8221;artist-number&#8221; width=&#8221;1\/12&#8243;][vc_column_text el_class=&#8221;mb0&#8243;]<\/p>\n<h2>26<\/h2>\n<p>[\/vc_column_text][\/vc_column_inner][vc_column_inner width=&#8221;1\/12&#8243; el_id=&#8221;xtoggle-btn&#8221;][vc_column_text el_class=&#8221;audio-icon&#8221;][\/vc_column_text][\/vc_column_inner][vc_column_inner width=&#8221;2\/3&#8243;][vc_column_text el_class=&#8221;audio1 toggle-container&#8221;]<\/p>\n<!--[if lt IE 9]><script>document.createElement('audio');<\/script><![endif]-->\n<audio class=\"wp-audio-shortcode\" id=\"audio-6224-1\" preload=\"none\" style=\"width: 100%;\" controls=\"controls\"><source type=\"audio\/wav\" src=\"\/wp-content\/uploads\/2020\/03\/26-Ana-Beslic.wav?_=1\" \/><a href=\"\/wp-content\/uploads\/2020\/03\/26-Ana-Beslic.wav\">\/wp-content\/uploads\/2020\/03\/26-Ana-Beslic.wav<\/a><\/audio>\n<p>[\/vc_column_text][\/vc_column_inner][vc_column_inner width=&#8221;1\/12&#8243;][\/vc_column_inner][\/vc_row_inner][vc_row_inner equal_height=&#8221;yes&#8221; el_class=&#8221;artist-an&#8221;][vc_column_inner el_class=&#8221;grey-bcg&#8221; width=&#8221;1\/12&#8243;][vc_single_image image=&#8221;7131&#8243; img_size=&#8221;full&#8221; onclick=&#8221;custom_link&#8221; el_class=&#8221;artist-arrow-left&#8221; link=&#8221;\/?page_id=1020&#8243;][\/vc_column_inner][vc_column_inner el_class=&#8221;artist&#8221; width=&#8221;5\/6&#8243;][vc_column_text el_class=&#8221;artist-name&#8221;]<\/p>\n<h2>Ana Be\u0161li\u0107, SRB<\/h2>\n<p>[\/vc_column_text][vc_column_text el_class=&#8221;artist-birth&#8221;](Bajmak, Serbia, 1912 \u2013 Belgrado, Serbia, 2008)[\/vc_column_text][\/vc_column_inner][vc_column_inner el_class=&#8221;grey-bcg&#8221; width=&#8221;1\/12&#8243;][vc_single_image image=&#8221;376&#8243; img_size=&#8221;full&#8221; onclick=&#8221;custom_link&#8221; el_class=&#8221;artist-arrow-right&#8221; link=&#8221;\/?page_id=1066&#8243;][\/vc_column_inner][\/vc_row_inner][vc_row_inner equal_height=&#8221;yes&#8221; el_class=&#8221;columns-hgt-500 artist-bw&#8221;][vc_column_inner el_class=&#8221;grey-bcg&#8221; width=&#8221;1\/12&#8243;][\/vc_column_inner][vc_column_inner el_class=&#8221;artist-bio&#8221; width=&#8221;5\/12&#8243;][vc_column_text]\u00c8 nata a Bajmak, in Serbia, nel 1912. Ha frequentato le scuole a Zagabria, Graz e Vienna, ed ha acquisito la formazione artistica all\u2019Accademia di belle arti di Belgrado. Ha concluso lo studio post laurea nella classe dello scultore Tomo Rosandi\u0107. \u00c8 una delle rappresentanti pi\u00f9 importanti della scultura contemporanea dell\u2019ex Yugoslavia. Il suo approccio all\u2019arte andava controcorrente ed \u00e8 ritenuta una degli ideatori del cambiamento di stile nella scultura jugoslava. Ha lasciato una grande impronta a Subotica, segnando la vita artistica postbellica della citt\u00e0. Salvo Subotica, \u00e8 autrice di sculture pubbliche in moltissime altre citt\u00e0 della Serbia e sul territorio dell\u2019ex Yugoslavia. La collezione delle sue opere di scultura oggi si trova nel Museo cittadino di Subotica. \u00c8 deceduta a Belgrado nel 2008.<\/p>\n<p>Al Simposio Mediterraneo di scultura ha partecipato nel 1975.[\/vc_column_text][\/vc_column_inner][vc_column_inner el_class=&#8221;artist-work&#8221; width=&#8221;5\/12&#8243;][vc_column_text el_class=&#8221;artist-work-name&#8221;]Titolo: Frutto<br \/>\nAnno: 1975<br \/>\nDimensioni: H.l.D. 200 x 110 x 400 cm<br \/>\nSito: Parco delle sculture Dubrova<br \/>\n[\/vc_column_text][\/vc_column_inner][vc_column_inner el_class=&#8221;grey-bcg&#8221; width=&#8221;1\/12&#8243;][\/vc_column_inner][\/vc_row_inner][vc_row_inner equal_height=&#8221;yes&#8221; el_class=&#8221;artist-gp&#8221;][vc_column_inner el_class=&#8221;grey-bcg&#8221; width=&#8221;1\/12&#8243;][\/vc_column_inner][vc_column_inner el_class=&#8221;artist-separator&#8221; width=&#8221;10\/12&#8243;][vc_column_text el_class=&#8221;artist-gallery&#8221;]<div id=\"envira-gallery-wrap-6233\" class=\"envira-gallery-wrap envira-gallery-theme-base envira-lightbox-theme-base\" itemscope itemtype=\"https:\/\/schema.org\/ImageGallery\"><div data-row-height=\"400\" data-gallery-theme=\"normal\" id=\"envira-gallery-6233\" class=\"envira-gallery-public envira-gallery-justified-public envira-gallery-0-columns envira-clear enviratope envira-gallery-css-animations\" data-envira-columns=\"0\"><div id=\"envira-gallery-item-3004\" class=\"envira-gallery-item enviratope-item envira-gallery-item-1\" style=\"padding-left: 5px; padding-bottom: 10px; padding-right: 5px;\"  itemscope itemtype=\"https:\/\/schema.org\/ImageObject\"><div class=\"envira-gallery-item-inner\"><div class=\"envira-gallery-position-overlay  envira-gallery-top-left\"><\/div><div class=\"envira-gallery-position-overlay  envira-gallery-top-right\"><\/div><div class=\"envira-gallery-position-overlay  envira-gallery-bottom-left\"><\/div><div class=\"envira-gallery-position-overlay  envira-gallery-bottom-right\"><\/div><a href=\"https:\/\/parkdubrova.eu\/wp-content\/uploads\/2020\/09\/ana-beslic-plod-1975-01.jpg\" class=\"envira-gallery-6233 envira-gallery-link\" rel=\"enviragallery6233\" title=\"Ana Be\u0161li\u0107, Frutto, 1975\" data-envira-caption=\"Ana Be\u0161li\u0107, Frutto, 1975\" data-envira-retina=\"\" data-thumbnail=\"\"  itemprop=\"contentUrl\"><img id=\"envira-gallery-image-3004\" class=\"envira-gallery-image envira-gallery-image-1 envira-normal \" data-envira-index=\"1\" src=\"https:\/\/parkdubrova.eu\/wp-content\/uploads\/2020\/09\/ana-beslic-plod-1975-01-777x1000-640x480.jpg\" data-envira-src=\"https:\/\/parkdubrova.eu\/wp-content\/uploads\/2020\/09\/ana-beslic-plod-1975-01-777x1000-640x480.jpg\" data-envira-gallery-id=\"6233\" data-envira-item-id=\"3004\" data-envira-caption=\"Ana Be\u0161li\u0107, Frutto, 1975\" alt=\"Ana Be\u0161li\u0107, Frutto, 1975\" title=\"Ana Be\u0161li\u0107, Frutto, 1975\"  itemprop=\"thumbnailUrl\" data-envira-srcset=\"https:\/\/parkdubrova.eu\/wp-content\/uploads\/2020\/09\/ana-beslic-plod-1975-01-777x1000-640x480.jpg 400w,https:\/\/parkdubrova.eu\/wp-content\/uploads\/2020\/09\/ana-beslic-plod-1975-01-777x1000-640x480.jpg 2x\" data-envira-width=\"777\" data-envira-height=\"1000\" srcset=\"https:\/\/parkdubrova.eu\/wp-content\/uploads\/2020\/09\/ana-beslic-plod-1975-01-scaled-1280x960.jpg 2x\" data-safe-src=\"https:\/\/parkdubrova.eu\/wp-content\/uploads\/2020\/09\/ana-beslic-plod-1975-01-777x1000-640x480.jpg\" \/><\/a><\/div><\/div><div id=\"envira-gallery-item-3005\" class=\"envira-gallery-item enviratope-item envira-gallery-item-2\" style=\"padding-left: 5px; padding-bottom: 10px; padding-right: 5px;\"  itemscope itemtype=\"https:\/\/schema.org\/ImageObject\"><div class=\"envira-gallery-item-inner\"><div class=\"envira-gallery-position-overlay  envira-gallery-top-left\"><\/div><div class=\"envira-gallery-position-overlay  envira-gallery-top-right\"><\/div><div class=\"envira-gallery-position-overlay  envira-gallery-bottom-left\"><\/div><div class=\"envira-gallery-position-overlay  envira-gallery-bottom-right\"><\/div><a href=\"https:\/\/parkdubrova.eu\/wp-content\/uploads\/2020\/09\/ana-beslic-plod-1975-02.jpg\" class=\"envira-gallery-6233 envira-gallery-link\" rel=\"enviragallery6233\" title=\"Ana Be\u0161li\u0107, Frutto, 1975\" data-envira-caption=\"Ana Be\u0161li\u0107, Frutto, 1975\" data-envira-retina=\"\" data-thumbnail=\"\"  itemprop=\"contentUrl\"><img id=\"envira-gallery-image-3005\" class=\"envira-gallery-image envira-gallery-image-2 envira-normal \" data-envira-index=\"2\" src=\"https:\/\/parkdubrova.eu\/wp-content\/uploads\/2020\/09\/ana-beslic-plod-1975-02-1000x1000-640x480.jpg\" data-envira-src=\"https:\/\/parkdubrova.eu\/wp-content\/uploads\/2020\/09\/ana-beslic-plod-1975-02-1000x1000-640x480.jpg\" data-envira-gallery-id=\"6233\" data-envira-item-id=\"3005\" data-envira-caption=\"Ana Be\u0161li\u0107, Frutto, 1975\" alt=\"Ana Be\u0161li\u0107, Frutto, 1975\" title=\"Ana Be\u0161li\u0107, Frutto, 1975\"  itemprop=\"thumbnailUrl\" data-envira-srcset=\"https:\/\/parkdubrova.eu\/wp-content\/uploads\/2020\/09\/ana-beslic-plod-1975-02-1000x1000-640x480.jpg 400w,https:\/\/parkdubrova.eu\/wp-content\/uploads\/2020\/09\/ana-beslic-plod-1975-02-1000x1000-640x480.jpg 2x\" data-envira-width=\"1000\" data-envira-height=\"1000\" srcset=\"https:\/\/parkdubrova.eu\/wp-content\/uploads\/2020\/09\/ana-beslic-plod-1975-02-scaled-1280x960.jpg 2x\" data-safe-src=\"https:\/\/parkdubrova.eu\/wp-content\/uploads\/2020\/09\/ana-beslic-plod-1975-02-1000x1000-640x480.jpg\" \/><\/a><\/div><\/div><div id=\"envira-gallery-item-3006\" class=\"envira-gallery-item enviratope-item envira-gallery-item-3\" style=\"padding-left: 5px; padding-bottom: 10px; padding-right: 5px;\"  itemscope itemtype=\"https:\/\/schema.org\/ImageObject\"><div class=\"envira-gallery-item-inner\"><div class=\"envira-gallery-position-overlay  envira-gallery-top-left\"><\/div><div class=\"envira-gallery-position-overlay  envira-gallery-top-right\"><\/div><div class=\"envira-gallery-position-overlay  envira-gallery-bottom-left\"><\/div><div class=\"envira-gallery-position-overlay  envira-gallery-bottom-right\"><\/div><a href=\"https:\/\/parkdubrova.eu\/wp-content\/uploads\/2020\/09\/ana-beslic-plod-1975-03.jpg\" class=\"envira-gallery-6233 envira-gallery-link\" rel=\"enviragallery6233\" title=\"Ana Be\u0161li\u0107, Frutto, 1975\" data-envira-caption=\"Ana Be\u0161li\u0107, Frutto, 1975\" data-envira-retina=\"\" data-thumbnail=\"\"  itemprop=\"contentUrl\"><img id=\"envira-gallery-image-3006\" class=\"envira-gallery-image envira-gallery-image-3 envira-normal \" data-envira-index=\"3\" src=\"https:\/\/parkdubrova.eu\/wp-content\/uploads\/2020\/09\/ana-beslic-plod-1975-03-1000x1000-640x480.jpg\" data-envira-src=\"https:\/\/parkdubrova.eu\/wp-content\/uploads\/2020\/09\/ana-beslic-plod-1975-03-1000x1000-640x480.jpg\" data-envira-gallery-id=\"6233\" data-envira-item-id=\"3006\" data-envira-caption=\"Ana Be\u0161li\u0107, Frutto, 1975\" alt=\"Ana Be\u0161li\u0107, Frutto, 1975\" title=\"Ana Be\u0161li\u0107, Frutto, 1975\"  itemprop=\"thumbnailUrl\" data-envira-srcset=\"https:\/\/parkdubrova.eu\/wp-content\/uploads\/2020\/09\/ana-beslic-plod-1975-03-1000x1000-640x480.jpg 400w,https:\/\/parkdubrova.eu\/wp-content\/uploads\/2020\/09\/ana-beslic-plod-1975-03-1000x1000-640x480.jpg 2x\" data-envira-width=\"1000\" data-envira-height=\"1000\" srcset=\"https:\/\/parkdubrova.eu\/wp-content\/uploads\/2020\/09\/ana-beslic-plod-1975-03-scaled-1280x960.jpg 2x\" data-safe-src=\"https:\/\/parkdubrova.eu\/wp-content\/uploads\/2020\/09\/ana-beslic-plod-1975-03-1000x1000-640x480.jpg\" \/><\/a><\/div><\/div><div id=\"envira-gallery-item-3007\" class=\"envira-gallery-item enviratope-item envira-gallery-item-4\" style=\"padding-left: 5px; padding-bottom: 10px; padding-right: 5px;\"  itemscope itemtype=\"https:\/\/schema.org\/ImageObject\"><div class=\"envira-gallery-item-inner\"><div class=\"envira-gallery-position-overlay  envira-gallery-top-left\"><\/div><div class=\"envira-gallery-position-overlay  envira-gallery-top-right\"><\/div><div class=\"envira-gallery-position-overlay  envira-gallery-bottom-left\"><\/div><div class=\"envira-gallery-position-overlay  envira-gallery-bottom-right\"><\/div><a href=\"https:\/\/parkdubrova.eu\/wp-content\/uploads\/2020\/09\/ana-beslic-plod-1975-04.jpg\" class=\"envira-gallery-6233 envira-gallery-link\" rel=\"enviragallery6233\" title=\"Ana Be\u0161li\u0107, Frutto, 1975\" data-envira-caption=\"Ana Be\u0161li\u0107, Frutto, 1975\" data-envira-retina=\"\" data-thumbnail=\"\"  itemprop=\"contentUrl\"><img id=\"envira-gallery-image-3007\" class=\"envira-gallery-image envira-gallery-image-4 envira-normal \" data-envira-index=\"4\" src=\"https:\/\/parkdubrova.eu\/wp-content\/uploads\/2020\/09\/ana-beslic-plod-1975-04-1000x1000-640x480.jpg\" data-envira-src=\"https:\/\/parkdubrova.eu\/wp-content\/uploads\/2020\/09\/ana-beslic-plod-1975-04-1000x1000-640x480.jpg\" data-envira-gallery-id=\"6233\" data-envira-item-id=\"3007\" data-envira-caption=\"Ana Be\u0161li\u0107, Frutto, 1975\" alt=\"Ana Be\u0161li\u0107, Frutto, 1975\" title=\"Ana Be\u0161li\u0107, Frutto, 1975\"  itemprop=\"thumbnailUrl\" data-envira-srcset=\"https:\/\/parkdubrova.eu\/wp-content\/uploads\/2020\/09\/ana-beslic-plod-1975-04-1000x1000-640x480.jpg 400w,https:\/\/parkdubrova.eu\/wp-content\/uploads\/2020\/09\/ana-beslic-plod-1975-04-1000x1000-640x480.jpg 2x\" data-envira-width=\"1000\" data-envira-height=\"1000\" srcset=\"https:\/\/parkdubrova.eu\/wp-content\/uploads\/2020\/09\/ana-beslic-plod-1975-04-scaled-1280x960.jpg 2x\" data-safe-src=\"https:\/\/parkdubrova.eu\/wp-content\/uploads\/2020\/09\/ana-beslic-plod-1975-04-1000x1000-640x480.jpg\" \/><\/a><\/div><\/div><div id=\"envira-gallery-item-3008\" class=\"envira-gallery-item enviratope-item envira-gallery-item-5\" style=\"padding-left: 5px; padding-bottom: 10px; padding-right: 5px;\"  itemscope itemtype=\"https:\/\/schema.org\/ImageObject\"><div class=\"envira-gallery-item-inner\"><div class=\"envira-gallery-position-overlay  envira-gallery-top-left\"><\/div><div class=\"envira-gallery-position-overlay  envira-gallery-top-right\"><\/div><div class=\"envira-gallery-position-overlay  envira-gallery-bottom-left\"><\/div><div class=\"envira-gallery-position-overlay  envira-gallery-bottom-right\"><\/div><a href=\"https:\/\/parkdubrova.eu\/wp-content\/uploads\/2020\/09\/ana-beslic-plod-1975-05.jpg\" class=\"envira-gallery-6233 envira-gallery-link\" rel=\"enviragallery6233\" title=\"Ana Be\u0161li\u0107, Frutto, 1975\" data-envira-caption=\"Ana Be\u0161li\u0107, Frutto, 1975\" data-envira-retina=\"\" data-thumbnail=\"\"  itemprop=\"contentUrl\"><img id=\"envira-gallery-image-3008\" class=\"envira-gallery-image envira-gallery-image-5 envira-normal \" data-envira-index=\"5\" src=\"https:\/\/parkdubrova.eu\/wp-content\/uploads\/2020\/09\/ana-beslic-plod-1975-05-733x1000-640x480.jpg\" data-envira-src=\"https:\/\/parkdubrova.eu\/wp-content\/uploads\/2020\/09\/ana-beslic-plod-1975-05-733x1000-640x480.jpg\" data-envira-gallery-id=\"6233\" data-envira-item-id=\"3008\" data-envira-caption=\"Ana Be\u0161li\u0107, Frutto, 1975\" alt=\"Ana Be\u0161li\u0107, Frutto, 1975\" title=\"Ana Be\u0161li\u0107, Frutto, 1975\"  itemprop=\"thumbnailUrl\" data-envira-srcset=\"https:\/\/parkdubrova.eu\/wp-content\/uploads\/2020\/09\/ana-beslic-plod-1975-05-733x1000-640x480.jpg 400w,https:\/\/parkdubrova.eu\/wp-content\/uploads\/2020\/09\/ana-beslic-plod-1975-05-733x1000-640x480.jpg 2x\" data-envira-width=\"733\" data-envira-height=\"1000\" srcset=\"https:\/\/parkdubrova.eu\/wp-content\/uploads\/2020\/09\/ana-beslic-plod-1975-05-scaled-1280x960.jpg 2x\" data-safe-src=\"https:\/\/parkdubrova.eu\/wp-content\/uploads\/2020\/09\/ana-beslic-plod-1975-05-733x1000-640x480.jpg\" \/><\/a><\/div><\/div><div id=\"envira-gallery-item-3009\" class=\"envira-gallery-item enviratope-item envira-gallery-item-6\" style=\"padding-left: 5px; padding-bottom: 10px; padding-right: 5px;\"  itemscope itemtype=\"https:\/\/schema.org\/ImageObject\"><div class=\"envira-gallery-item-inner\"><div class=\"envira-gallery-position-overlay  envira-gallery-top-left\"><\/div><div class=\"envira-gallery-position-overlay  envira-gallery-top-right\"><\/div><div class=\"envira-gallery-position-overlay  envira-gallery-bottom-left\"><\/div><div class=\"envira-gallery-position-overlay  envira-gallery-bottom-right\"><\/div><a href=\"https:\/\/parkdubrova.eu\/wp-content\/uploads\/2020\/09\/ana-beslic-plod-1975-06.jpg\" class=\"envira-gallery-6233 envira-gallery-link\" rel=\"enviragallery6233\" title=\"Ana Be\u0161li\u0107, Frutto, 1975\" data-envira-caption=\"Ana Be\u0161li\u0107, Frutto, 1975\" data-envira-retina=\"\" data-thumbnail=\"\"  itemprop=\"contentUrl\"><img id=\"envira-gallery-image-3009\" class=\"envira-gallery-image envira-gallery-image-6 envira-normal \" data-envira-index=\"6\" src=\"https:\/\/parkdubrova.eu\/wp-content\/uploads\/2020\/09\/ana-beslic-plod-1975-06-763x1000-640x480.jpg\" data-envira-src=\"https:\/\/parkdubrova.eu\/wp-content\/uploads\/2020\/09\/ana-beslic-plod-1975-06-763x1000-640x480.jpg\" data-envira-gallery-id=\"6233\" data-envira-item-id=\"3009\" data-envira-caption=\"Ana Be\u0161li\u0107, Frutto, 1975\" alt=\"Ana Be\u0161li\u0107, Frutto, 1975\" title=\"Ana Be\u0161li\u0107, Frutto, 1975\"  itemprop=\"thumbnailUrl\" data-envira-srcset=\"https:\/\/parkdubrova.eu\/wp-content\/uploads\/2020\/09\/ana-beslic-plod-1975-06-763x1000-640x480.jpg 400w,https:\/\/parkdubrova.eu\/wp-content\/uploads\/2020\/09\/ana-beslic-plod-1975-06-763x1000-640x480.jpg 2x\" data-envira-width=\"763\" data-envira-height=\"1000\" srcset=\"https:\/\/parkdubrova.eu\/wp-content\/uploads\/2020\/09\/ana-beslic-plod-1975-06-scaled-1280x960.jpg 2x\" data-safe-src=\"https:\/\/parkdubrova.eu\/wp-content\/uploads\/2020\/09\/ana-beslic-plod-1975-06-763x1000-640x480.jpg\" \/><\/a><\/div><\/div><div id=\"envira-gallery-item-3010\" class=\"envira-gallery-item enviratope-item envira-gallery-item-7\" style=\"padding-left: 5px; padding-bottom: 10px; padding-right: 5px;\"  itemscope itemtype=\"https:\/\/schema.org\/ImageObject\"><div class=\"envira-gallery-item-inner\"><div class=\"envira-gallery-position-overlay  envira-gallery-top-left\"><\/div><div class=\"envira-gallery-position-overlay  envira-gallery-top-right\"><\/div><div class=\"envira-gallery-position-overlay  envira-gallery-bottom-left\"><\/div><div class=\"envira-gallery-position-overlay  envira-gallery-bottom-right\"><\/div><a href=\"https:\/\/parkdubrova.eu\/wp-content\/uploads\/2020\/09\/ana-beslic-plod-1975-07.jpg\" class=\"envira-gallery-6233 envira-gallery-link\" rel=\"enviragallery6233\" title=\"Ana Be\u0161li\u0107, Frutto, 1975\" data-envira-caption=\"Ana Be\u0161li\u0107, Frutto, 1975\" data-envira-retina=\"\" data-thumbnail=\"\"  itemprop=\"contentUrl\"><img id=\"envira-gallery-image-3010\" class=\"envira-gallery-image envira-gallery-image-7 envira-normal \" data-envira-index=\"7\" src=\"https:\/\/parkdubrova.eu\/wp-content\/uploads\/2020\/09\/ana-beslic-plod-1975-07-736x1000-640x480.jpg\" data-envira-src=\"https:\/\/parkdubrova.eu\/wp-content\/uploads\/2020\/09\/ana-beslic-plod-1975-07-736x1000-640x480.jpg\" data-envira-gallery-id=\"6233\" data-envira-item-id=\"3010\" data-envira-caption=\"Ana Be\u0161li\u0107, Frutto, 1975\" alt=\"Ana Be\u0161li\u0107, Frutto, 1975\" title=\"Ana Be\u0161li\u0107, Frutto, 1975\"  itemprop=\"thumbnailUrl\" data-envira-srcset=\"https:\/\/parkdubrova.eu\/wp-content\/uploads\/2020\/09\/ana-beslic-plod-1975-07-736x1000-640x480.jpg 400w,https:\/\/parkdubrova.eu\/wp-content\/uploads\/2020\/09\/ana-beslic-plod-1975-07-736x1000-640x480.jpg 2x\" data-envira-width=\"736\" data-envira-height=\"1000\" srcset=\"https:\/\/parkdubrova.eu\/wp-content\/uploads\/2020\/09\/ana-beslic-plod-1975-07-scaled-1280x960.jpg 2x\" data-safe-src=\"https:\/\/parkdubrova.eu\/wp-content\/uploads\/2020\/09\/ana-beslic-plod-1975-07-736x1000-640x480.jpg\" \/><\/a><\/div><\/div><div id=\"envira-gallery-item-3011\" class=\"envira-gallery-item enviratope-item envira-gallery-item-8\" style=\"padding-left: 5px; padding-bottom: 10px; padding-right: 5px;\"  itemscope itemtype=\"https:\/\/schema.org\/ImageObject\"><div class=\"envira-gallery-item-inner\"><div class=\"envira-gallery-position-overlay  envira-gallery-top-left\"><\/div><div class=\"envira-gallery-position-overlay  envira-gallery-top-right\"><\/div><div class=\"envira-gallery-position-overlay  envira-gallery-bottom-left\"><\/div><div class=\"envira-gallery-position-overlay  envira-gallery-bottom-right\"><\/div><a href=\"https:\/\/parkdubrova.eu\/wp-content\/uploads\/2020\/09\/ana-beslic-plod-1975-08.jpg\" class=\"envira-gallery-6233 envira-gallery-link\" rel=\"enviragallery6233\" title=\"Ana Be\u0161li\u0107, Frutto, 1975\" data-envira-caption=\"Ana Be\u0161li\u0107, Frutto, 1975\" data-envira-retina=\"\" data-thumbnail=\"\"  itemprop=\"contentUrl\"><img id=\"envira-gallery-image-3011\" class=\"envira-gallery-image envira-gallery-image-8 envira-normal \" data-envira-index=\"8\" src=\"https:\/\/parkdubrova.eu\/wp-content\/uploads\/2020\/09\/ana-beslic-plod-1975-08-667x1000-640x480.jpg\" data-envira-src=\"https:\/\/parkdubrova.eu\/wp-content\/uploads\/2020\/09\/ana-beslic-plod-1975-08-667x1000-640x480.jpg\" data-envira-gallery-id=\"6233\" data-envira-item-id=\"3011\" data-envira-caption=\"Ana Be\u0161li\u0107, Frutto, 1975\" alt=\"Ana Be\u0161li\u0107, Frutto, 1975\" title=\"Ana Be\u0161li\u0107, Frutto, 1975\"  itemprop=\"thumbnailUrl\" data-envira-srcset=\"https:\/\/parkdubrova.eu\/wp-content\/uploads\/2020\/09\/ana-beslic-plod-1975-08-667x1000-640x480.jpg 400w,https:\/\/parkdubrova.eu\/wp-content\/uploads\/2020\/09\/ana-beslic-plod-1975-08-667x1000-640x480.jpg 2x\" data-envira-width=\"667\" data-envira-height=\"1000\" srcset=\"https:\/\/parkdubrova.eu\/wp-content\/uploads\/2020\/09\/ana-beslic-plod-1975-08-scaled-1280x960.jpg 2x\" data-safe-src=\"https:\/\/parkdubrova.eu\/wp-content\/uploads\/2020\/09\/ana-beslic-plod-1975-08-667x1000-640x480.jpg\" \/><\/a><\/div><\/div><\/div><\/div><noscript><img src=\"https:\/\/parkdubrova.eu\/wp-content\/uploads\/2020\/09\/ana-beslic-plod-1975-01-scaled.jpg\" alt=\"Ana Be\u0161li\u0107, Frutto, 1975\" \/><img src=\"https:\/\/parkdubrova.eu\/wp-content\/uploads\/2020\/09\/ana-beslic-plod-1975-02-scaled.jpg\" alt=\"Ana Be\u0161li\u0107, Frutto, 1975\" \/><img src=\"https:\/\/parkdubrova.eu\/wp-content\/uploads\/2020\/09\/ana-beslic-plod-1975-03-scaled.jpg\" alt=\"Ana Be\u0161li\u0107, Frutto, 1975\" \/><img src=\"https:\/\/parkdubrova.eu\/wp-content\/uploads\/2020\/09\/ana-beslic-plod-1975-04-scaled.jpg\" alt=\"Ana Be\u0161li\u0107, Frutto, 1975\" \/><img src=\"https:\/\/parkdubrova.eu\/wp-content\/uploads\/2020\/09\/ana-beslic-plod-1975-05-scaled.jpg\" alt=\"Ana Be\u0161li\u0107, Frutto, 1975\" \/><img src=\"https:\/\/parkdubrova.eu\/wp-content\/uploads\/2020\/09\/ana-beslic-plod-1975-06-scaled.jpg\" alt=\"Ana Be\u0161li\u0107, Frutto, 1975\" \/><img src=\"https:\/\/parkdubrova.eu\/wp-content\/uploads\/2020\/09\/ana-beslic-plod-1975-07-scaled.jpg\" alt=\"Ana Be\u0161li\u0107, Frutto, 1975\" \/><img src=\"https:\/\/parkdubrova.eu\/wp-content\/uploads\/2020\/09\/ana-beslic-plod-1975-08-scaled.jpg\" alt=\"Ana Be\u0161li\u0107, Frutto, 1975\" \/><\/noscript>[\/vc_column_text][\/vc_column_inner][vc_column_inner el_class=&#8221;grey-bcg&#8221; width=&#8221;1\/12&#8243;][\/vc_column_inner][\/vc_row_inner][\/vc_column][\/vc_row][vc_row full_width=&#8221;stretch_row&#8221; el_class=&#8221;grey-bcg pt200&#8243;][vc_column][\/vc_column][\/vc_row]<\/p>\n","protected":false},"excerpt":{"rendered":"<p>[vc_row full_width=&#8221;stretch_row_content_no_spaces&#8221;][vc_column][vc_row_inner][vc_column_inner el_class=&#8221;artist-banner pt665&#8243; width=&#8221;11\/12&#8243; css=&#8221;.vc_custom_1573898513823{background-image: url(https:\/\/parkdubrova.eu\/wp-content\/uploads\/2019\/07\/AB_75_baner_1300x655.jpg?id=903) !important;background-position: center !important;background-repeat: no-repeat !important;background-size: cover !important;}&#8221;][vc_single_image image=&#8221;6225&#8243; img_size=&#8221;medium&#8221;][\/vc_column_inner][vc_column_inner width=&#8221;1\/12&#8243;][vc_single_image image=&#8221;4650&#8243; img_size=&#8221;120&#215;386&#8243; el_class=&#8221;sculpture-detail&#8221;][\/vc_column_inner][\/vc_row_inner][vc_row_inner equal_height=&#8221;yes&#8221; content_placement=&#8221;middle&#8221; el_class=&#8221;artist-audio&#8221;][vc_column_inner width=&#8221;1\/12&#8243;][\/vc_column_inner][vc_column_inner el_class=&#8221;artist-number&#8221; width=&#8221;1\/12&#8243;][vc_column_text el_class=&#8221;mb0&#8243;] 26 [\/vc_column_text][\/vc_column_inner][vc_column_inner width=&#8221;1\/12&#8243; el_id=&#8221;xtoggle-btn&#8221;][vc_column_text el_class=&#8221;audio-icon&#8221;][\/vc_column_text][\/vc_column_inner][vc_column_inner width=&#8221;2\/3&#8243;][vc_column_text el_class=&#8221;audio1 toggle-container&#8221;] [\/vc_column_text][\/vc_column_inner][vc_column_inner width=&#8221;1\/12&#8243;][\/vc_column_inner][\/vc_row_inner][vc_row_inner equal_height=&#8221;yes&#8221; el_class=&#8221;artist-an&#8221;][vc_column_inner el_class=&#8221;grey-bcg&#8221; width=&#8221;1\/12&#8243;][vc_single_image image=&#8221;7131&#8243; img_size=&#8221;full&#8221; onclick=&#8221;custom_link&#8221; el_class=&#8221;artist-arrow-left&#8221; link=&#8221;\/?page_id=1020&#8243;][\/vc_column_inner][vc_column_inner el_class=&#8221;artist&#8221; width=&#8221;5\/6&#8243;][vc_column_text el_class=&#8221;artist-name&#8221;] Ana Be\u0161li\u0107, SRB [\/vc_column_text][vc_column_text el_class=&#8221;artist-birth&#8221;](Bajmak, Serbia,&hellip;<\/p>\n","protected":false},"author":2,"featured_media":6225,"parent":0,"menu_order":0,"comment_status":"closed","ping_status":"closed","template":"","meta":[],"yoast_head":"<!-- This site is optimized with the Yoast SEO plugin v17.8 - https:\/\/yoast.com\/wordpress\/plugins\/seo\/ -->\n<title>Ana Be\u0161li\u0107, Frutto, 1975 - Parco delle sculture Dubrova<\/title>\n<meta name=\"robots\" content=\"index, follow, max-snippet:-1, max-image-preview:large, max-video-preview:-1\" \/>\n<link rel=\"canonical\" href=\"https:\/\/parkdubrova.eu\/it\/ana-beslic-frutto-1975\/\" \/>\n<meta property=\"og:locale\" content=\"it_IT\" \/>\n<meta property=\"og:type\" content=\"article\" \/>\n<meta property=\"og:title\" content=\"Ana Be\u0161li\u0107, Frutto, 1975 - Parco delle sculture Dubrova\" \/>\n<meta property=\"og:description\" content=\"[vc_row full_width=&#8221;stretch_row_content_no_spaces&#8221;][vc_column][vc_row_inner][vc_column_inner el_class=&#8221;artist-banner pt665&#8243; width=&#8221;11\/12&#8243; css=&#8221;.vc_custom_1573898513823{background-image: url(https:\/\/parkdubrova.eu\/wp-content\/uploads\/2019\/07\/AB_75_baner_1300x655.jpg?id=903) !important;background-position: center !important;background-repeat: no-repeat !important;background-size: cover !important;}&#8221;][vc_single_image image=&#8221;6225&#8243; img_size=&#8221;medium&#8221;][\/vc_column_inner][vc_column_inner width=&#8221;1\/12&#8243;][vc_single_image image=&#8221;4650&#8243; img_size=&#8221;120&#215;386&#8243; el_class=&#8221;sculpture-detail&#8221;][\/vc_column_inner][\/vc_row_inner][vc_row_inner equal_height=&#8221;yes&#8221; content_placement=&#8221;middle&#8221; el_class=&#8221;artist-audio&#8221;][vc_column_inner width=&#8221;1\/12&#8243;][\/vc_column_inner][vc_column_inner el_class=&#8221;artist-number&#8221; width=&#8221;1\/12&#8243;][vc_column_text el_class=&#8221;mb0&#8243;] 26 [\/vc_column_text][\/vc_column_inner][vc_column_inner width=&#8221;1\/12&#8243; el_id=&#8221;xtoggle-btn&#8221;][vc_column_text el_class=&#8221;audio-icon&#8221;][\/vc_column_text][\/vc_column_inner][vc_column_inner width=&#8221;2\/3&#8243;][vc_column_text el_class=&#8221;audio1 toggle-container&#8221;] [\/vc_column_text][\/vc_column_inner][vc_column_inner width=&#8221;1\/12&#8243;][\/vc_column_inner][\/vc_row_inner][vc_row_inner equal_height=&#8221;yes&#8221; el_class=&#8221;artist-an&#8221;][vc_column_inner el_class=&#8221;grey-bcg&#8221; width=&#8221;1\/12&#8243;][vc_single_image image=&#8221;7131&#8243; img_size=&#8221;full&#8221; onclick=&#8221;custom_link&#8221; el_class=&#8221;artist-arrow-left&#8221; link=&#8221;\/?page_id=1020&#8243;][\/vc_column_inner][vc_column_inner el_class=&#8221;artist&#8221; width=&#8221;5\/6&#8243;][vc_column_text el_class=&#8221;artist-name&#8221;] Ana Be\u0161li\u0107, SRB [\/vc_column_text][vc_column_text el_class=&#8221;artist-birth&#8221;](Bajmak, Serbia,&hellip;\" \/>\n<meta property=\"og:url\" content=\"https:\/\/parkdubrova.eu\/it\/ana-beslic-frutto-1975\/\" \/>\n<meta property=\"og:site_name\" content=\"Parco delle sculture Dubrova\" \/>\n<meta property=\"article:publisher\" content=\"https:\/\/www.facebook.com\/ParkSkulpturaDubrova\/\" \/>\n<meta property=\"article:modified_time\" content=\"2021-03-09T06:33:20+00:00\" \/>\n<meta property=\"og:image\" content=\"https:\/\/parkdubrova.eu\/wp-content\/uploads\/2020\/12\/ana-beslic-plod-1975-cube.jpg\" \/>\n\t<meta property=\"og:image:width\" content=\"1000\" \/>\n\t<meta property=\"og:image:height\" content=\"1000\" \/>\n<meta name=\"twitter:card\" content=\"summary_large_image\" \/>\n<meta name=\"twitter:label1\" content=\"Tempo di lettura stimato\" \/>\n\t<meta name=\"twitter:data1\" content=\"3 minuti\" \/>\n<script type=\"application\/ld+json\" class=\"yoast-schema-graph\">{\"@context\":\"https:\/\/schema.org\",\"@graph\":[{\"@type\":\"Organization\",\"@id\":\"https:\/\/parkdubrova.eu\/#organization\",\"name\":\"park skulptura dubrova\",\"url\":\"https:\/\/parkdubrova.eu\/\",\"sameAs\":[\"https:\/\/www.facebook.com\/ParkSkulpturaDubrova\/\"],\"logo\":{\"@type\":\"ImageObject\",\"@id\":\"https:\/\/parkdubrova.eu\/#logo\",\"inLanguage\":\"it-IT\",\"url\":\"https:\/\/parkdubrova.eu\/wp-content\/uploads\/2019\/11\/logo-svijetlo-zeleni.png\",\"contentUrl\":\"https:\/\/parkdubrova.eu\/wp-content\/uploads\/2019\/11\/logo-svijetlo-zeleni.png\",\"width\":309,\"height\":506,\"caption\":\"park skulptura dubrova\"},\"image\":{\"@id\":\"https:\/\/parkdubrova.eu\/#logo\"}},{\"@type\":\"WebSite\",\"@id\":\"https:\/\/parkdubrova.eu\/#website\",\"url\":\"https:\/\/parkdubrova.eu\/\",\"name\":\"Parco delle sculture Dubrova\",\"description\":\"Parco delle sculture Dubrova\",\"publisher\":{\"@id\":\"https:\/\/parkdubrova.eu\/#organization\"},\"potentialAction\":[{\"@type\":\"SearchAction\",\"target\":{\"@type\":\"EntryPoint\",\"urlTemplate\":\"https:\/\/parkdubrova.eu\/?s={search_term_string}\"},\"query-input\":\"required name=search_term_string\"}],\"inLanguage\":\"it-IT\"},{\"@type\":\"ImageObject\",\"@id\":\"https:\/\/parkdubrova.eu\/it\/ana-beslic-frutto-1975\/#primaryimage\",\"inLanguage\":\"it-IT\",\"url\":\"https:\/\/parkdubrova.eu\/wp-content\/uploads\/2020\/12\/ana-beslic-plod-1975-cube.jpg\",\"contentUrl\":\"https:\/\/parkdubrova.eu\/wp-content\/uploads\/2020\/12\/ana-beslic-plod-1975-cube.jpg\",\"width\":1000,\"height\":1000},{\"@type\":\"WebPage\",\"@id\":\"https:\/\/parkdubrova.eu\/it\/ana-beslic-frutto-1975\/#webpage\",\"url\":\"https:\/\/parkdubrova.eu\/it\/ana-beslic-frutto-1975\/\",\"name\":\"Ana Be\\u0161li\\u0107, Frutto, 1975 - Parco delle sculture Dubrova\",\"isPartOf\":{\"@id\":\"https:\/\/parkdubrova.eu\/#website\"},\"primaryImageOfPage\":{\"@id\":\"https:\/\/parkdubrova.eu\/it\/ana-beslic-frutto-1975\/#primaryimage\"},\"datePublished\":\"2019-11-16T09:58:22+00:00\",\"dateModified\":\"2021-03-09T06:33:20+00:00\",\"breadcrumb\":{\"@id\":\"https:\/\/parkdubrova.eu\/it\/ana-beslic-frutto-1975\/#breadcrumb\"},\"inLanguage\":\"it-IT\",\"potentialAction\":[{\"@type\":\"ReadAction\",\"target\":[\"https:\/\/parkdubrova.eu\/it\/ana-beslic-frutto-1975\/\"]}]},{\"@type\":\"BreadcrumbList\",\"@id\":\"https:\/\/parkdubrova.eu\/it\/ana-beslic-frutto-1975\/#breadcrumb\",\"itemListElement\":[{\"@type\":\"ListItem\",\"position\":1,\"name\":\"Home\",\"item\":\"https:\/\/parkdubrova.eu\/it\/\"},{\"@type\":\"ListItem\",\"position\":2,\"name\":\"Ana Be\\u0161li\\u0107, Frutto, 1975\"}]}]}<\/script>\n<!-- \/ Yoast SEO plugin. -->","yoast_head_json":{"title":"Ana Be\u0161li\u0107, Frutto, 1975 - Parco delle sculture Dubrova","robots":{"index":"index","follow":"follow","max-snippet":"max-snippet:-1","max-image-preview":"max-image-preview:large","max-video-preview":"max-video-preview:-1"},"canonical":"https:\/\/parkdubrova.eu\/it\/ana-beslic-frutto-1975\/","og_locale":"it_IT","og_type":"article","og_title":"Ana Be\u0161li\u0107, Frutto, 1975 - Parco delle sculture Dubrova","og_description":"[vc_row full_width=&#8221;stretch_row_content_no_spaces&#8221;][vc_column][vc_row_inner][vc_column_inner el_class=&#8221;artist-banner pt665&#8243; width=&#8221;11\/12&#8243; css=&#8221;.vc_custom_1573898513823{background-image: url(https:\/\/parkdubrova.eu\/wp-content\/uploads\/2019\/07\/AB_75_baner_1300x655.jpg?id=903) !important;background-position: center !important;background-repeat: no-repeat !important;background-size: cover !important;}&#8221;][vc_single_image image=&#8221;6225&#8243; img_size=&#8221;medium&#8221;][\/vc_column_inner][vc_column_inner width=&#8221;1\/12&#8243;][vc_single_image image=&#8221;4650&#8243; img_size=&#8221;120&#215;386&#8243; el_class=&#8221;sculpture-detail&#8221;][\/vc_column_inner][\/vc_row_inner][vc_row_inner equal_height=&#8221;yes&#8221; content_placement=&#8221;middle&#8221; el_class=&#8221;artist-audio&#8221;][vc_column_inner width=&#8221;1\/12&#8243;][\/vc_column_inner][vc_column_inner el_class=&#8221;artist-number&#8221; width=&#8221;1\/12&#8243;][vc_column_text el_class=&#8221;mb0&#8243;] 26 [\/vc_column_text][\/vc_column_inner][vc_column_inner width=&#8221;1\/12&#8243; el_id=&#8221;xtoggle-btn&#8221;][vc_column_text el_class=&#8221;audio-icon&#8221;][\/vc_column_text][\/vc_column_inner][vc_column_inner width=&#8221;2\/3&#8243;][vc_column_text el_class=&#8221;audio1 toggle-container&#8221;] [\/vc_column_text][\/vc_column_inner][vc_column_inner width=&#8221;1\/12&#8243;][\/vc_column_inner][\/vc_row_inner][vc_row_inner equal_height=&#8221;yes&#8221; el_class=&#8221;artist-an&#8221;][vc_column_inner el_class=&#8221;grey-bcg&#8221; width=&#8221;1\/12&#8243;][vc_single_image image=&#8221;7131&#8243; img_size=&#8221;full&#8221; onclick=&#8221;custom_link&#8221; el_class=&#8221;artist-arrow-left&#8221; link=&#8221;\/?page_id=1020&#8243;][\/vc_column_inner][vc_column_inner el_class=&#8221;artist&#8221; width=&#8221;5\/6&#8243;][vc_column_text el_class=&#8221;artist-name&#8221;] Ana Be\u0161li\u0107, SRB [\/vc_column_text][vc_column_text el_class=&#8221;artist-birth&#8221;](Bajmak, Serbia,&hellip;","og_url":"https:\/\/parkdubrova.eu\/it\/ana-beslic-frutto-1975\/","og_site_name":"Parco delle sculture Dubrova","article_publisher":"https:\/\/www.facebook.com\/ParkSkulpturaDubrova\/","article_modified_time":"2021-03-09T06:33:20+00:00","og_image":[{"width":1000,"height":1000,"url":"https:\/\/parkdubrova.eu\/wp-content\/uploads\/2020\/12\/ana-beslic-plod-1975-cube.jpg","type":"image\/jpeg"}],"twitter_card":"summary_large_image","twitter_misc":{"Tempo di lettura stimato":"3 minuti"},"schema":{"@context":"https:\/\/schema.org","@graph":[{"@type":"Organization","@id":"https:\/\/parkdubrova.eu\/#organization","name":"park skulptura dubrova","url":"https:\/\/parkdubrova.eu\/","sameAs":["https:\/\/www.facebook.com\/ParkSkulpturaDubrova\/"],"logo":{"@type":"ImageObject","@id":"https:\/\/parkdubrova.eu\/#logo","inLanguage":"it-IT","url":"https:\/\/parkdubrova.eu\/wp-content\/uploads\/2019\/11\/logo-svijetlo-zeleni.png","contentUrl":"https:\/\/parkdubrova.eu\/wp-content\/uploads\/2019\/11\/logo-svijetlo-zeleni.png","width":309,"height":506,"caption":"park skulptura dubrova"},"image":{"@id":"https:\/\/parkdubrova.eu\/#logo"}},{"@type":"WebSite","@id":"https:\/\/parkdubrova.eu\/#website","url":"https:\/\/parkdubrova.eu\/","name":"Parco delle sculture Dubrova","description":"Parco delle sculture Dubrova","publisher":{"@id":"https:\/\/parkdubrova.eu\/#organization"},"potentialAction":[{"@type":"SearchAction","target":{"@type":"EntryPoint","urlTemplate":"https:\/\/parkdubrova.eu\/?s={search_term_string}"},"query-input":"required name=search_term_string"}],"inLanguage":"it-IT"},{"@type":"ImageObject","@id":"https:\/\/parkdubrova.eu\/it\/ana-beslic-frutto-1975\/#primaryimage","inLanguage":"it-IT","url":"https:\/\/parkdubrova.eu\/wp-content\/uploads\/2020\/12\/ana-beslic-plod-1975-cube.jpg","contentUrl":"https:\/\/parkdubrova.eu\/wp-content\/uploads\/2020\/12\/ana-beslic-plod-1975-cube.jpg","width":1000,"height":1000},{"@type":"WebPage","@id":"https:\/\/parkdubrova.eu\/it\/ana-beslic-frutto-1975\/#webpage","url":"https:\/\/parkdubrova.eu\/it\/ana-beslic-frutto-1975\/","name":"Ana Be\u0161li\u0107, Frutto, 1975 - Parco delle sculture Dubrova","isPartOf":{"@id":"https:\/\/parkdubrova.eu\/#website"},"primaryImageOfPage":{"@id":"https:\/\/parkdubrova.eu\/it\/ana-beslic-frutto-1975\/#primaryimage"},"datePublished":"2019-11-16T09:58:22+00:00","dateModified":"2021-03-09T06:33:20+00:00","breadcrumb":{"@id":"https:\/\/parkdubrova.eu\/it\/ana-beslic-frutto-1975\/#breadcrumb"},"inLanguage":"it-IT","potentialAction":[{"@type":"ReadAction","target":["https:\/\/parkdubrova.eu\/it\/ana-beslic-frutto-1975\/"]}]},{"@type":"BreadcrumbList","@id":"https:\/\/parkdubrova.eu\/it\/ana-beslic-frutto-1975\/#breadcrumb","itemListElement":[{"@type":"ListItem","position":1,"name":"Home","item":"https:\/\/parkdubrova.eu\/it\/"},{"@type":"ListItem","position":2,"name":"Ana Be\u0161li\u0107, Frutto, 1975"}]}]}},"_links":{"self":[{"href":"https:\/\/parkdubrova.eu\/it\/wp-json\/wp\/v2\/pages\/6224"}],"collection":[{"href":"https:\/\/parkdubrova.eu\/it\/wp-json\/wp\/v2\/pages"}],"about":[{"href":"https:\/\/parkdubrova.eu\/it\/wp-json\/wp\/v2\/types\/page"}],"author":[{"embeddable":true,"href":"https:\/\/parkdubrova.eu\/it\/wp-json\/wp\/v2\/users\/2"}],"replies":[{"embeddable":true,"href":"https:\/\/parkdubrova.eu\/it\/wp-json\/wp\/v2\/comments?post=6224"}],"version-history":[{"count":5,"href":"https:\/\/parkdubrova.eu\/it\/wp-json\/wp\/v2\/pages\/6224\/revisions"}],"predecessor-version":[{"id":7412,"href":"https:\/\/parkdubrova.eu\/it\/wp-json\/wp\/v2\/pages\/6224\/revisions\/7412"}],"wp:featuredmedia":[{"embeddable":true,"href":"https:\/\/parkdubrova.eu\/it\/wp-json\/wp\/v2\/media\/6225"}],"wp:attachment":[{"href":"https:\/\/parkdubrova.eu\/it\/wp-json\/wp\/v2\/media?parent=6224"}],"curies":[{"name":"wp","href":"https:\/\/api.w.org\/{rel}","templated":true}]}}