{"id":5719,"date":"2019-11-16T12:51:20","date_gmt":"2019-11-16T12:51:20","guid":{"rendered":"https:\/\/parkdubrova.eu\/ljubomir-de-karina-prodor-dubrova\/"},"modified":"2021-05-06T07:50:30","modified_gmt":"2021-05-06T07:50:30","slug":"ljubomir-de-karina-incursione-dubrova-1992","status":"publish","type":"page","link":"https:\/\/parkdubrova.eu\/it\/ljubomir-de-karina-incursione-dubrova-1992\/","title":{"rendered":"Ljubomir De Karina, Incursione Dubrova, 1992"},"content":{"rendered":"<p>[vc_row full_width=&#8221;stretch_row_content_no_spaces&#8221;][vc_column][vc_row_inner][vc_column_inner el_class=&#8221;artist-banner pt665&#8243; width=&#8221;11\/12&#8243; css=&#8221;.vc_custom_1599197204672{background-image: url(https:\/\/parkdubrova.eu\/wp-content\/uploads\/2020\/09\/LDK_92_baner_1300x655_1.jpg?id=2799) !important;background-position: center !important;background-repeat: no-repeat !important;background-size: cover !important;}&#8221;][vc_single_image image=&#8221;5721&#8243; img_size=&#8221;medium&#8221;][\/vc_column_inner][vc_column_inner width=&#8221;1\/12&#8243;][vc_single_image image=&#8221;4650&#8243; img_size=&#8221;120&#215;386&#8243; el_class=&#8221;sculpture-detail&#8221;][\/vc_column_inner][\/vc_row_inner][vc_row_inner equal_height=&#8221;yes&#8221; content_placement=&#8221;middle&#8221; el_class=&#8221;artist-audio&#8221;][vc_column_inner width=&#8221;1\/12&#8243;][\/vc_column_inner][vc_column_inner el_class=&#8221;artist-number&#8221; width=&#8221;1\/12&#8243;][vc_column_text el_class=&#8221;mb0&#8243;]<\/p>\n<h2>1<\/h2>\n<p>[\/vc_column_text][\/vc_column_inner][vc_column_inner width=&#8221;1\/12&#8243; el_id=&#8221;xtoggle-btn&#8221;][vc_column_text el_class=&#8221;audio-icon&#8221;][\/vc_column_text][\/vc_column_inner][vc_column_inner width=&#8221;2\/3&#8243;][vc_column_text el_class=&#8221;audio1 toggle-container&#8221;]<\/p>\n<!--[if lt IE 9]><script>document.createElement('audio');<\/script><![endif]-->\n<audio class=\"wp-audio-shortcode\" id=\"audio-5719-1\" preload=\"none\" style=\"width: 100%;\" controls=\"controls\"><source type=\"audio\/wav\" src=\"\/wp-content\/uploads\/2020\/03\/1-Ljubomir-De-Karina.wav?_=1\" \/><a href=\"\/wp-content\/uploads\/2020\/03\/1-Ljubomir-De-Karina.wav\">\/wp-content\/uploads\/2020\/03\/1-Ljubomir-De-Karina.wav<\/a><\/audio>\n<p>[\/vc_column_text][\/vc_column_inner][vc_column_inner width=&#8221;1\/12&#8243;][\/vc_column_inner][\/vc_row_inner][vc_row_inner equal_height=&#8221;yes&#8221; el_class=&#8221;artist-an&#8221;][vc_column_inner el_class=&#8221;grey-bcg&#8221; width=&#8221;1\/12&#8243;][vc_single_image image=&#8221;7131&#8243; img_size=&#8221;full&#8221; onclick=&#8221;custom_link&#8221; link=&#8221;\/?page_id=7767&#8243; el_class=&#8221;artist-arrow-left&#8221;][\/vc_column_inner][vc_column_inner el_class=&#8221;artist&#8221; width=&#8221;5\/6&#8243;][vc_column_text el_class=&#8221;artist-name&#8221;]<\/p>\n<h2>Ljubomir De Karina, HRV<\/h2>\n<div id=\"gtx-trans\" style=\"position: absolute; left: -38px; top: -11.5781px;\">\n<div class=\"gtx-trans-icon\"><\/div>\n<\/div>\n<p>[\/vc_column_text][vc_column_text el_class=&#8221;artist-birth&#8221;](Fiume, 1948)[\/vc_column_text][\/vc_column_inner][vc_column_inner el_class=&#8221;grey-bcg&#8221; width=&#8221;1\/12&#8243;][vc_single_image image=&#8221;376&#8243; img_size=&#8221;full&#8221; onclick=&#8221;custom_link&#8221; el_class=&#8221;artist-arrow-right&#8221; link=&#8221;\/?page_id=1410&#8243;][\/vc_column_inner][\/vc_row_inner][vc_row_inner equal_height=&#8221;yes&#8221; el_class=&#8221;columns-hgt-500 artist-bw&#8221;][vc_column_inner el_class=&#8221;grey-bcg&#8221; width=&#8221;1\/12&#8243;][\/vc_column_inner][vc_column_inner el_class=&#8221;artist-bio&#8221; width=&#8221;5\/12&#8243;][vc_column_text]\u00c8 nato a Fiume nel 1948. Si \u00e8 laureato in scultura all\u2019Accademia di belle arti di Lubiana nel 1972, nella classe del prof. Zdenko Kalin. Dopo la laurea si \u00e8 perfezionato al Laboratorio dei maestri Vanja Radau\u0161 e Antun Augustin\u010di\u0107. Dal 1973 acquisisce lo status di artista professionista e da allora si occupa esclusivamente di scultura. Fu direttore artistico del Sentiero glagolitico di Ba\u0161ka nell\u2019ambito del quale ha scolpito tre monumentali lettere glagolitiche e un bassorilievo a pavimento. \u00c8 autore inoltre di molte sculture pubbliche ed ha esposto in molte mostre individuali e collettive in Croazia e all\u2019estero. Ha partecipato a numerosi simposi e laboratori di scultura. Le sue opere si trovano in molte collezioni pubbliche e private. \u00c8 stato diverse volte premiato per il suo lavoro. \u00c8 membro dell\u2019HDLU (Societ\u00e0 croata degli artisti figurativi) di Zagabria e Fiume. Vive e lavora a Brse\u010d.<\/p>\n<p>Al Simposio Mediterraneo di scultura ha partecipato due volte, nel 1987 e nel 1992.[\/vc_column_text][\/vc_column_inner][vc_column_inner el_class=&#8221;artist-work&#8221; width=&#8221;5\/12&#8243;][vc_column_text el_class=&#8221;artist-work-name&#8221;]Titolo dell`opera: Incursione Dubrova<br \/>\nAnno: 1992<br \/>\nDimensioni: H.l.L. 300 x 117 x 130 cm<br \/>\nSito: Parco delle sculture Dubrova<br \/>\n[\/vc_column_text][vc_separator][vc_column_text el_class=&#8221;artist-work-name&#8221;]Titolo dell`opera: <a href=\"https:\/\/parkdubrova.eu\/ljubomir-de-karina-veliki-prodor-i\/\">Grande incursione I<\/a><br \/>\nAnno: 1987<br \/>\nDimensioni: H.l.L. 270 x 90 x 120 cm<br \/>\nSito: Parco delle sculture Dubrova<br \/>\n[\/vc_column_text][\/vc_column_inner][vc_column_inner el_class=&#8221;grey-bcg&#8221; width=&#8221;1\/12&#8243;][\/vc_column_inner][\/vc_row_inner][vc_row_inner equal_height=&#8221;yes&#8221; el_class=&#8221;artist-gp&#8221;][vc_column_inner el_class=&#8221;grey-bcg&#8221; width=&#8221;1\/12&#8243;][\/vc_column_inner][vc_column_inner el_class=&#8221;artist-separator&#8221; width=&#8221;10\/12&#8243;][vc_column_text el_class=&#8221;artist-gallery&#8221;]<div id=\"envira-gallery-wrap-5732\" class=\"envira-gallery-wrap envira-gallery-theme-base envira-lightbox-theme-base\" itemscope itemtype=\"https:\/\/schema.org\/ImageGallery\"><div data-row-height=\"400\" data-gallery-theme=\"normal\" id=\"envira-gallery-5732\" class=\"envira-gallery-public envira-gallery-justified-public envira-gallery-0-columns envira-clear enviratope envira-gallery-css-animations\" data-envira-columns=\"0\"><div id=\"envira-gallery-item-5733\" class=\"envira-gallery-item enviratope-item envira-gallery-item-1\" style=\"padding-left: 5px; padding-bottom: 10px; padding-right: 5px;\"  itemscope itemtype=\"https:\/\/schema.org\/ImageObject\"><div class=\"envira-gallery-item-inner\"><div class=\"envira-gallery-position-overlay  envira-gallery-top-left\"><\/div><div class=\"envira-gallery-position-overlay  envira-gallery-top-right\"><\/div><div class=\"envira-gallery-position-overlay  envira-gallery-bottom-left\"><\/div><div class=\"envira-gallery-position-overlay  envira-gallery-bottom-right\"><\/div><a href=\"https:\/\/parkdubrova.eu\/wp-content\/uploads\/2020\/09\/ljubomir-de-karina-prodor-dubrova-1991-01-scaled.jpg\" class=\"envira-gallery-5732 envira-gallery-link\" rel=\"enviragallery5732\" title=\"Ljubomir De Karina, Incursione Dubrova, 1992\" data-envira-caption=\"Ljubomir De Karina, Incursione Dubrova, 1992\" data-envira-retina=\"\" data-thumbnail=\"\"  itemprop=\"contentUrl\"><img id=\"envira-gallery-image-5733\" class=\"envira-gallery-image envira-gallery-image-1 envira-normal \" data-envira-index=\"1\" src=\"https:\/\/parkdubrova.eu\/wp-content\/uploads\/2020\/09\/ljubomir-de-karina-prodor-dubrova-1991-01-1000x667-640x480.jpg\" data-envira-src=\"https:\/\/parkdubrova.eu\/wp-content\/uploads\/2020\/09\/ljubomir-de-karina-prodor-dubrova-1991-01-1000x667-640x480.jpg\" data-envira-gallery-id=\"5732\" data-envira-item-id=\"5733\" data-envira-caption=\"Ljubomir De Karina, Incursione Dubrova, 1992\" alt=\"Ljubomir De Karina, Incursione Dubrova, 1992\" title=\"Ljubomir De Karina, Incursione Dubrova, 1992\"  itemprop=\"thumbnailUrl\" data-envira-srcset=\"https:\/\/parkdubrova.eu\/wp-content\/uploads\/2020\/09\/ljubomir-de-karina-prodor-dubrova-1991-01-1000x667-640x480.jpg 400w,https:\/\/parkdubrova.eu\/wp-content\/uploads\/2020\/09\/ljubomir-de-karina-prodor-dubrova-1991-01-1000x667-640x480.jpg 2x\" data-envira-width=\"1000\" data-envira-height=\"667\" srcset=\"https:\/\/parkdubrova.eu\/wp-content\/uploads\/2020\/09\/ljubomir-de-karina-prodor-dubrova-1991-01-scaled-1280x960.jpg 2x\" data-safe-src=\"https:\/\/parkdubrova.eu\/wp-content\/uploads\/2020\/09\/ljubomir-de-karina-prodor-dubrova-1991-01-1000x667-640x480.jpg\" \/><\/a><\/div><\/div><div id=\"envira-gallery-item-5739\" class=\"envira-gallery-item enviratope-item envira-gallery-item-2\" style=\"padding-left: 5px; padding-bottom: 10px; padding-right: 5px;\"  itemscope itemtype=\"https:\/\/schema.org\/ImageObject\"><div class=\"envira-gallery-item-inner\"><div class=\"envira-gallery-position-overlay  envira-gallery-top-left\"><\/div><div class=\"envira-gallery-position-overlay  envira-gallery-top-right\"><\/div><div class=\"envira-gallery-position-overlay  envira-gallery-bottom-left\"><\/div><div class=\"envira-gallery-position-overlay  envira-gallery-bottom-right\"><\/div><a href=\"https:\/\/parkdubrova.eu\/wp-content\/uploads\/2020\/09\/ljubomir-de-karina-prodor-dubrova-1991-02-scaled-1.jpg\" class=\"envira-gallery-5732 envira-gallery-link\" rel=\"enviragallery5732\" title=\"Ljubomir De Karina, Incursione Dubrova, 1992\" data-envira-caption=\"Ljubomir De Karina, Incursione Dubrova, 1992\" data-envira-retina=\"\" data-thumbnail=\"\"  itemprop=\"contentUrl\"><img id=\"envira-gallery-image-5739\" class=\"envira-gallery-image envira-gallery-image-2 envira-normal \" data-envira-index=\"2\" src=\"https:\/\/parkdubrova.eu\/wp-content\/uploads\/2020\/09\/ljubomir-de-karina-prodor-dubrova-1991-02-scaled-1-1000x667-640x480.jpg\" data-envira-src=\"https:\/\/parkdubrova.eu\/wp-content\/uploads\/2020\/09\/ljubomir-de-karina-prodor-dubrova-1991-02-scaled-1-1000x667-640x480.jpg\" data-envira-gallery-id=\"5732\" data-envira-item-id=\"5739\" data-envira-caption=\"Ljubomir De Karina, Incursione Dubrova, 1992\" alt=\"Ljubomir De Karina, Incursione Dubrova, 1992\" title=\"Ljubomir De Karina, Incursione Dubrova, 1992\"  itemprop=\"thumbnailUrl\" data-envira-srcset=\"https:\/\/parkdubrova.eu\/wp-content\/uploads\/2020\/09\/ljubomir-de-karina-prodor-dubrova-1991-02-scaled-1-1000x667-640x480.jpg 400w,https:\/\/parkdubrova.eu\/wp-content\/uploads\/2020\/09\/ljubomir-de-karina-prodor-dubrova-1991-02-scaled-1-1000x667-640x480.jpg 2x\" data-envira-width=\"1000\" data-envira-height=\"667\" srcset=\"https:\/\/parkdubrova.eu\/wp-content\/uploads\/2020\/09\/ljubomir-de-karina-prodor-dubrova-1991-02-scaled-1-1280x960.jpg 2x\" data-safe-src=\"https:\/\/parkdubrova.eu\/wp-content\/uploads\/2020\/09\/ljubomir-de-karina-prodor-dubrova-1991-02-scaled-1-1000x667-640x480.jpg\" \/><\/a><\/div><\/div><\/div><\/div><noscript><img src=\"https:\/\/parkdubrova.eu\/wp-content\/uploads\/2020\/09\/ljubomir-de-karina-prodor-dubrova-1991-01-scaled.jpg\" alt=\"Ljubomir De Karina, Incursione Dubrova, 1992\" \/><img src=\"https:\/\/parkdubrova.eu\/wp-content\/uploads\/2020\/09\/ljubomir-de-karina-prodor-dubrova-1991-02-scaled-1.jpg\" alt=\"Ljubomir De Karina, Incursione Dubrova, 1992\" \/><\/noscript>[\/vc_column_text][\/vc_column_inner][vc_column_inner el_class=&#8221;grey-bcg&#8221; width=&#8221;1\/12&#8243;][\/vc_column_inner][\/vc_row_inner][\/vc_column][\/vc_row][vc_row full_width=&#8221;stretch_row&#8221; el_class=&#8221;grey-bcg pt200&#8243;][vc_column][\/vc_column][\/vc_row]<\/p>\n","protected":false},"excerpt":{"rendered":"<p>[vc_row full_width=&#8221;stretch_row_content_no_spaces&#8221;][vc_column][vc_row_inner][vc_column_inner el_class=&#8221;artist-banner pt665&#8243; width=&#8221;11\/12&#8243; css=&#8221;.vc_custom_1599197204672{background-image: url(https:\/\/parkdubrova.eu\/wp-content\/uploads\/2020\/09\/LDK_92_baner_1300x655_1.jpg?id=2799) !important;background-position: center !important;background-repeat: no-repeat !important;background-size: cover !important;}&#8221;][vc_single_image image=&#8221;5721&#8243; img_size=&#8221;medium&#8221;][\/vc_column_inner][vc_column_inner width=&#8221;1\/12&#8243;][vc_single_image image=&#8221;4650&#8243; img_size=&#8221;120&#215;386&#8243; el_class=&#8221;sculpture-detail&#8221;][\/vc_column_inner][\/vc_row_inner][vc_row_inner equal_height=&#8221;yes&#8221; content_placement=&#8221;middle&#8221; el_class=&#8221;artist-audio&#8221;][vc_column_inner width=&#8221;1\/12&#8243;][\/vc_column_inner][vc_column_inner el_class=&#8221;artist-number&#8221; width=&#8221;1\/12&#8243;][vc_column_text el_class=&#8221;mb0&#8243;] 1 [\/vc_column_text][\/vc_column_inner][vc_column_inner width=&#8221;1\/12&#8243; el_id=&#8221;xtoggle-btn&#8221;][vc_column_text el_class=&#8221;audio-icon&#8221;][\/vc_column_text][\/vc_column_inner][vc_column_inner width=&#8221;2\/3&#8243;][vc_column_text el_class=&#8221;audio1 toggle-container&#8221;] [\/vc_column_text][\/vc_column_inner][vc_column_inner width=&#8221;1\/12&#8243;][\/vc_column_inner][\/vc_row_inner][vc_row_inner equal_height=&#8221;yes&#8221; el_class=&#8221;artist-an&#8221;][vc_column_inner el_class=&#8221;grey-bcg&#8221; width=&#8221;1\/12&#8243;][vc_single_image image=&#8221;7131&#8243; img_size=&#8221;full&#8221; onclick=&#8221;custom_link&#8221; link=&#8221;\/?page_id=7767&#8243; el_class=&#8221;artist-arrow-left&#8221;][\/vc_column_inner][vc_column_inner el_class=&#8221;artist&#8221; width=&#8221;5\/6&#8243;][vc_column_text el_class=&#8221;artist-name&#8221;] Ljubomir De Karina, HRV [\/vc_column_text][vc_column_text el_class=&#8221;artist-birth&#8221;](Fiume,&hellip;<\/p>\n","protected":false},"author":2,"featured_media":5721,"parent":0,"menu_order":0,"comment_status":"closed","ping_status":"closed","template":"","meta":[],"yoast_head":"<!-- This site is optimized with the Yoast SEO plugin v17.8 - https:\/\/yoast.com\/wordpress\/plugins\/seo\/ -->\n<title>Ljubomir De Karina, Incursione Dubrova, 1992 - Parco delle sculture Dubrova<\/title>\n<meta name=\"robots\" content=\"index, follow, max-snippet:-1, max-image-preview:large, max-video-preview:-1\" \/>\n<link rel=\"canonical\" href=\"https:\/\/parkdubrova.eu\/it\/ljubomir-de-karina-incursione-dubrova-1992\/\" \/>\n<meta property=\"og:locale\" content=\"it_IT\" \/>\n<meta property=\"og:type\" content=\"article\" \/>\n<meta property=\"og:title\" content=\"Ljubomir De Karina, Incursione Dubrova, 1992 - Parco delle sculture Dubrova\" \/>\n<meta property=\"og:description\" content=\"[vc_row full_width=&#8221;stretch_row_content_no_spaces&#8221;][vc_column][vc_row_inner][vc_column_inner el_class=&#8221;artist-banner pt665&#8243; width=&#8221;11\/12&#8243; css=&#8221;.vc_custom_1599197204672{background-image: url(https:\/\/parkdubrova.eu\/wp-content\/uploads\/2020\/09\/LDK_92_baner_1300x655_1.jpg?id=2799) !important;background-position: center !important;background-repeat: no-repeat !important;background-size: cover !important;}&#8221;][vc_single_image image=&#8221;5721&#8243; img_size=&#8221;medium&#8221;][\/vc_column_inner][vc_column_inner width=&#8221;1\/12&#8243;][vc_single_image image=&#8221;4650&#8243; img_size=&#8221;120&#215;386&#8243; el_class=&#8221;sculpture-detail&#8221;][\/vc_column_inner][\/vc_row_inner][vc_row_inner equal_height=&#8221;yes&#8221; content_placement=&#8221;middle&#8221; el_class=&#8221;artist-audio&#8221;][vc_column_inner width=&#8221;1\/12&#8243;][\/vc_column_inner][vc_column_inner el_class=&#8221;artist-number&#8221; width=&#8221;1\/12&#8243;][vc_column_text el_class=&#8221;mb0&#8243;] 1 [\/vc_column_text][\/vc_column_inner][vc_column_inner width=&#8221;1\/12&#8243; el_id=&#8221;xtoggle-btn&#8221;][vc_column_text el_class=&#8221;audio-icon&#8221;][\/vc_column_text][\/vc_column_inner][vc_column_inner width=&#8221;2\/3&#8243;][vc_column_text el_class=&#8221;audio1 toggle-container&#8221;] [\/vc_column_text][\/vc_column_inner][vc_column_inner width=&#8221;1\/12&#8243;][\/vc_column_inner][\/vc_row_inner][vc_row_inner equal_height=&#8221;yes&#8221; el_class=&#8221;artist-an&#8221;][vc_column_inner el_class=&#8221;grey-bcg&#8221; width=&#8221;1\/12&#8243;][vc_single_image image=&#8221;7131&#8243; img_size=&#8221;full&#8221; onclick=&#8221;custom_link&#8221; link=&#8221;\/?page_id=7767&#8243; el_class=&#8221;artist-arrow-left&#8221;][\/vc_column_inner][vc_column_inner el_class=&#8221;artist&#8221; width=&#8221;5\/6&#8243;][vc_column_text el_class=&#8221;artist-name&#8221;] Ljubomir De Karina, HRV [\/vc_column_text][vc_column_text el_class=&#8221;artist-birth&#8221;](Fiume,&hellip;\" \/>\n<meta property=\"og:url\" content=\"https:\/\/parkdubrova.eu\/it\/ljubomir-de-karina-incursione-dubrova-1992\/\" \/>\n<meta property=\"og:site_name\" content=\"Parco delle sculture Dubrova\" \/>\n<meta property=\"article:publisher\" content=\"https:\/\/www.facebook.com\/ParkSkulpturaDubrova\/\" \/>\n<meta property=\"article:modified_time\" content=\"2021-05-06T07:50:30+00:00\" \/>\n<meta property=\"og:image\" content=\"https:\/\/parkdubrova.eu\/wp-content\/uploads\/2020\/12\/ljubomir-de-karina-prodor-dubrova-1992-cube.jpg\" \/>\n\t<meta property=\"og:image:width\" content=\"1000\" \/>\n\t<meta property=\"og:image:height\" content=\"1000\" \/>\n<meta name=\"twitter:card\" content=\"summary_large_image\" \/>\n<meta name=\"twitter:label1\" content=\"Tempo di lettura stimato\" \/>\n\t<meta name=\"twitter:data1\" content=\"3 minuti\" \/>\n<script type=\"application\/ld+json\" class=\"yoast-schema-graph\">{\"@context\":\"https:\/\/schema.org\",\"@graph\":[{\"@type\":\"Organization\",\"@id\":\"https:\/\/parkdubrova.eu\/#organization\",\"name\":\"park skulptura dubrova\",\"url\":\"https:\/\/parkdubrova.eu\/\",\"sameAs\":[\"https:\/\/www.facebook.com\/ParkSkulpturaDubrova\/\"],\"logo\":{\"@type\":\"ImageObject\",\"@id\":\"https:\/\/parkdubrova.eu\/#logo\",\"inLanguage\":\"it-IT\",\"url\":\"https:\/\/parkdubrova.eu\/wp-content\/uploads\/2019\/11\/logo-svijetlo-zeleni.png\",\"contentUrl\":\"https:\/\/parkdubrova.eu\/wp-content\/uploads\/2019\/11\/logo-svijetlo-zeleni.png\",\"width\":309,\"height\":506,\"caption\":\"park skulptura dubrova\"},\"image\":{\"@id\":\"https:\/\/parkdubrova.eu\/#logo\"}},{\"@type\":\"WebSite\",\"@id\":\"https:\/\/parkdubrova.eu\/#website\",\"url\":\"https:\/\/parkdubrova.eu\/\",\"name\":\"Parco delle sculture Dubrova\",\"description\":\"Parco delle sculture Dubrova\",\"publisher\":{\"@id\":\"https:\/\/parkdubrova.eu\/#organization\"},\"potentialAction\":[{\"@type\":\"SearchAction\",\"target\":{\"@type\":\"EntryPoint\",\"urlTemplate\":\"https:\/\/parkdubrova.eu\/?s={search_term_string}\"},\"query-input\":\"required name=search_term_string\"}],\"inLanguage\":\"it-IT\"},{\"@type\":\"ImageObject\",\"@id\":\"https:\/\/parkdubrova.eu\/it\/ljubomir-de-karina-incursione-dubrova-1992\/#primaryimage\",\"inLanguage\":\"it-IT\",\"url\":\"https:\/\/parkdubrova.eu\/wp-content\/uploads\/2020\/12\/ljubomir-de-karina-prodor-dubrova-1992-cube.jpg\",\"contentUrl\":\"https:\/\/parkdubrova.eu\/wp-content\/uploads\/2020\/12\/ljubomir-de-karina-prodor-dubrova-1992-cube.jpg\",\"width\":1000,\"height\":1000},{\"@type\":\"WebPage\",\"@id\":\"https:\/\/parkdubrova.eu\/it\/ljubomir-de-karina-incursione-dubrova-1992\/#webpage\",\"url\":\"https:\/\/parkdubrova.eu\/it\/ljubomir-de-karina-incursione-dubrova-1992\/\",\"name\":\"Ljubomir De Karina, Incursione Dubrova, 1992 - Parco delle sculture Dubrova\",\"isPartOf\":{\"@id\":\"https:\/\/parkdubrova.eu\/#website\"},\"primaryImageOfPage\":{\"@id\":\"https:\/\/parkdubrova.eu\/it\/ljubomir-de-karina-incursione-dubrova-1992\/#primaryimage\"},\"datePublished\":\"2019-11-16T12:51:20+00:00\",\"dateModified\":\"2021-05-06T07:50:30+00:00\",\"breadcrumb\":{\"@id\":\"https:\/\/parkdubrova.eu\/it\/ljubomir-de-karina-incursione-dubrova-1992\/#breadcrumb\"},\"inLanguage\":\"it-IT\",\"potentialAction\":[{\"@type\":\"ReadAction\",\"target\":[\"https:\/\/parkdubrova.eu\/it\/ljubomir-de-karina-incursione-dubrova-1992\/\"]}]},{\"@type\":\"BreadcrumbList\",\"@id\":\"https:\/\/parkdubrova.eu\/it\/ljubomir-de-karina-incursione-dubrova-1992\/#breadcrumb\",\"itemListElement\":[{\"@type\":\"ListItem\",\"position\":1,\"name\":\"Home\",\"item\":\"https:\/\/parkdubrova.eu\/it\/\"},{\"@type\":\"ListItem\",\"position\":2,\"name\":\"Ljubomir De Karina, Incursione Dubrova, 1992\"}]}]}<\/script>\n<!-- \/ Yoast SEO plugin. -->","yoast_head_json":{"title":"Ljubomir De Karina, Incursione Dubrova, 1992 - Parco delle sculture Dubrova","robots":{"index":"index","follow":"follow","max-snippet":"max-snippet:-1","max-image-preview":"max-image-preview:large","max-video-preview":"max-video-preview:-1"},"canonical":"https:\/\/parkdubrova.eu\/it\/ljubomir-de-karina-incursione-dubrova-1992\/","og_locale":"it_IT","og_type":"article","og_title":"Ljubomir De Karina, Incursione Dubrova, 1992 - Parco delle sculture Dubrova","og_description":"[vc_row full_width=&#8221;stretch_row_content_no_spaces&#8221;][vc_column][vc_row_inner][vc_column_inner el_class=&#8221;artist-banner pt665&#8243; width=&#8221;11\/12&#8243; css=&#8221;.vc_custom_1599197204672{background-image: url(https:\/\/parkdubrova.eu\/wp-content\/uploads\/2020\/09\/LDK_92_baner_1300x655_1.jpg?id=2799) !important;background-position: center !important;background-repeat: no-repeat !important;background-size: cover !important;}&#8221;][vc_single_image image=&#8221;5721&#8243; img_size=&#8221;medium&#8221;][\/vc_column_inner][vc_column_inner width=&#8221;1\/12&#8243;][vc_single_image image=&#8221;4650&#8243; img_size=&#8221;120&#215;386&#8243; el_class=&#8221;sculpture-detail&#8221;][\/vc_column_inner][\/vc_row_inner][vc_row_inner equal_height=&#8221;yes&#8221; content_placement=&#8221;middle&#8221; el_class=&#8221;artist-audio&#8221;][vc_column_inner width=&#8221;1\/12&#8243;][\/vc_column_inner][vc_column_inner el_class=&#8221;artist-number&#8221; width=&#8221;1\/12&#8243;][vc_column_text el_class=&#8221;mb0&#8243;] 1 [\/vc_column_text][\/vc_column_inner][vc_column_inner width=&#8221;1\/12&#8243; el_id=&#8221;xtoggle-btn&#8221;][vc_column_text el_class=&#8221;audio-icon&#8221;][\/vc_column_text][\/vc_column_inner][vc_column_inner width=&#8221;2\/3&#8243;][vc_column_text el_class=&#8221;audio1 toggle-container&#8221;] [\/vc_column_text][\/vc_column_inner][vc_column_inner width=&#8221;1\/12&#8243;][\/vc_column_inner][\/vc_row_inner][vc_row_inner equal_height=&#8221;yes&#8221; el_class=&#8221;artist-an&#8221;][vc_column_inner el_class=&#8221;grey-bcg&#8221; width=&#8221;1\/12&#8243;][vc_single_image image=&#8221;7131&#8243; img_size=&#8221;full&#8221; onclick=&#8221;custom_link&#8221; link=&#8221;\/?page_id=7767&#8243; el_class=&#8221;artist-arrow-left&#8221;][\/vc_column_inner][vc_column_inner el_class=&#8221;artist&#8221; width=&#8221;5\/6&#8243;][vc_column_text el_class=&#8221;artist-name&#8221;] Ljubomir De Karina, HRV [\/vc_column_text][vc_column_text el_class=&#8221;artist-birth&#8221;](Fiume,&hellip;","og_url":"https:\/\/parkdubrova.eu\/it\/ljubomir-de-karina-incursione-dubrova-1992\/","og_site_name":"Parco delle sculture Dubrova","article_publisher":"https:\/\/www.facebook.com\/ParkSkulpturaDubrova\/","article_modified_time":"2021-05-06T07:50:30+00:00","og_image":[{"width":1000,"height":1000,"url":"https:\/\/parkdubrova.eu\/wp-content\/uploads\/2020\/12\/ljubomir-de-karina-prodor-dubrova-1992-cube.jpg","type":"image\/jpeg"}],"twitter_card":"summary_large_image","twitter_misc":{"Tempo di lettura stimato":"3 minuti"},"schema":{"@context":"https:\/\/schema.org","@graph":[{"@type":"Organization","@id":"https:\/\/parkdubrova.eu\/#organization","name":"park skulptura dubrova","url":"https:\/\/parkdubrova.eu\/","sameAs":["https:\/\/www.facebook.com\/ParkSkulpturaDubrova\/"],"logo":{"@type":"ImageObject","@id":"https:\/\/parkdubrova.eu\/#logo","inLanguage":"it-IT","url":"https:\/\/parkdubrova.eu\/wp-content\/uploads\/2019\/11\/logo-svijetlo-zeleni.png","contentUrl":"https:\/\/parkdubrova.eu\/wp-content\/uploads\/2019\/11\/logo-svijetlo-zeleni.png","width":309,"height":506,"caption":"park skulptura dubrova"},"image":{"@id":"https:\/\/parkdubrova.eu\/#logo"}},{"@type":"WebSite","@id":"https:\/\/parkdubrova.eu\/#website","url":"https:\/\/parkdubrova.eu\/","name":"Parco delle sculture Dubrova","description":"Parco delle sculture Dubrova","publisher":{"@id":"https:\/\/parkdubrova.eu\/#organization"},"potentialAction":[{"@type":"SearchAction","target":{"@type":"EntryPoint","urlTemplate":"https:\/\/parkdubrova.eu\/?s={search_term_string}"},"query-input":"required name=search_term_string"}],"inLanguage":"it-IT"},{"@type":"ImageObject","@id":"https:\/\/parkdubrova.eu\/it\/ljubomir-de-karina-incursione-dubrova-1992\/#primaryimage","inLanguage":"it-IT","url":"https:\/\/parkdubrova.eu\/wp-content\/uploads\/2020\/12\/ljubomir-de-karina-prodor-dubrova-1992-cube.jpg","contentUrl":"https:\/\/parkdubrova.eu\/wp-content\/uploads\/2020\/12\/ljubomir-de-karina-prodor-dubrova-1992-cube.jpg","width":1000,"height":1000},{"@type":"WebPage","@id":"https:\/\/parkdubrova.eu\/it\/ljubomir-de-karina-incursione-dubrova-1992\/#webpage","url":"https:\/\/parkdubrova.eu\/it\/ljubomir-de-karina-incursione-dubrova-1992\/","name":"Ljubomir De Karina, Incursione Dubrova, 1992 - Parco delle sculture Dubrova","isPartOf":{"@id":"https:\/\/parkdubrova.eu\/#website"},"primaryImageOfPage":{"@id":"https:\/\/parkdubrova.eu\/it\/ljubomir-de-karina-incursione-dubrova-1992\/#primaryimage"},"datePublished":"2019-11-16T12:51:20+00:00","dateModified":"2021-05-06T07:50:30+00:00","breadcrumb":{"@id":"https:\/\/parkdubrova.eu\/it\/ljubomir-de-karina-incursione-dubrova-1992\/#breadcrumb"},"inLanguage":"it-IT","potentialAction":[{"@type":"ReadAction","target":["https:\/\/parkdubrova.eu\/it\/ljubomir-de-karina-incursione-dubrova-1992\/"]}]},{"@type":"BreadcrumbList","@id":"https:\/\/parkdubrova.eu\/it\/ljubomir-de-karina-incursione-dubrova-1992\/#breadcrumb","itemListElement":[{"@type":"ListItem","position":1,"name":"Home","item":"https:\/\/parkdubrova.eu\/it\/"},{"@type":"ListItem","position":2,"name":"Ljubomir De Karina, Incursione Dubrova, 1992"}]}]}},"_links":{"self":[{"href":"https:\/\/parkdubrova.eu\/it\/wp-json\/wp\/v2\/pages\/5719"}],"collection":[{"href":"https:\/\/parkdubrova.eu\/it\/wp-json\/wp\/v2\/pages"}],"about":[{"href":"https:\/\/parkdubrova.eu\/it\/wp-json\/wp\/v2\/types\/page"}],"author":[{"embeddable":true,"href":"https:\/\/parkdubrova.eu\/it\/wp-json\/wp\/v2\/users\/2"}],"replies":[{"embeddable":true,"href":"https:\/\/parkdubrova.eu\/it\/wp-json\/wp\/v2\/comments?post=5719"}],"version-history":[{"count":9,"href":"https:\/\/parkdubrova.eu\/it\/wp-json\/wp\/v2\/pages\/5719\/revisions"}],"predecessor-version":[{"id":7859,"href":"https:\/\/parkdubrova.eu\/it\/wp-json\/wp\/v2\/pages\/5719\/revisions\/7859"}],"wp:featuredmedia":[{"embeddable":true,"href":"https:\/\/parkdubrova.eu\/it\/wp-json\/wp\/v2\/media\/5721"}],"wp:attachment":[{"href":"https:\/\/parkdubrova.eu\/it\/wp-json\/wp\/v2\/media?parent=5719"}],"curies":[{"name":"wp","href":"https:\/\/api.w.org\/{rel}","templated":true}]}}