{"id":6090,"date":"2019-11-16T00:46:26","date_gmt":"2019-11-16T00:46:26","guid":{"rendered":"https:\/\/parkdubrova.eu\/vanja-radaus\/"},"modified":"2021-03-08T16:37:21","modified_gmt":"2021-03-08T16:37:21","slug":"vanja-radaus-head-1971","status":"publish","type":"page","link":"https:\/\/parkdubrova.eu\/en\/vanja-radaus-head-1971\/","title":{"rendered":"Vanja Radau\u0161, Head, 1971"},"content":{"rendered":"<p>[vc_row full_width=&#8221;stretch_row_content_no_spaces&#8221;][vc_column][vc_row_inner][vc_column_inner el_class=&#8221;artist-banner pt665&#8243; width=&#8221;11\/12&#8243; css=&#8221;.vc_custom_1573865309926{background-image: url(https:\/\/parkdubrova.eu\/wp-content\/uploads\/2019\/07\/VR_71_baner_1300x655.jpg?id=887) !important;background-position: center !important;background-repeat: no-repeat !important;background-size: cover !important;}&#8221;][vc_single_image image=&#8221;6091&#8243; img_size=&#8221;medium&#8221;][\/vc_column_inner][vc_column_inner width=&#8221;1\/12&#8243;][vc_single_image image=&#8221;4650&#8243; img_size=&#8221;120&#215;386&#8243; el_class=&#8221;sculpture-detail&#8221;][\/vc_column_inner][\/vc_row_inner][vc_row_inner equal_height=&#8221;yes&#8221; content_placement=&#8221;middle&#8221; el_class=&#8221;artist-audio&#8221;][vc_column_inner width=&#8221;1\/12&#8243;][\/vc_column_inner][vc_column_inner el_class=&#8221;artist-number&#8221; width=&#8221;1\/12&#8243;][vc_column_text el_class=&#8221;mb0&#8243;]<\/p>\n<h2>17<\/h2>\n<p>[\/vc_column_text][\/vc_column_inner][vc_column_inner width=&#8221;1\/12&#8243; el_id=&#8221;xtoggle-btn&#8221;][vc_column_text el_class=&#8221;audio-icon&#8221;][\/vc_column_text][\/vc_column_inner][vc_column_inner width=&#8221;2\/3&#8243;][vc_column_text el_class=&#8221;audio1 toggle-container&#8221;]<\/p>\n<!--[if lt IE 9]><script>document.createElement('audio');<\/script><![endif]-->\n<audio class=\"wp-audio-shortcode\" id=\"audio-6090-1\" preload=\"none\" style=\"width: 100%;\" controls=\"controls\"><source type=\"audio\/wav\" src=\"\/wp-content\/uploads\/2020\/03\/17-Vanja-Radaus.wav?_=1\" \/><a href=\"\/wp-content\/uploads\/2020\/03\/17-Vanja-Radaus.wav\">\/wp-content\/uploads\/2020\/03\/17-Vanja-Radaus.wav<\/a><\/audio>\n<p>[\/vc_column_text][\/vc_column_inner][vc_column_inner width=&#8221;1\/12&#8243;][\/vc_column_inner][\/vc_row_inner][vc_row_inner equal_height=&#8221;yes&#8221; el_class=&#8221;artist-an&#8221;][vc_column_inner el_class=&#8221;grey-bcg&#8221; width=&#8221;1\/12&#8243;][vc_single_image image=&#8221;7128&#8243; img_size=&#8221;full&#8221; onclick=&#8221;custom_link&#8221; el_class=&#8221;artist-arrow-left&#8221; link=&#8221;\/?page_id=1015&#8243;][\/vc_column_inner][vc_column_inner el_class=&#8221;artist&#8221; width=&#8221;5\/6&#8243;][vc_column_text el_class=&#8221;artist-name&#8221;]<\/p>\n<h2>Vanja Radau\u0161, HRV<\/h2>\n<p>[\/vc_column_text][vc_column_text el_class=&#8221;artist-birth&#8221;](Vinkovci, 1906 \u2013 Zagreb, 1975)[\/vc_column_text][\/vc_column_inner][vc_column_inner el_class=&#8221;grey-bcg&#8221; width=&#8221;1\/12&#8243;][vc_single_image image=&#8221;376&#8243; img_size=&#8221;full&#8221; onclick=&#8221;custom_link&#8221; el_class=&#8221;artist-arrow-right&#8221; link=&#8221;\/?page_id=1443&#8243;][\/vc_column_inner][\/vc_row_inner][vc_row_inner equal_height=&#8221;yes&#8221; el_class=&#8221;columns-hgt-500 artist-bw&#8221;][vc_column_inner el_class=&#8221;grey-bcg&#8221; width=&#8221;1\/12&#8243;][\/vc_column_inner][vc_column_inner el_class=&#8221;artist-bio&#8221; width=&#8221;5\/12&#8243;][vc_column_text]Vanja Radau\u0161 was born in Vinkovci in 1906. He obtained a degree in sculpture from the Academy of Fine Arts in Zagreb in 1930, in the class of Prof. Ivan Me\u0161trovi\u0107. He studied in Paris in 1931 and 1932 and became a member of the group &#8220;Earth&#8221;. He was a full professor at the Zagreb Academy of Fine Arts from 1945 to 1969, and became the head of a specialist postgraduate course in 1950. In 1947, he became a member of the Croatian Academy of Sciences and Arts (the then JAZU). In 1937, he began experimenting with decalcomania, the beginnings of abstract painting in Croatia. He is the author of more than a hundred public monuments and busts and a series of sculptural cycles. He participated in the Venice Biennale in 1950 with Vojin Baki\u0107, Kosta Angeli Radovani and Zoran Mu\u0161i\u010d. He also published two books of poetry. He lived and worked in Zagreb, where he died in 1975.<\/p>\n<p>He participated in the Mediterranean Sculpture Symposium in 1971.[\/vc_column_text][\/vc_column_inner][vc_column_inner el_class=&#8221;artist-work&#8221; width=&#8221;5\/12&#8243;][vc_column_text el_class=&#8221;artist-work-name&#8221;]Title: Head<br \/>\nYear: 1971<br \/>\nDimensions: w.h.l. 220 x 125 x 105 cm<br \/>\nLocation: Park of sculptures Dubrova[\/vc_column_text][\/vc_column_inner][vc_column_inner el_class=&#8221;grey-bcg&#8221; width=&#8221;1\/12&#8243;][\/vc_column_inner][\/vc_row_inner][vc_row_inner equal_height=&#8221;yes&#8221; el_class=&#8221;artist-gp&#8221;][vc_column_inner el_class=&#8221;grey-bcg&#8221; width=&#8221;1\/12&#8243;][\/vc_column_inner][vc_column_inner el_class=&#8221;artist-separator&#8221; width=&#8221;10\/12&#8243;][vc_column_text el_class=&#8221;artist-gallery&#8221;]<div id=\"envira-gallery-wrap-6098\" class=\"envira-gallery-wrap envira-gallery-theme-base envira-lightbox-theme-base\" itemscope itemtype=\"https:\/\/schema.org\/ImageGallery\"><div data-row-height=\"400\" data-gallery-theme=\"normal\" id=\"envira-gallery-6098\" class=\"envira-gallery-public envira-gallery-justified-public envira-gallery-0-columns envira-clear enviratope envira-gallery-css-animations\" data-envira-columns=\"0\"><div id=\"envira-gallery-item-2940\" class=\"envira-gallery-item enviratope-item envira-gallery-item-1\" style=\"padding-left: 5px; padding-bottom: 10px; padding-right: 5px;\"  itemscope itemtype=\"https:\/\/schema.org\/ImageObject\"><div class=\"envira-gallery-item-inner\"><div class=\"envira-gallery-position-overlay  envira-gallery-top-left\"><\/div><div class=\"envira-gallery-position-overlay  envira-gallery-top-right\"><\/div><div class=\"envira-gallery-position-overlay  envira-gallery-bottom-left\"><\/div><div class=\"envira-gallery-position-overlay  envira-gallery-bottom-right\"><\/div><a href=\"https:\/\/parkdubrova.eu\/wp-content\/uploads\/2020\/09\/vanja-radaus-glava-1971-01.jpg\" class=\"envira-gallery-6098 envira-gallery-link\" rel=\"enviragallery6098\" title=\"Vanja Radau\u0161, Head, 1971\" data-envira-caption=\"Vanja Radau\u0161, Head, 1971\" data-envira-retina=\"\" data-thumbnail=\"\"  itemprop=\"contentUrl\"><img id=\"envira-gallery-image-2940\" class=\"envira-gallery-image envira-gallery-image-1 envira-normal \" data-envira-index=\"1\" src=\"https:\/\/parkdubrova.eu\/wp-content\/uploads\/2020\/09\/vanja-radaus-glava-1971-01-698x1000-640x480.jpg\" data-envira-src=\"https:\/\/parkdubrova.eu\/wp-content\/uploads\/2020\/09\/vanja-radaus-glava-1971-01-698x1000-640x480.jpg\" data-envira-gallery-id=\"6098\" data-envira-item-id=\"2940\" data-envira-caption=\"Vanja Radau\u0161, Head, 1971\" alt=\"Vanja Radau\u0161, Head, 1971\" title=\"Vanja Radau\u0161, Head, 1971\"  itemprop=\"thumbnailUrl\" data-envira-srcset=\"https:\/\/parkdubrova.eu\/wp-content\/uploads\/2020\/09\/vanja-radaus-glava-1971-01-698x1000-640x480.jpg 400w,https:\/\/parkdubrova.eu\/wp-content\/uploads\/2020\/09\/vanja-radaus-glava-1971-01-698x1000-640x480.jpg 2x\" data-envira-width=\"698\" data-envira-height=\"1000\" srcset=\"https:\/\/parkdubrova.eu\/wp-content\/uploads\/2020\/09\/vanja-radaus-glava-1971-01-scaled-1280x960.jpg 2x\" data-safe-src=\"https:\/\/parkdubrova.eu\/wp-content\/uploads\/2020\/09\/vanja-radaus-glava-1971-01-698x1000-640x480.jpg\" \/><\/a><\/div><\/div><div id=\"envira-gallery-item-2941\" class=\"envira-gallery-item enviratope-item envira-gallery-item-2\" style=\"padding-left: 5px; padding-bottom: 10px; padding-right: 5px;\"  itemscope itemtype=\"https:\/\/schema.org\/ImageObject\"><div class=\"envira-gallery-item-inner\"><div class=\"envira-gallery-position-overlay  envira-gallery-top-left\"><\/div><div class=\"envira-gallery-position-overlay  envira-gallery-top-right\"><\/div><div class=\"envira-gallery-position-overlay  envira-gallery-bottom-left\"><\/div><div class=\"envira-gallery-position-overlay  envira-gallery-bottom-right\"><\/div><a href=\"https:\/\/parkdubrova.eu\/wp-content\/uploads\/2020\/09\/vanja-radaus-glava-1971-02.jpg\" class=\"envira-gallery-6098 envira-gallery-link\" rel=\"enviragallery6098\" title=\"Vanja Radau\u0161, Head, 1971\" data-envira-caption=\"Vanja Radau\u0161, Head, 1971\" data-envira-retina=\"\" data-thumbnail=\"\"  itemprop=\"contentUrl\"><img id=\"envira-gallery-image-2941\" class=\"envira-gallery-image envira-gallery-image-2 envira-normal \" data-envira-index=\"2\" src=\"https:\/\/parkdubrova.eu\/wp-content\/uploads\/2020\/09\/vanja-radaus-glava-1971-02-1000x1000-640x480.jpg\" data-envira-src=\"https:\/\/parkdubrova.eu\/wp-content\/uploads\/2020\/09\/vanja-radaus-glava-1971-02-1000x1000-640x480.jpg\" data-envira-gallery-id=\"6098\" data-envira-item-id=\"2941\" data-envira-caption=\"Vanja Radau\u0161, Head, 1971\" alt=\"Vanja Radau\u0161, Head, 1971\" title=\"Vanja Radau\u0161, Head, 1971\"  itemprop=\"thumbnailUrl\" data-envira-srcset=\"https:\/\/parkdubrova.eu\/wp-content\/uploads\/2020\/09\/vanja-radaus-glava-1971-02-1000x1000-640x480.jpg 400w,https:\/\/parkdubrova.eu\/wp-content\/uploads\/2020\/09\/vanja-radaus-glava-1971-02-1000x1000-640x480.jpg 2x\" data-envira-width=\"1000\" data-envira-height=\"1000\" srcset=\"https:\/\/parkdubrova.eu\/wp-content\/uploads\/2020\/09\/vanja-radaus-glava-1971-02-scaled-1280x960.jpg 2x\" data-safe-src=\"https:\/\/parkdubrova.eu\/wp-content\/uploads\/2020\/09\/vanja-radaus-glava-1971-02-1000x1000-640x480.jpg\" \/><\/a><\/div><\/div><div id=\"envira-gallery-item-2942\" class=\"envira-gallery-item enviratope-item envira-gallery-item-3\" style=\"padding-left: 5px; padding-bottom: 10px; padding-right: 5px;\"  itemscope itemtype=\"https:\/\/schema.org\/ImageObject\"><div class=\"envira-gallery-item-inner\"><div class=\"envira-gallery-position-overlay  envira-gallery-top-left\"><\/div><div class=\"envira-gallery-position-overlay  envira-gallery-top-right\"><\/div><div class=\"envira-gallery-position-overlay  envira-gallery-bottom-left\"><\/div><div class=\"envira-gallery-position-overlay  envira-gallery-bottom-right\"><\/div><a href=\"https:\/\/parkdubrova.eu\/wp-content\/uploads\/2020\/09\/vanja-radaus-glava-1971-03.jpg\" class=\"envira-gallery-6098 envira-gallery-link\" rel=\"enviragallery6098\" title=\"Vanja Radau\u0161, Head, 1971\" data-envira-caption=\"Vanja Radau\u0161, Head, 1971\" data-envira-retina=\"\" data-thumbnail=\"\"  itemprop=\"contentUrl\"><img id=\"envira-gallery-image-2942\" class=\"envira-gallery-image envira-gallery-image-3 envira-normal \" data-envira-index=\"3\" src=\"https:\/\/parkdubrova.eu\/wp-content\/uploads\/2020\/09\/vanja-radaus-glava-1971-03-1000x1000-640x480.jpg\" data-envira-src=\"https:\/\/parkdubrova.eu\/wp-content\/uploads\/2020\/09\/vanja-radaus-glava-1971-03-1000x1000-640x480.jpg\" data-envira-gallery-id=\"6098\" data-envira-item-id=\"2942\" data-envira-caption=\"Vanja Radau\u0161, Head, 1971\" alt=\"Vanja Radau\u0161, Head, 1971\" title=\"Vanja Radau\u0161, Head, 1971\"  itemprop=\"thumbnailUrl\" data-envira-srcset=\"https:\/\/parkdubrova.eu\/wp-content\/uploads\/2020\/09\/vanja-radaus-glava-1971-03-1000x1000-640x480.jpg 400w,https:\/\/parkdubrova.eu\/wp-content\/uploads\/2020\/09\/vanja-radaus-glava-1971-03-1000x1000-640x480.jpg 2x\" data-envira-width=\"1000\" data-envira-height=\"1000\" srcset=\"https:\/\/parkdubrova.eu\/wp-content\/uploads\/2020\/09\/vanja-radaus-glava-1971-03-scaled-1280x960.jpg 2x\" data-safe-src=\"https:\/\/parkdubrova.eu\/wp-content\/uploads\/2020\/09\/vanja-radaus-glava-1971-03-1000x1000-640x480.jpg\" \/><\/a><\/div><\/div><div id=\"envira-gallery-item-2943\" class=\"envira-gallery-item enviratope-item envira-gallery-item-4\" style=\"padding-left: 5px; padding-bottom: 10px; padding-right: 5px;\"  itemscope itemtype=\"https:\/\/schema.org\/ImageObject\"><div class=\"envira-gallery-item-inner\"><div class=\"envira-gallery-position-overlay  envira-gallery-top-left\"><\/div><div class=\"envira-gallery-position-overlay  envira-gallery-top-right\"><\/div><div class=\"envira-gallery-position-overlay  envira-gallery-bottom-left\"><\/div><div class=\"envira-gallery-position-overlay  envira-gallery-bottom-right\"><\/div><a href=\"https:\/\/parkdubrova.eu\/wp-content\/uploads\/2020\/09\/vanja-radaus-glava-1971-04.jpg\" class=\"envira-gallery-6098 envira-gallery-link\" rel=\"enviragallery6098\" title=\"Vanja Radau\u0161, Head, 1971\" data-envira-caption=\"Vanja Radau\u0161, Head, 1971\" data-envira-retina=\"\" data-thumbnail=\"\"  itemprop=\"contentUrl\"><img id=\"envira-gallery-image-2943\" class=\"envira-gallery-image envira-gallery-image-4 envira-normal \" data-envira-index=\"4\" src=\"https:\/\/parkdubrova.eu\/wp-content\/uploads\/2020\/09\/vanja-radaus-glava-1971-04-765x1000-640x480.jpg\" data-envira-src=\"https:\/\/parkdubrova.eu\/wp-content\/uploads\/2020\/09\/vanja-radaus-glava-1971-04-765x1000-640x480.jpg\" data-envira-gallery-id=\"6098\" data-envira-item-id=\"2943\" data-envira-caption=\"Vanja Radau\u0161, Head, 1971\" alt=\"Vanja Radau\u0161, Head, 1971\" title=\"Vanja Radau\u0161, Head, 1971\"  itemprop=\"thumbnailUrl\" data-envira-srcset=\"https:\/\/parkdubrova.eu\/wp-content\/uploads\/2020\/09\/vanja-radaus-glava-1971-04-765x1000-640x480.jpg 400w,https:\/\/parkdubrova.eu\/wp-content\/uploads\/2020\/09\/vanja-radaus-glava-1971-04-765x1000-640x480.jpg 2x\" data-envira-width=\"765\" data-envira-height=\"1000\" srcset=\"https:\/\/parkdubrova.eu\/wp-content\/uploads\/2020\/09\/vanja-radaus-glava-1971-04-scaled-1280x960.jpg 2x\" data-safe-src=\"https:\/\/parkdubrova.eu\/wp-content\/uploads\/2020\/09\/vanja-radaus-glava-1971-04-765x1000-640x480.jpg\" \/><\/a><\/div><\/div><div id=\"envira-gallery-item-2944\" class=\"envira-gallery-item enviratope-item envira-gallery-item-5\" style=\"padding-left: 5px; padding-bottom: 10px; padding-right: 5px;\"  itemscope itemtype=\"https:\/\/schema.org\/ImageObject\"><div class=\"envira-gallery-item-inner\"><div class=\"envira-gallery-position-overlay  envira-gallery-top-left\"><\/div><div class=\"envira-gallery-position-overlay  envira-gallery-top-right\"><\/div><div class=\"envira-gallery-position-overlay  envira-gallery-bottom-left\"><\/div><div class=\"envira-gallery-position-overlay  envira-gallery-bottom-right\"><\/div><a href=\"https:\/\/parkdubrova.eu\/wp-content\/uploads\/2020\/09\/vanja-radaus-glava-1971-05.jpg\" class=\"envira-gallery-6098 envira-gallery-link\" rel=\"enviragallery6098\" title=\"Vanja Radau\u0161, Head, 1971\" data-envira-caption=\"Vanja Radau\u0161, Head, 1971\" data-envira-retina=\"\" data-thumbnail=\"\"  itemprop=\"contentUrl\"><img id=\"envira-gallery-image-2944\" class=\"envira-gallery-image envira-gallery-image-5 envira-normal \" data-envira-index=\"5\" src=\"https:\/\/parkdubrova.eu\/wp-content\/uploads\/2020\/09\/vanja-radaus-glava-1971-05-667x1000-640x480.jpg\" data-envira-src=\"https:\/\/parkdubrova.eu\/wp-content\/uploads\/2020\/09\/vanja-radaus-glava-1971-05-667x1000-640x480.jpg\" data-envira-gallery-id=\"6098\" data-envira-item-id=\"2944\" data-envira-caption=\"Vanja Radau\u0161, Head, 1971\" alt=\"Vanja Radau\u0161, Head, 1971\" title=\"Vanja Radau\u0161, Head, 1971\"  itemprop=\"thumbnailUrl\" data-envira-srcset=\"https:\/\/parkdubrova.eu\/wp-content\/uploads\/2020\/09\/vanja-radaus-glava-1971-05-667x1000-640x480.jpg 400w,https:\/\/parkdubrova.eu\/wp-content\/uploads\/2020\/09\/vanja-radaus-glava-1971-05-667x1000-640x480.jpg 2x\" data-envira-width=\"667\" data-envira-height=\"1000\" srcset=\"https:\/\/parkdubrova.eu\/wp-content\/uploads\/2020\/09\/vanja-radaus-glava-1971-05-scaled-1280x960.jpg 2x\" data-safe-src=\"https:\/\/parkdubrova.eu\/wp-content\/uploads\/2020\/09\/vanja-radaus-glava-1971-05-667x1000-640x480.jpg\" \/><\/a><\/div><\/div><div id=\"envira-gallery-item-2945\" class=\"envira-gallery-item enviratope-item envira-gallery-item-6\" style=\"padding-left: 5px; padding-bottom: 10px; padding-right: 5px;\"  itemscope itemtype=\"https:\/\/schema.org\/ImageObject\"><div class=\"envira-gallery-item-inner\"><div class=\"envira-gallery-position-overlay  envira-gallery-top-left\"><\/div><div class=\"envira-gallery-position-overlay  envira-gallery-top-right\"><\/div><div class=\"envira-gallery-position-overlay  envira-gallery-bottom-left\"><\/div><div class=\"envira-gallery-position-overlay  envira-gallery-bottom-right\"><\/div><a href=\"https:\/\/parkdubrova.eu\/wp-content\/uploads\/2020\/09\/vanja-radaus-glava-1971-06.jpg\" class=\"envira-gallery-6098 envira-gallery-link\" rel=\"enviragallery6098\" title=\"Vanja Radau\u0161, Head, 1971\" data-envira-caption=\"Vanja Radau\u0161, Head, 1971\" data-envira-retina=\"\" data-thumbnail=\"\"  itemprop=\"contentUrl\"><img id=\"envira-gallery-image-2945\" class=\"envira-gallery-image envira-gallery-image-6 envira-normal \" data-envira-index=\"6\" src=\"https:\/\/parkdubrova.eu\/wp-content\/uploads\/2020\/09\/vanja-radaus-glava-1971-06-1000x667-640x480.jpg\" data-envira-src=\"https:\/\/parkdubrova.eu\/wp-content\/uploads\/2020\/09\/vanja-radaus-glava-1971-06-1000x667-640x480.jpg\" data-envira-gallery-id=\"6098\" data-envira-item-id=\"2945\" data-envira-caption=\"Vanja Radau\u0161, Head, 1971\" alt=\"Vanja Radau\u0161, Head, 1971\" title=\"Vanja Radau\u0161, Head, 1971\"  itemprop=\"thumbnailUrl\" data-envira-srcset=\"https:\/\/parkdubrova.eu\/wp-content\/uploads\/2020\/09\/vanja-radaus-glava-1971-06-1000x667-640x480.jpg 400w,https:\/\/parkdubrova.eu\/wp-content\/uploads\/2020\/09\/vanja-radaus-glava-1971-06-1000x667-640x480.jpg 2x\" data-envira-width=\"1000\" data-envira-height=\"667\" srcset=\"https:\/\/parkdubrova.eu\/wp-content\/uploads\/2020\/09\/vanja-radaus-glava-1971-06-scaled-1280x960.jpg 2x\" data-safe-src=\"https:\/\/parkdubrova.eu\/wp-content\/uploads\/2020\/09\/vanja-radaus-glava-1971-06-1000x667-640x480.jpg\" \/><\/a><\/div><\/div><\/div><\/div><noscript><img src=\"https:\/\/parkdubrova.eu\/wp-content\/uploads\/2020\/09\/vanja-radaus-glava-1971-01-scaled.jpg\" alt=\"Vanja Radau\u0161, Head, 1971\" \/><img src=\"https:\/\/parkdubrova.eu\/wp-content\/uploads\/2020\/09\/vanja-radaus-glava-1971-02-scaled.jpg\" alt=\"Vanja Radau\u0161, Head, 1971\" \/><img src=\"https:\/\/parkdubrova.eu\/wp-content\/uploads\/2020\/09\/vanja-radaus-glava-1971-03-scaled.jpg\" alt=\"Vanja Radau\u0161, Head, 1971\" \/><img src=\"https:\/\/parkdubrova.eu\/wp-content\/uploads\/2020\/09\/vanja-radaus-glava-1971-04-scaled.jpg\" alt=\"Vanja Radau\u0161, Head, 1971\" \/><img src=\"https:\/\/parkdubrova.eu\/wp-content\/uploads\/2020\/09\/vanja-radaus-glava-1971-05-scaled.jpg\" alt=\"Vanja Radau\u0161, Head, 1971\" \/><img src=\"https:\/\/parkdubrova.eu\/wp-content\/uploads\/2020\/09\/vanja-radaus-glava-1971-06-scaled.jpg\" alt=\"Vanja Radau\u0161, Head, 1971\" \/><\/noscript>[\/vc_column_text][\/vc_column_inner][vc_column_inner el_class=&#8221;grey-bcg&#8221; width=&#8221;1\/12&#8243;][\/vc_column_inner][\/vc_row_inner][\/vc_column][\/vc_row][vc_row full_width=&#8221;stretch_row&#8221; el_class=&#8221;grey-bcg pt200&#8243;][vc_column][\/vc_column][\/vc_row]<\/p>\n","protected":false},"excerpt":{"rendered":"<p>[vc_row full_width=&#8221;stretch_row_content_no_spaces&#8221;][vc_column][vc_row_inner][vc_column_inner el_class=&#8221;artist-banner pt665&#8243; width=&#8221;11\/12&#8243; css=&#8221;.vc_custom_1573865309926{background-image: url(https:\/\/parkdubrova.eu\/wp-content\/uploads\/2019\/07\/VR_71_baner_1300x655.jpg?id=887) !important;background-position: center !important;background-repeat: no-repeat !important;background-size: cover !important;}&#8221;][vc_single_image image=&#8221;6091&#8243; img_size=&#8221;medium&#8221;][\/vc_column_inner][vc_column_inner width=&#8221;1\/12&#8243;][vc_single_image image=&#8221;4650&#8243; img_size=&#8221;120&#215;386&#8243; el_class=&#8221;sculpture-detail&#8221;][\/vc_column_inner][\/vc_row_inner][vc_row_inner equal_height=&#8221;yes&#8221; content_placement=&#8221;middle&#8221; el_class=&#8221;artist-audio&#8221;][vc_column_inner width=&#8221;1\/12&#8243;][\/vc_column_inner][vc_column_inner el_class=&#8221;artist-number&#8221; width=&#8221;1\/12&#8243;][vc_column_text el_class=&#8221;mb0&#8243;] 17 [\/vc_column_text][\/vc_column_inner][vc_column_inner width=&#8221;1\/12&#8243; el_id=&#8221;xtoggle-btn&#8221;][vc_column_text el_class=&#8221;audio-icon&#8221;][\/vc_column_text][\/vc_column_inner][vc_column_inner width=&#8221;2\/3&#8243;][vc_column_text el_class=&#8221;audio1 toggle-container&#8221;] [\/vc_column_text][\/vc_column_inner][vc_column_inner width=&#8221;1\/12&#8243;][\/vc_column_inner][\/vc_row_inner][vc_row_inner equal_height=&#8221;yes&#8221; el_class=&#8221;artist-an&#8221;][vc_column_inner el_class=&#8221;grey-bcg&#8221; width=&#8221;1\/12&#8243;][vc_single_image image=&#8221;7128&#8243; img_size=&#8221;full&#8221; onclick=&#8221;custom_link&#8221; el_class=&#8221;artist-arrow-left&#8221; link=&#8221;\/?page_id=1015&#8243;][\/vc_column_inner][vc_column_inner el_class=&#8221;artist&#8221; width=&#8221;5\/6&#8243;][vc_column_text el_class=&#8221;artist-name&#8221;] Vanja Radau\u0161, HRV [\/vc_column_text][vc_column_text el_class=&#8221;artist-birth&#8221;](Vinkovci, 1906&hellip;<\/p>\n","protected":false},"author":2,"featured_media":6091,"parent":0,"menu_order":0,"comment_status":"closed","ping_status":"closed","template":"","meta":[],"yoast_head":"<!-- This site is optimized with the Yoast SEO plugin v17.8 - https:\/\/yoast.com\/wordpress\/plugins\/seo\/ -->\n<title>Vanja Radau\u0161, Head, 1971 - Park of sculptures Dubrova<\/title>\n<meta name=\"robots\" content=\"index, follow, max-snippet:-1, max-image-preview:large, max-video-preview:-1\" \/>\n<link rel=\"canonical\" href=\"https:\/\/parkdubrova.eu\/en\/vanja-radaus-head-1971\/\" \/>\n<meta property=\"og:locale\" content=\"en_US\" \/>\n<meta property=\"og:type\" content=\"article\" \/>\n<meta property=\"og:title\" content=\"Vanja Radau\u0161, Head, 1971 - Park of sculptures Dubrova\" \/>\n<meta property=\"og:description\" content=\"[vc_row full_width=&#8221;stretch_row_content_no_spaces&#8221;][vc_column][vc_row_inner][vc_column_inner el_class=&#8221;artist-banner pt665&#8243; width=&#8221;11\/12&#8243; css=&#8221;.vc_custom_1573865309926{background-image: url(https:\/\/parkdubrova.eu\/wp-content\/uploads\/2019\/07\/VR_71_baner_1300x655.jpg?id=887) !important;background-position: center !important;background-repeat: no-repeat !important;background-size: cover !important;}&#8221;][vc_single_image image=&#8221;6091&#8243; img_size=&#8221;medium&#8221;][\/vc_column_inner][vc_column_inner width=&#8221;1\/12&#8243;][vc_single_image image=&#8221;4650&#8243; img_size=&#8221;120&#215;386&#8243; el_class=&#8221;sculpture-detail&#8221;][\/vc_column_inner][\/vc_row_inner][vc_row_inner equal_height=&#8221;yes&#8221; content_placement=&#8221;middle&#8221; el_class=&#8221;artist-audio&#8221;][vc_column_inner width=&#8221;1\/12&#8243;][\/vc_column_inner][vc_column_inner el_class=&#8221;artist-number&#8221; width=&#8221;1\/12&#8243;][vc_column_text el_class=&#8221;mb0&#8243;] 17 [\/vc_column_text][\/vc_column_inner][vc_column_inner width=&#8221;1\/12&#8243; el_id=&#8221;xtoggle-btn&#8221;][vc_column_text el_class=&#8221;audio-icon&#8221;][\/vc_column_text][\/vc_column_inner][vc_column_inner width=&#8221;2\/3&#8243;][vc_column_text el_class=&#8221;audio1 toggle-container&#8221;] [\/vc_column_text][\/vc_column_inner][vc_column_inner width=&#8221;1\/12&#8243;][\/vc_column_inner][\/vc_row_inner][vc_row_inner equal_height=&#8221;yes&#8221; el_class=&#8221;artist-an&#8221;][vc_column_inner el_class=&#8221;grey-bcg&#8221; width=&#8221;1\/12&#8243;][vc_single_image image=&#8221;7128&#8243; img_size=&#8221;full&#8221; onclick=&#8221;custom_link&#8221; el_class=&#8221;artist-arrow-left&#8221; link=&#8221;\/?page_id=1015&#8243;][\/vc_column_inner][vc_column_inner el_class=&#8221;artist&#8221; width=&#8221;5\/6&#8243;][vc_column_text el_class=&#8221;artist-name&#8221;] Vanja Radau\u0161, HRV [\/vc_column_text][vc_column_text el_class=&#8221;artist-birth&#8221;](Vinkovci, 1906&hellip;\" \/>\n<meta property=\"og:url\" content=\"https:\/\/parkdubrova.eu\/en\/vanja-radaus-head-1971\/\" \/>\n<meta property=\"og:site_name\" content=\"Park of sculptures Dubrova\" \/>\n<meta property=\"article:publisher\" content=\"https:\/\/www.facebook.com\/ParkSkulpturaDubrova\/\" \/>\n<meta property=\"article:modified_time\" content=\"2021-03-08T16:37:21+00:00\" \/>\n<meta property=\"og:image\" content=\"https:\/\/parkdubrova.eu\/wp-content\/uploads\/2020\/12\/vanja-radaus-glava-1971-cube.jpg\" \/>\n\t<meta property=\"og:image:width\" content=\"1000\" \/>\n\t<meta property=\"og:image:height\" content=\"1000\" \/>\n<meta name=\"twitter:card\" content=\"summary_large_image\" \/>\n<meta name=\"twitter:label1\" content=\"Est. reading time\" \/>\n\t<meta name=\"twitter:data1\" content=\"3 minutes\" \/>\n<script type=\"application\/ld+json\" class=\"yoast-schema-graph\">{\"@context\":\"https:\/\/schema.org\",\"@graph\":[{\"@type\":\"Organization\",\"@id\":\"https:\/\/parkdubrova.eu\/#organization\",\"name\":\"park skulptura dubrova\",\"url\":\"https:\/\/parkdubrova.eu\/\",\"sameAs\":[\"https:\/\/www.facebook.com\/ParkSkulpturaDubrova\/\"],\"logo\":{\"@type\":\"ImageObject\",\"@id\":\"https:\/\/parkdubrova.eu\/#logo\",\"inLanguage\":\"en-US\",\"url\":\"https:\/\/parkdubrova.eu\/wp-content\/uploads\/2019\/11\/logo-svijetlo-zeleni.png\",\"contentUrl\":\"https:\/\/parkdubrova.eu\/wp-content\/uploads\/2019\/11\/logo-svijetlo-zeleni.png\",\"width\":309,\"height\":506,\"caption\":\"park skulptura dubrova\"},\"image\":{\"@id\":\"https:\/\/parkdubrova.eu\/#logo\"}},{\"@type\":\"WebSite\",\"@id\":\"https:\/\/parkdubrova.eu\/#website\",\"url\":\"https:\/\/parkdubrova.eu\/\",\"name\":\"Park of sculptures Dubrova\",\"description\":\"Park of sculptures Dubrova\",\"publisher\":{\"@id\":\"https:\/\/parkdubrova.eu\/#organization\"},\"potentialAction\":[{\"@type\":\"SearchAction\",\"target\":{\"@type\":\"EntryPoint\",\"urlTemplate\":\"https:\/\/parkdubrova.eu\/?s={search_term_string}\"},\"query-input\":\"required name=search_term_string\"}],\"inLanguage\":\"en-US\"},{\"@type\":\"ImageObject\",\"@id\":\"https:\/\/parkdubrova.eu\/en\/vanja-radaus-head-1971\/#primaryimage\",\"inLanguage\":\"en-US\",\"url\":\"https:\/\/parkdubrova.eu\/wp-content\/uploads\/2020\/12\/vanja-radaus-glava-1971-cube.jpg\",\"contentUrl\":\"https:\/\/parkdubrova.eu\/wp-content\/uploads\/2020\/12\/vanja-radaus-glava-1971-cube.jpg\",\"width\":1000,\"height\":1000},{\"@type\":\"WebPage\",\"@id\":\"https:\/\/parkdubrova.eu\/en\/vanja-radaus-head-1971\/#webpage\",\"url\":\"https:\/\/parkdubrova.eu\/en\/vanja-radaus-head-1971\/\",\"name\":\"Vanja Radau\\u0161, Head, 1971 - Park of sculptures Dubrova\",\"isPartOf\":{\"@id\":\"https:\/\/parkdubrova.eu\/#website\"},\"primaryImageOfPage\":{\"@id\":\"https:\/\/parkdubrova.eu\/en\/vanja-radaus-head-1971\/#primaryimage\"},\"datePublished\":\"2019-11-16T00:46:26+00:00\",\"dateModified\":\"2021-03-08T16:37:21+00:00\",\"breadcrumb\":{\"@id\":\"https:\/\/parkdubrova.eu\/en\/vanja-radaus-head-1971\/#breadcrumb\"},\"inLanguage\":\"en-US\",\"potentialAction\":[{\"@type\":\"ReadAction\",\"target\":[\"https:\/\/parkdubrova.eu\/en\/vanja-radaus-head-1971\/\"]}]},{\"@type\":\"BreadcrumbList\",\"@id\":\"https:\/\/parkdubrova.eu\/en\/vanja-radaus-head-1971\/#breadcrumb\",\"itemListElement\":[{\"@type\":\"ListItem\",\"position\":1,\"name\":\"Home\",\"item\":\"https:\/\/parkdubrova.eu\/en\/\"},{\"@type\":\"ListItem\",\"position\":2,\"name\":\"Vanja Radau\\u0161, Head, 1971\"}]}]}<\/script>\n<!-- \/ Yoast SEO plugin. -->","yoast_head_json":{"title":"Vanja Radau\u0161, Head, 1971 - Park of sculptures Dubrova","robots":{"index":"index","follow":"follow","max-snippet":"max-snippet:-1","max-image-preview":"max-image-preview:large","max-video-preview":"max-video-preview:-1"},"canonical":"https:\/\/parkdubrova.eu\/en\/vanja-radaus-head-1971\/","og_locale":"en_US","og_type":"article","og_title":"Vanja Radau\u0161, Head, 1971 - Park of sculptures Dubrova","og_description":"[vc_row full_width=&#8221;stretch_row_content_no_spaces&#8221;][vc_column][vc_row_inner][vc_column_inner el_class=&#8221;artist-banner pt665&#8243; width=&#8221;11\/12&#8243; css=&#8221;.vc_custom_1573865309926{background-image: url(https:\/\/parkdubrova.eu\/wp-content\/uploads\/2019\/07\/VR_71_baner_1300x655.jpg?id=887) !important;background-position: center !important;background-repeat: no-repeat !important;background-size: cover !important;}&#8221;][vc_single_image image=&#8221;6091&#8243; img_size=&#8221;medium&#8221;][\/vc_column_inner][vc_column_inner width=&#8221;1\/12&#8243;][vc_single_image image=&#8221;4650&#8243; img_size=&#8221;120&#215;386&#8243; el_class=&#8221;sculpture-detail&#8221;][\/vc_column_inner][\/vc_row_inner][vc_row_inner equal_height=&#8221;yes&#8221; content_placement=&#8221;middle&#8221; el_class=&#8221;artist-audio&#8221;][vc_column_inner width=&#8221;1\/12&#8243;][\/vc_column_inner][vc_column_inner el_class=&#8221;artist-number&#8221; width=&#8221;1\/12&#8243;][vc_column_text el_class=&#8221;mb0&#8243;] 17 [\/vc_column_text][\/vc_column_inner][vc_column_inner width=&#8221;1\/12&#8243; el_id=&#8221;xtoggle-btn&#8221;][vc_column_text el_class=&#8221;audio-icon&#8221;][\/vc_column_text][\/vc_column_inner][vc_column_inner width=&#8221;2\/3&#8243;][vc_column_text el_class=&#8221;audio1 toggle-container&#8221;] [\/vc_column_text][\/vc_column_inner][vc_column_inner width=&#8221;1\/12&#8243;][\/vc_column_inner][\/vc_row_inner][vc_row_inner equal_height=&#8221;yes&#8221; el_class=&#8221;artist-an&#8221;][vc_column_inner el_class=&#8221;grey-bcg&#8221; width=&#8221;1\/12&#8243;][vc_single_image image=&#8221;7128&#8243; img_size=&#8221;full&#8221; onclick=&#8221;custom_link&#8221; el_class=&#8221;artist-arrow-left&#8221; link=&#8221;\/?page_id=1015&#8243;][\/vc_column_inner][vc_column_inner el_class=&#8221;artist&#8221; width=&#8221;5\/6&#8243;][vc_column_text el_class=&#8221;artist-name&#8221;] Vanja Radau\u0161, HRV [\/vc_column_text][vc_column_text el_class=&#8221;artist-birth&#8221;](Vinkovci, 1906&hellip;","og_url":"https:\/\/parkdubrova.eu\/en\/vanja-radaus-head-1971\/","og_site_name":"Park of sculptures Dubrova","article_publisher":"https:\/\/www.facebook.com\/ParkSkulpturaDubrova\/","article_modified_time":"2021-03-08T16:37:21+00:00","og_image":[{"width":1000,"height":1000,"url":"https:\/\/parkdubrova.eu\/wp-content\/uploads\/2020\/12\/vanja-radaus-glava-1971-cube.jpg","type":"image\/jpeg"}],"twitter_card":"summary_large_image","twitter_misc":{"Est. reading time":"3 minutes"},"schema":{"@context":"https:\/\/schema.org","@graph":[{"@type":"Organization","@id":"https:\/\/parkdubrova.eu\/#organization","name":"park skulptura dubrova","url":"https:\/\/parkdubrova.eu\/","sameAs":["https:\/\/www.facebook.com\/ParkSkulpturaDubrova\/"],"logo":{"@type":"ImageObject","@id":"https:\/\/parkdubrova.eu\/#logo","inLanguage":"en-US","url":"https:\/\/parkdubrova.eu\/wp-content\/uploads\/2019\/11\/logo-svijetlo-zeleni.png","contentUrl":"https:\/\/parkdubrova.eu\/wp-content\/uploads\/2019\/11\/logo-svijetlo-zeleni.png","width":309,"height":506,"caption":"park skulptura dubrova"},"image":{"@id":"https:\/\/parkdubrova.eu\/#logo"}},{"@type":"WebSite","@id":"https:\/\/parkdubrova.eu\/#website","url":"https:\/\/parkdubrova.eu\/","name":"Park of sculptures Dubrova","description":"Park of sculptures Dubrova","publisher":{"@id":"https:\/\/parkdubrova.eu\/#organization"},"potentialAction":[{"@type":"SearchAction","target":{"@type":"EntryPoint","urlTemplate":"https:\/\/parkdubrova.eu\/?s={search_term_string}"},"query-input":"required name=search_term_string"}],"inLanguage":"en-US"},{"@type":"ImageObject","@id":"https:\/\/parkdubrova.eu\/en\/vanja-radaus-head-1971\/#primaryimage","inLanguage":"en-US","url":"https:\/\/parkdubrova.eu\/wp-content\/uploads\/2020\/12\/vanja-radaus-glava-1971-cube.jpg","contentUrl":"https:\/\/parkdubrova.eu\/wp-content\/uploads\/2020\/12\/vanja-radaus-glava-1971-cube.jpg","width":1000,"height":1000},{"@type":"WebPage","@id":"https:\/\/parkdubrova.eu\/en\/vanja-radaus-head-1971\/#webpage","url":"https:\/\/parkdubrova.eu\/en\/vanja-radaus-head-1971\/","name":"Vanja Radau\u0161, Head, 1971 - Park of sculptures Dubrova","isPartOf":{"@id":"https:\/\/parkdubrova.eu\/#website"},"primaryImageOfPage":{"@id":"https:\/\/parkdubrova.eu\/en\/vanja-radaus-head-1971\/#primaryimage"},"datePublished":"2019-11-16T00:46:26+00:00","dateModified":"2021-03-08T16:37:21+00:00","breadcrumb":{"@id":"https:\/\/parkdubrova.eu\/en\/vanja-radaus-head-1971\/#breadcrumb"},"inLanguage":"en-US","potentialAction":[{"@type":"ReadAction","target":["https:\/\/parkdubrova.eu\/en\/vanja-radaus-head-1971\/"]}]},{"@type":"BreadcrumbList","@id":"https:\/\/parkdubrova.eu\/en\/vanja-radaus-head-1971\/#breadcrumb","itemListElement":[{"@type":"ListItem","position":1,"name":"Home","item":"https:\/\/parkdubrova.eu\/en\/"},{"@type":"ListItem","position":2,"name":"Vanja Radau\u0161, Head, 1971"}]}]}},"_links":{"self":[{"href":"https:\/\/parkdubrova.eu\/en\/wp-json\/wp\/v2\/pages\/6090"}],"collection":[{"href":"https:\/\/parkdubrova.eu\/en\/wp-json\/wp\/v2\/pages"}],"about":[{"href":"https:\/\/parkdubrova.eu\/en\/wp-json\/wp\/v2\/types\/page"}],"author":[{"embeddable":true,"href":"https:\/\/parkdubrova.eu\/en\/wp-json\/wp\/v2\/users\/2"}],"replies":[{"embeddable":true,"href":"https:\/\/parkdubrova.eu\/en\/wp-json\/wp\/v2\/comments?post=6090"}],"version-history":[{"count":6,"href":"https:\/\/parkdubrova.eu\/en\/wp-json\/wp\/v2\/pages\/6090\/revisions"}],"predecessor-version":[{"id":7363,"href":"https:\/\/parkdubrova.eu\/en\/wp-json\/wp\/v2\/pages\/6090\/revisions\/7363"}],"wp:featuredmedia":[{"embeddable":true,"href":"https:\/\/parkdubrova.eu\/en\/wp-json\/wp\/v2\/media\/6091"}],"wp:attachment":[{"href":"https:\/\/parkdubrova.eu\/en\/wp-json\/wp\/v2\/media?parent=6090"}],"curies":[{"name":"wp","href":"https:\/\/api.w.org\/{rel}","templated":true}]}}