{"id":5370,"date":"2019-07-16T16:01:22","date_gmt":"2019-07-16T16:01:22","guid":{"rendered":"https:\/\/parkdubrova.eu\/?page_id=5370"},"modified":"2024-05-16T10:53:50","modified_gmt":"2024-05-16T10:53:50","slug":"o-nama-kronoloski","status":"publish","type":"page","link":"https:\/\/parkdubrova.eu\/en\/o-nama-kronoloski\/","title":{"rendered":"Kronologija simpozija"},"content":{"rendered":"<p>[vc_row full_width=&#8221;stretch_row_content_no_spaces&#8221; el_class=&#8221;ovr-visible hdr-section izlagaci-info&#8221;][vc_column width=&#8221;1\/12&#8243; offset=&#8221;vc_hidden-md vc_hidden-sm vc_hidden-xs&#8221;][vc_column_text el_class=&#8221;txt-hdr&#8221;]<a href=\"https:\/\/parkdubrova.eu\/\"><img loading=\"lazy\" class=\"alignnone size-medium wp-image-4748\" role=\"img\" src=\"https:\/\/parkdubrova.eu\/wp-content\/uploads\/\/2021\/01\/title-arrows-left.svg\" alt=\"\" width=\"37\" height=\"19\" \/>PARK SKULPTURA DUBROVA<\/a>[\/vc_column_text][\/vc_column][vc_column width=&#8221;5\/6&#8243; el_class=&#8221;holder-txt&#8221; offset=&#8221;vc_col-lg-offset-2 vc_col-lg-3 vc_col-md-offset-3 vc_col-md-4 vc_col-sm-offset-1 vc_col-xs-offset-1 vc_col-xs-10&#8243;][vc_column_text]\u201cMediteranski kiparski simpozij\u201d pokrenut je 1969. godine prema zamisli ak. slikara i kipara Josipa Dimini\u0107a, a inicijativnim naporom ak. kiparice Milene Lah, ak. slikara Quintina Bassania i Josipa Faragune, predsjednika tada\u0161nje Op\u0107inske konferencije SSRNH Labin i Katedre \u201cLabinske republike\u201d \u010cakavskog sabora. Prvi susret kipara odr\u017ean je u \u010dast 50-e obljetnice \u201cLabinske republike\u201d, a prvi su radovi trajno obilje\u017eili njezine granice.<\/p>\n<p>Za odr\u017eavanje radnog dijela simpozija odabran je park Stancije Dubrova, a za smje\u0161taj skulptura pejza\u017ena okolina Stancije. Istra kao povod, ambijent, kamen kao inspiracija, sredstvo i krajolik kao do\u017eivljaj. Iz predgovora; Dr. Vanda Ekl, \u201cMediteranski kiparski simpozij u kamenu\u201d 1969.-1979.[\/vc_column_text][\/vc_column][vc_column width=&#8221;5\/6&#8243; el_class=&#8221;holder-txt&#8221; offset=&#8221;vc_col-lg-offset-0 vc_col-lg-3 vc_col-md-offset-0 vc_col-md-4 vc_col-sm-offset-1 vc_col-xs-offset-1 vc_col-xs-10&#8243;][vc_column_text]\u201cLabinski atelieri\u201d tim \u010dinom ulaze u avanturu oblikovanja prostora te time trajno odre\u0111uju budu\u0107nost Stancije Dubrova i njezinog okru\u017eenja. Danas je u prostoru postavljeno preko 70 od ukupno 100 nastalih skulptura, podijeljeno \u201cBijelom cestom\u201d jedinstvenim umjetni\u010dkim projektom u mozaiku uz \u201cland art\u201d amfiteatar smje\u0161ten u dolini \u201cDolac\u201d. Putuju\u0107i od to\u010dke stvaranja nai\u0107i \u0107ete na skulpture postavljene u Rapcu, Ra\u0161i, Sv. Nedelji, Kr\u0161anu i Pi\u0107nu te Zagrebu, Vukovaru, Iloku i Kuni na Pelje\u0161cu.<\/p>\n<p>\u201cPark Skulptura Dubrova\u201d sintetizira prirodu i likovno stvarala\u0161tvo kao jedinstveno umjetni\u010dko djelo te slovi za jedan od najpoznatijih parkova skulptura na otvorenom na podru\u010dju Republike Hrvatske.[\/vc_column_text][\/vc_column][\/vc_row][vc_row full_width=&#8221;stretch_row_content_no_spaces&#8221; el_class=&#8221;ovr-visible hdr-section autori-kron autori_link&#8221;][vc_column width=&#8221;1\/4&#8243; el_class=&#8221;izlagaci-title&#8221; offset=&#8221;vc_col-lg-offset-1 vc_col-lg-2 vc_col-md-offset-0 vc_col-md-3 vc_col-sm-offset-1 vc_col-xs-offset-1 vc_col-xs-3&#8243;][vc_column_text el_class=&#8221;o-nama-txt&#8221;]Kronologija simpozija[\/vc_column_text][\/vc_column][vc_column width=&#8221;5\/12&#8243; el_class=&#8221;izglaci-holder&#8221; offset=&#8221;vc_col-lg-offset-0 vc_col-lg-3 vc_col-md-offset-0 vc_col-md-4 vc_col-sm-offset-1 vc_col-xs-offset-1 vc_col-xs-10&#8243;][vc_column_text el_class=&#8221;mb-20&#8243;]<span class=\"o-nama-godina\">1970.<\/span><br \/>\n<a href=\"https:\/\/parkdubrova.eu\/milena-lah\/\"><strong>Milena Lah<\/strong><\/a>, <em>Tri galeba (Galebovi lete)<\/em><br \/>\n<a href=\"https:\/\/parkdubrova.eu\/ivan-kozaric\/\"><strong>Ivan Ko\u017eari\u0107<\/strong><\/a>, <em>Isje\u010dak rijeke Seine<\/em><br \/>\n<a href=\"https:\/\/parkdubrova.eu\/antonio-paradiso\/\"><strong>Antonio Paradiso<\/strong><\/a>, <em>Zrno \u017eita<\/em>[\/vc_column_text][vc_column_text el_class=&#8221;mb-20&#8243;]<span class=\"o-nama-godina\">1971.<\/span><br \/>\n<a href=\"https:\/\/parkdubrova.eu\/vanja-radaus\/\"><strong>Vanja Radau\u0161<\/strong><\/a>, <em>Glava<\/em><br \/>\n<a href=\"https:\/\/parkdubrova.eu\/josip-diminic\/\"><strong>Josip Dimini\u0107<\/strong><\/a>, <em>Dva tijela<\/em><br \/>\n<a href=\"https:\/\/parkdubrova.eu\/luciano-ceschia\/\"><strong>Luciano Ceschia<\/strong><\/a>, <em>\u010cempresi\u00a0<\/em><br \/>\n<a href=\"https:\/\/parkdubrova.eu\/maria-biljan-bilger-bitva\/\"><strong>Maria Biljan Bilger<\/strong><\/a>, <em>Bitva<\/em><br \/>\n<a href=\"https:\/\/parkdubrova.eu\/momcilo-krkovic\/\"><strong>Mom\u010dilo Krkovi\u0107<\/strong><\/a>, <em>Labinska Nika<\/em>[\/vc_column_text][vc_column_text el_class=&#8221;mb-20&#8243;]<span class=\"o-nama-godina\">1972.<\/span><br \/>\n<a href=\"https:\/\/parkdubrova.eu\/vjenceslav-richter\/\"><strong>Vjenceslav Richter<\/strong><\/a>, <em>Do\u0161ljak<\/em><br \/>\n<a href=\"https:\/\/parkdubrova.eu\/milija-nesic\/\"><strong>Milija Ne\u0161i\u0107<\/strong><\/a>, <em>Upisi<\/em><br \/>\n<a href=\"https:\/\/parkdubrova.eu\/janez-lenassi\/\"><strong>Janez Lenassi<\/strong><\/a>, <em>Jugo\u00a0<\/em><br \/>\n<a href=\"https:\/\/parkdubrova.eu\/nicola-zamboni\/\"><strong>Nicola Zamboni<\/strong><\/a>, <em>Prihvat<\/em>[\/vc_column_text][vc_column_text el_class=&#8221;mb-20&#8243;]<span class=\"o-nama-godina\">1973.<\/span><br \/>\n<strong><a href=\"https:\/\/parkdubrova.eu\/branko-ruzic\/\">Branko Ru\u017ei\u0107<\/a><\/strong>, <em>Tahijev kri\u017e<\/em><br \/>\n<a href=\"https:\/\/parkdubrova.eu\/robert-dubourg-dijalog-1973\/\"><strong>Robert Dubourg<\/strong><\/a>, <em>Dijalog<\/em><br \/>\n<a href=\"https:\/\/parkdubrova.eu\/hiroshi-mikami\/\"><strong>Hiroshi Mikami<\/strong><\/a>, <em>Hod Sunca <\/em>[\/vc_column_text][vc_column_text el_class=&#8221;mb-20&#8243;]<span class=\"o-nama-godina\">1974.<\/span><br \/>\n<a href=\"https:\/\/parkdubrova.eu\/belizar-bahoric\/\"><strong>Belizar Bahori\u0107<\/strong><\/a>, <em>Prodor kroz vrijeme<\/em><br \/>\n<a href=\"https:\/\/parkdubrova.eu\/bogdan-bogdanovic\/\"><strong>Bogdan Bogdanovi\u0107<\/strong><\/a>, <em>Adonis<\/em><br \/>\n<a href=\"https:\/\/parkdubrova.eu\/oto-logo\/\"><strong>Oto Logo<\/strong><\/a>, <em>Totem<\/em>[\/vc_column_text][vc_column_text el_class=&#8221;mb-20&#8243;]<span class=\"o-nama-godina\">1975.<\/span><br \/>\n<a href=\"https:\/\/parkdubrova.eu\/kosta-angeli-radovani\/\"><strong>Kosta Agneli\u2013Radovani<\/strong><\/a>, <em>Dunja<\/em><br \/>\n<a href=\"https:\/\/parkdubrova.eu\/ana-beslic\/\"><strong>Ana Be\u0161li\u0107<\/strong><\/a>, <em>Plod<\/em><br \/>\n<a href=\"https:\/\/parkdubrova.eu\/sime-vulas\/\"><strong>\u0160ime Vulas<\/strong><\/a>, <em>Jedra <\/em>[\/vc_column_text][vc_column_text el_class=&#8221;mb-20&#8243;]<span class=\"o-nama-godina\">1976.<\/span><br \/>\n<a href=\"https:\/\/parkdubrova.eu\/ante-jakic-sony\/\"><strong>Ante Jaki\u0107 \u2013 Sony<\/strong><\/a>, <em>Praotac<\/em><br \/>\n<a href=\"https:\/\/parkdubrova.eu\/petar-hadzi-boskov\/\"><strong>Petar Had\u017ei Bo\u0161kov<\/strong><\/a>, <em>Slojevi<\/em><br \/>\n<a href=\"https:\/\/parkdubrova.eu\/nino-cassani\/\"><strong>Nino Cassani<\/strong><\/a>, <em>Kota\u010d vremena<\/em>[\/vc_column_text][vc_column_text el_class=&#8221;mb-20&#8243;]<span class=\"o-nama-godina\">1977.<\/span><br \/>\n<a href=\"https:\/\/parkdubrova.eu\/olga-jancic\/\"><strong>Olga Jan\u010di\u0107<\/strong><\/a>, <em>Labinski sklop<\/em><br \/>\n<a href=\"https:\/\/parkdubrova.eu\/miroslav-sutej\/\"><strong>Miroslav \u0160utelj<\/strong><\/a>, <em>Kompozicija<\/em><br \/>\n<a href=\"https:\/\/parkdubrova.eu\/josko-eterovic\/\"><strong>Jo\u0161ko Eterovi\u0107<\/strong><\/a>, <em>Kvadrat<\/em><br \/>\n<a href=\"https:\/\/parkdubrova.eu\/michael-prentice\/\"><strong>Michael S. Prentice<\/strong><\/a>, <em>Oblak<\/em>[\/vc_column_text][vc_column_text el_class=&#8221;mb-20&#8243;]<span class=\"o-nama-godina\">1978.<\/span><br \/>\n<a href=\"https:\/\/parkdubrova.eu\/raoul-goldoni\/\"><strong>Raoul Goldoni<\/strong><\/a>, <em>U dosluhu<\/em><br \/>\n<a href=\"https:\/\/parkdubrova.eu\/vlasta-tihec-zorko\/\"><strong>Vlasta Tihec\u2013Zorko<\/strong><\/a>, <em>Obuhvat<\/em><br \/>\n<a href=\"https:\/\/parkdubrova.eu\/lorenzo-frechilla-del-rey\/\"><strong>Lorenzo Frechilla Del Rey<\/strong><\/a>, <em>Gradivna<\/em>[\/vc_column_text][vc_column_text el_class=&#8221;mb-20&#8243;]<span class=\"o-nama-godina\">1979.<\/span><br \/>\n<a href=\"https:\/\/parkdubrova.eu\/zdenko-kolacio\/\"><strong>Zdenko Kolacio<\/strong><\/a>, <em>Skulptura i prostor<\/em><br \/>\n<a href=\"https:\/\/parkdubrova.eu\/zlatko-zlatic\/\"><strong>Zlatko Zlati\u0107<\/strong><\/a>, <em>Kornja\u010da<\/em><br \/>\n<a href=\"https:\/\/parkdubrova.eu\/ante-marinovic\/\"><strong>Ante Marinovi\u0107<\/strong><\/a>, <em>Sisato more<\/em>[\/vc_column_text][vc_column_text el_class=&#8221;mb-20&#8243;]<span class=\"o-nama-godina\">1982.<\/span><br \/>\n<a href=\"https:\/\/parkdubrova.eu\/dusan-dzamonja\/\"><strong>Du\u0161an D\u017eamonja<\/strong><\/a>, <em>92\/M<\/em><br \/>\n<a href=\"https:\/\/parkdubrova.eu\/mira-jurisic-krkovic\/\"><strong>Mira Juri\u0161i\u0107 Krkovi\u0107<\/strong><\/a>, <em>Forma<br \/>\n<\/em><a href=\"https:\/\/parkdubrova.eu\/zoran-bogdanovic\/\"><strong>Zoran Bogdanovi\u0107<\/strong><\/a>, <em>Bez Naziva<br \/>\n<\/em>[\/vc_column_text][vc_column_text el_class=&#8221;mb-20&#8243;]<span class=\"o-nama-godina\">1983.<\/span><br \/>\n<a href=\"https:\/\/parkdubrova.eu\/marija-ujevic-galetovic\/\"><strong>Marija Ujevi\u0107-Galetovi\u0107<\/strong><\/a>, <em>Tron Ivana Ko\u017eari\u0107a<\/em><br \/>\n<a href=\"https:\/\/parkdubrova.eu\/tomislav-kauzlaric\/\"><strong>Tomislav Kauzlari\u0107<\/strong><\/a>, <em>Odavde do vje\u010dnosti i natrag<br \/>\n<\/em><a href=\"https:\/\/parkdubrova.eu\/zlatko-cular\/\"><strong>Zlatko \u010cular<\/strong><\/a><em>, U\u010dka<br \/>\n<\/em><strong><a href=\"https:\/\/parkdubrova.eu\/josef-wyss\/\">Josef Wyss<\/a><\/strong><em>, Putanja \u017divota<br \/>\n<\/em>[\/vc_column_text][vc_column_text el_class=&#8221;mb-20&#8243;]<span class=\"o-nama-godina\">1984.<\/span><br \/>\n<a href=\"https:\/\/parkdubrova.eu\/ratko-petric\/\"><strong>Ratko Petri\u0107<\/strong><\/a>, <em>Dvije<\/em><br \/>\n<a href=\"https:\/\/parkdubrova.eu\/negovan-nemec\/\"><strong>Negovan Nemec<\/strong><\/a><em>, Kamenu u \u010dast<\/em><br \/>\n<a href=\"https:\/\/parkdubrova.eu\/guerino-ruba-2\/\"><strong>Guerino Ruba<\/strong><\/a>,\u00a0<em>Torzo<\/em><br \/>\n<a href=\"https:\/\/parkdubrova.eu\/tomislav-kauzlaric-dimjnak-1984\/\"><strong>Tomislav Kauzlari\u0107<\/strong><\/a>,\u00a0<em>Dimnjak<\/em>[\/vc_column_text][vc_column_text el_class=&#8221;mb-20&#8243;]<span class=\"o-nama-godina\">1985.<\/span><br \/>\n<a href=\"https:\/\/parkdubrova.eu\/mate-cvrljak\/\"><strong>Mate \u010cvrljak<\/strong><\/a>, <em>Odmor<\/em><strong><br \/>\n<a href=\"https:\/\/parkdubrova.eu\/jozef-jankovic\/\">Jozef Jankovi\u010d<\/a><\/strong>, <em>Prodor<\/em><strong><br \/>\n<a href=\"https:\/\/parkdubrova.eu\/ljubomir-denkovic\/\">Ljubomir Denkovi\u0107<\/a><\/strong>, <em>Trijada<\/em>[\/vc_column_text][vc_column_text el_class=&#8221;mb-20&#8243;]<span class=\"o-nama-godina\">1987.<\/span><br \/>\n<a href=\"https:\/\/parkdubrova.eu\/milun-vidic\/\"><strong>Milun Vidi\u0107<\/strong><\/a>, <em>Bez naziva<\/em><br \/>\n<strong><a href=\"https:\/\/parkdubrova.eu\/gualtiero-mocenni\/\">Gualtiero Mocenni<\/a><\/strong>,<em> L\u2019arco di trionfo improbabile \/ Neizvediv slavoluk pobjede<br \/>\n<\/em><a href=\"https:\/\/parkdubrova.eu\/ljubomir-de-karina-veliki-prodor-i\/\"><strong>Ljubomir de Karina<\/strong><\/a><em>, Veliki prodor I <\/em>[\/vc_column_text][vc_column_text el_class=&#8221;mb-20&#8243;]<span class=\"o-nama-godina\">1988.<\/span><br \/>\n<a href=\"https:\/\/parkdubrova.eu\/zelimir-janes\/\"><strong>\u017delimir Jane\u0161<\/strong><\/a>, <em>Glagoljica<br \/>\n<\/em><a href=\"https:\/\/parkdubrova.eu\/galliano-zanco\/\"><strong>Galliano Zanco<\/strong><\/a>, <em>Lanterna<\/em>[\/vc_column_text][vc_column_text el_class=&#8221;mb-20&#8243;]<span class=\"o-nama-godina\">1989.<\/span><br \/>\n<strong><a href=\"https:\/\/parkdubrova.eu\/petar-barisic\/\">Petar Bari\u0161i\u0107<\/a><\/strong>, <em>Drvo-ptica<\/em><br \/>\n<strong><a href=\"https:\/\/parkdubrova.eu\/perusko-bogdanic\/\">Peru\u0161ko Bogdani\u0107<\/a><\/strong>, <em>Keopsov san<\/em>[\/vc_column_text][vc_column_text el_class=&#8221;mb-20&#8243;]<span class=\"o-nama-godina\">1990.<\/span><br \/>\n<strong><a href=\"https:\/\/parkdubrova.eu\/jasna-bogdanovic\/\">Jasna Bogdanovi\u0107<\/a><\/strong>, <em>\u010cekanje<br \/>\n<\/em><a href=\"https:\/\/parkdubrova.eu\/gail-morris\/\"><strong>Gail Morris<\/strong><\/a>, <em>Torzo<\/em><br \/>\n<a href=\"https:\/\/parkdubrova.eu\/um-tai-jung\/\"><strong>Um Tai Jung<\/strong><\/a>, <em>Slojevita<\/em>[\/vc_column_text][vc_column_text el_class=&#8221;mb-20&#8243;]<span class=\"o-nama-godina\">1991.<\/span><br \/>\n<strong><a href=\"https:\/\/parkdubrova.eu\/mladen-mikulin\/\">Mladen Mikulin<\/a><\/strong>, <em>Na klupi<\/em>[\/vc_column_text][\/vc_column][vc_column width=&#8221;5\/12&#8243; el_class=&#8221;izglaci-holder&#8221; offset=&#8221;vc_col-lg-offset-0 vc_col-lg-3 vc_col-md-offset-0 vc_col-md-4 vc_col-sm-offset-0 vc_col-xs-offset-1 vc_col-xs-10&#8243;][vc_column_text el_class=&#8221;mb-20&#8243;]<span class=\"o-nama-godina\">1992.<\/span><br \/>\n<strong><a href=\"https:\/\/parkdubrova.eu\/ljubomir-de-karina-prodor-dubrova\/\">Ljubomir De Karina<\/a><\/strong>,\u00a0<em>Prodor Dubrova<\/em>[\/vc_column_text][vc_column_text el_class=&#8221;mb-20&#8243;]<span class=\"o-nama-godina\">1993.<\/span><br \/>\n<a href=\"https:\/\/parkdubrova.eu\/slavomir-drinkovic\/\"><strong>Slavomir Drinkovi\u0107<\/strong><\/a>,<em> Izme\u0111u neba i zemlje<\/em><br \/>\n<a href=\"https:\/\/parkdubrova.eu\/zvonimir-kamenar\/\"><strong>Zvonimir Kamenar<\/strong><\/a>,<em> Kralj i Kraljica<br \/>\n<\/em><a href=\"https:\/\/parkdubrova.eu\/juraj-gavula\/\"><strong>Juraj Gavula<\/strong><\/a>, <em>Grunt<\/em>[\/vc_column_text][vc_column_text el_class=&#8221;mb-20&#8243;]<span class=\"o-nama-godina\">1994.<\/span><br \/>\n<a href=\"https:\/\/parkdubrova.eu\/vladimir-gasparic-gapa\/\"><strong>Vladimir Ga\u0161pari\u0107 Gapa<\/strong><\/a>,<em> Portal<br \/>\n<\/em><a href=\"https:\/\/parkdubrova.eu\/zoltan-pal\/\"><strong>Zoltan Pal<\/strong><\/a>, <em>Fontana<\/em>[\/vc_column_text][vc_column_text el_class=&#8221;mb-20&#8243;]<span class=\"o-nama-godina\">1995.<\/span><br \/>\n<a href=\"https:\/\/parkdubrova.eu\/josip-diminic-put-do-oltara-u-prolazu\/\"><strong>Josip Dimini\u0107<\/strong><\/a>, <em>Put do oltara u prolazu<br \/>\n<\/em><strong><a href=\"https:\/\/parkdubrova.eu\/jozef-jankovic-raspelo\/\">Jozef Jankovi\u0107<\/a><\/strong>, <em>Raspelo<\/em>[\/vc_column_text][vc_column_text el_class=&#8221;mb-20&#8243;]<span class=\"o-nama-godina\">1996.<\/span><br \/>\n<a href=\"https:\/\/parkdubrova.eu\/vasko-lipovac\/\"><strong>Vasko Lipovac<\/strong><\/a>,<em> Perle<\/em><br \/>\n<a href=\"https:\/\/parkdubrova.eu\/mustafa-skopljak\/\"><strong>Mustafa Skopljak<\/strong><\/a><strong>,<\/strong> <em>Vretenasta forma<br \/>\n<\/em><a href=\"https:\/\/parkdubrova.eu\/mate-cvrljak-portal\/\"><strong>Mate \u010cvrljak<\/strong><\/a>, <em>Portal<\/em>[\/vc_column_text][vc_column_text el_class=&#8221;mb-20&#8243;]<span class=\"o-nama-godina\">1997.<\/span><br \/>\n<a href=\"https:\/\/parkdubrova.eu\/dora-kovacevic\/\"><strong>Dora Kova\u010devi\u0107<\/strong><\/a>,<em> Put<\/em>[\/vc_column_text][vc_column_text el_class=&#8221;mb-20&#8243;]<span class=\"o-nama-godina\">1998.<\/span><br \/>\n<a href=\"https:\/\/parkdubrova.eu\/nikola-dzaja\/\"><strong>Nikola D\u017eaja<\/strong><\/a>, <em>Tragovi &#8211; u potrazi za izgubljenim vremenom<br \/>\n<\/em><a href=\"https:\/\/parkdubrova.eu\/danino-bozic\/\"><strong>\u0110anino Bo\u017ei\u0107<\/strong><\/a><em>,\u00a0Veliki arhiv<br \/>\n<\/em><a href=\"https:\/\/parkdubrova.eu\/nane-zavagno-obitelj\/\"><strong>Nane Zavagno<\/strong><\/a>, <em>Obitelj<\/em>[\/vc_column_text][vc_column_text el_class=&#8221;mb-20&#8243;]<span class=\"o-nama-godina\">1999.<\/span><br \/>\n<a href=\"https:\/\/parkdubrova.eu\/ivan-briski\/\"><strong>Ivan Briski<\/strong><\/a>, <em>Bez naziva<\/em><br \/>\n<a href=\"https:\/\/parkdubrova.eu\/takashi-kondo\/\"><strong>Takahashi Kondo<\/strong><\/a>, <em>Zna\u010denje nule<br \/>\n<\/em>[\/vc_column_text][vc_column_text el_class=&#8221;mb-20&#8243;]<span class=\"o-nama-godina\">2000.<\/span><br \/>\n<a href=\"https:\/\/parkdubrova.eu\/quintino-bassani\/\"><strong>Quintino Bassani<\/strong><\/a>, <em>Sjena \u010dempresa<\/em><br \/>\n<a href=\"https:\/\/parkdubrova.eu\/alfonso-berridi-jedna-noc-u-labinu\/\"><strong>Alfonso Berridi<\/strong><\/a>, <em>Jedna no\u0107 u Labinu<br \/>\n<\/em><a href=\"https:\/\/parkdubrova.eu\/tomislav-voncina-tri-plus\/\"><strong>Tomislav Von\u010dina<\/strong><\/a>, <em>Tri plus<br \/>\n<\/em>[\/vc_column_text][vc_column_text el_class=&#8221;mb-20&#8243;]<span class=\"o-nama-godina\">2001.<\/span><br \/>\n<a href=\"https:\/\/parkdubrova.eu\/zdravko-milic\/\"><strong>Zdravko Mili\u0107<\/strong><\/a>,\u00a0<em>Tehnodrom<br \/>\n<\/em><a href=\"https:\/\/parkdubrova.eu\/joost-barbiers\/\"><strong>Joost Barbiers<\/strong><\/a>,\u00a0<em>Ku\u0107a Svjetla<br \/>\n<\/em><a href=\"https:\/\/parkdubrova.eu\/perusko-bogdanic-putovanje-barbara\/\"><strong>Peru\u0161ko Bogdani\u0107<\/strong><\/a>, <em>Putovanje barbara<\/em>[\/vc_column_text][vc_column_text el_class=&#8221;mb-20&#8243;]<span class=\"o-nama-godina\">2002.<\/span><br \/>\n<a href=\"https:\/\/parkdubrova.eu\/alem-korkut\/\"><strong>Alem Korkut<\/strong><\/a>, <em>Karijatida<br \/>\n<\/em><a href=\"https:\/\/parkdubrova.eu\/mojca-smerdu-dio-nas\/\"><strong>Mojca Smerdu<\/strong><\/a>, <em>Dio nas<br \/>\n<\/em><a href=\"https:\/\/parkdubrova.eu\/gianpietro-carlesso\/\"><strong>Gianpetro Carlesso<\/strong><\/a>, <em>Sje\u0107anje otoka<\/em>[\/vc_column_text][vc_column_text el_class=&#8221;mb-20&#8243;]<span class=\"o-nama-godina\">2003.<\/span><br \/>\n<a href=\"https:\/\/parkdubrova.eu\/dusan-dzamonja-dubrova-ide-dalje\/\"><strong>Du\u0161an D\u017eamonja<\/strong><\/a>, <em>Dubrova ide dalje<\/em><br \/>\n<a href=\"https:\/\/parkdubrova.eu\/amfiteatar-dolac\/\"><strong>Josip Dimini\u0107<\/strong><\/a>, <em>Amfiteatar Dolac<\/em>[\/vc_column_text][vc_column_text el_class=&#8221;mb-20&#8243;]<span class=\"o-nama-godina\">2004.<\/span><br \/>\n<b><a href=\"https:\/\/parkdubrova.eu\/edo-murtic\/\">Edo Murti\u0107<\/a>,<\/b> <em>Kro\u0161nje Dubrove<\/em>[\/vc_column_text][vc_column_text el_class=&#8221;mb-20&#8243;]<span class=\"o-nama-godina\">2005.<\/span><br \/>\n<a href=\"https:\/\/parkdubrova.eu\/julije-knifer-meandar\/\"><b>Julije Knifer<\/b><\/a>, <em>Meandar<\/em>[\/vc_column_text][vc_column_text el_class=&#8221;mb-20&#8243;]<span class=\"o-nama-godina\">2006.<\/span><br \/>\n<a href=\"https:\/\/parkdubrova.eu\/neven-bilic-prijeklop\/\"><strong>Neven Bili\u0107<\/strong><\/a>, <em>Prijeklop<\/em><br \/>\n<a href=\"https:\/\/parkdubrova.eu\/ivan-kozaric-andautonijska-cesta\/\"><strong>Ivan Ko\u017eari\u0107<\/strong><\/a>, <em>Andautonijska cesta<\/em>[\/vc_column_text][vc_column_text el_class=&#8221;mb-20&#8243;]<span class=\"o-nama-godina\">2007.<\/span><br \/>\n<b><a href=\"https:\/\/parkdubrova.eu\/sime-peric\/\">\u0160ime Peri\u0107<\/a><\/b>, <em>Ritam protoka<\/em><br \/>\n<a href=\"https:\/\/parkdubrova.eu\/petar-dolic-vrata-u-bolju-buducnost\/\"><strong>Petar Doli\u0107<\/strong><\/a>, <em>Vrata u bolju budu\u0107nost<\/em>[\/vc_column_text][vc_column_text el_class=&#8221;mb-20&#8243;]<span class=\"o-nama-godina\">2008.<\/span><br \/>\n<a href=\"https:\/\/parkdubrova.eu\/ante-rasic-u-iscekivanju-kise\/\"><strong>Ante Ra\u0161i\u0107<\/strong><\/a>, <em>U i\u0161\u010dekivanju ki\u0161e<\/em>[\/vc_column_text][vc_column_text el_class=&#8221;mb-20&#8243;]<span class=\"o-nama-godina\">2009.<\/span><br \/>\n<b><a href=\"https:\/\/parkdubrova.eu\/eugen-kokot\/\">Eugen Kokot<\/a><\/b>, <em>Dan i no\u0107 Bijele ceste<\/em>[\/vc_column_text][vc_column_text el_class=&#8221;mb-20&#8243;]<span class=\"o-nama-godina\">2010.<\/span><br \/>\n<a href=\"https:\/\/parkdubrova.eu\/ivan-picelj-bijela-cesta-u-negativu\/\"><b>Ivan Picelj<\/b><\/a>, <em>Bijela cesta u negativu<\/em>[\/vc_column_text][vc_column_text el_class=&#8221;mb-20&#8243;]<span class=\"o-nama-godina\">2011.<\/span><br \/>\n<b><a href=\"https:\/\/parkdubrova.eu\/josip-diminic-oranica\/\">Josip Dimini\u0107<\/a><\/b>, <em>Oranica<\/em>[\/vc_column_text][vc_column_text el_class=&#8221;mb-20&#8243;]<span class=\"o-nama-godina\">2016.<\/span><br \/>\n<b><a href=\"https:\/\/parkdubrova.eu\/bozica-dea-matasic\/\">Bo\u017eica Dea Matasi\u0107<\/a>,\u00a0<\/b><em>Kula pogleda<\/em>[\/vc_column_text][vc_column_text el_class=&#8221;mb-20&#8243;]<span class=\"o-nama-godina\">2017.<\/span><br \/>\n<b><a href=\"https:\/\/parkdubrova.eu\/ivan-fijolic\/\">Ivan Fijoli\u0107<\/a>, <\/b><em>Replika<\/em>[\/vc_column_text][vc_column_text el_class=&#8221;mb-20&#8243;]<span class=\"o-nama-godina\">2020.<\/span><br \/>\n<a href=\"https:\/\/parkdubrova.eu\/denis-kraskovic-puz\/\"><strong>Denis Kra\u0161kovi\u0107<\/strong><\/a>, <em>Pu\u017e<\/em>[\/vc_column_text][vc_column_text el_class=&#8221;mb-20&#8243;]<span class=\"o-nama-godina\">2021.<\/span><br \/>\n<a href=\"https:\/\/parkdubrova.eu\/emil-bobanovic-colic-dodir-2021\/\"><strong>Emil Bobanovi\u0107 \u0106oli\u0107<\/strong><\/a>, <em>Dodir<\/em><br \/>\n<a href=\"https:\/\/parkdubrova.eu\/eros-cakic-vrata-nevere-2021\/\"><strong>Eros \u010caki\u0107<\/strong><\/a>, <em>Vrata nevere<\/em><br \/>\n<a href=\"https:\/\/parkdubrova.eu\/mirko-zrinscak-albona-fuga-jurin-2021\/\"><strong>Mirko Zrin\u0161\u0107ak<\/strong><\/a>, <em>Albona Fuga Jurin<\/em><br \/>\n<a href=\"https:\/\/parkdubrova.eu\/sinisa-majkus-dimnjak-2021\/\"><strong>Sini\u0161a Majkus<\/strong><\/a>, <em>Dimnjak <\/em>[\/vc_column_text][vc_column_text el_class=&#8221;mb-20&#8243;]<span class=\"o-nama-godina\">2022.<\/span><br \/>\n<a href=\"https:\/\/parkdubrova.eu\/marina-bauer-gaia-prsti-2022\/\"><strong>Marina Bauer<\/strong><\/a>, <em>Gaia\/ Prsti<\/em><br \/>\n<a href=\"https:\/\/parkdubrova.eu\/stefan-esterbauer-karst-2022\/\"><strong>Stefan Esterbauer<\/strong><\/a>, <em> Karst<\/em>[\/vc_column_text][\/vc_column][\/vc_row][vc_row height=&#8221;&#8221; el_class=&#8221;space-bottom&#8221;][vc_column][vc_empty_space height=&#8221;&#8221; el_class=&#8221;space-bottom&#8221;][\/vc_column][\/vc_row]<\/p>\n","protected":false},"excerpt":{"rendered":"<p>[vc_row full_width=&#8221;stretch_row_content_no_spaces&#8221; el_class=&#8221;ovr-visible hdr-section izlagaci-info&#8221;][vc_column width=&#8221;1\/12&#8243; offset=&#8221;vc_hidden-md vc_hidden-sm vc_hidden-xs&#8221;][vc_column_text el_class=&#8221;txt-hdr&#8221;]PARK SKULPTURA DUBROVA[\/vc_column_text][\/vc_column][vc_column width=&#8221;5\/6&#8243; el_class=&#8221;holder-txt&#8221; offset=&#8221;vc_col-lg-offset-2 vc_col-lg-3 vc_col-md-offset-3 vc_col-md-4 vc_col-sm-offset-1 vc_col-xs-offset-1 vc_col-xs-10&#8243;][vc_column_text]\u201cMediteranski kiparski simpozij\u201d pokrenut je 1969. godine prema zamisli ak. slikara i kipara Josipa Dimini\u0107a, a inicijativnim naporom ak. kiparice Milene Lah, ak. slikara Quintina Bassania i Josipa Faragune, predsjednika tada\u0161nje Op\u0107inske konferencije SSRNH Labin&hellip;<\/p>\n","protected":false},"author":2,"featured_media":0,"parent":0,"menu_order":0,"comment_status":"closed","ping_status":"closed","template":"","meta":[],"yoast_head":"<!-- This site is optimized with the Yoast SEO plugin v17.8 - https:\/\/yoast.com\/wordpress\/plugins\/seo\/ -->\n<title>Kronologija simpozija - Park of sculptures Dubrova<\/title>\n<meta name=\"robots\" content=\"index, follow, max-snippet:-1, max-image-preview:large, max-video-preview:-1\" \/>\n<link rel=\"canonical\" href=\"https:\/\/parkdubrova.eu\/en\/o-nama-kronoloski\/\" \/>\n<meta property=\"og:locale\" content=\"en_US\" \/>\n<meta property=\"og:type\" content=\"article\" \/>\n<meta property=\"og:title\" content=\"Kronologija simpozija - Park of sculptures Dubrova\" \/>\n<meta property=\"og:description\" content=\"[vc_row full_width=&#8221;stretch_row_content_no_spaces&#8221; el_class=&#8221;ovr-visible hdr-section izlagaci-info&#8221;][vc_column width=&#8221;1\/12&#8243; offset=&#8221;vc_hidden-md vc_hidden-sm vc_hidden-xs&#8221;][vc_column_text el_class=&#8221;txt-hdr&#8221;]PARK SKULPTURA DUBROVA[\/vc_column_text][\/vc_column][vc_column width=&#8221;5\/6&#8243; el_class=&#8221;holder-txt&#8221; offset=&#8221;vc_col-lg-offset-2 vc_col-lg-3 vc_col-md-offset-3 vc_col-md-4 vc_col-sm-offset-1 vc_col-xs-offset-1 vc_col-xs-10&#8243;][vc_column_text]\u201cMediteranski kiparski simpozij\u201d pokrenut je 1969. godine prema zamisli ak. slikara i kipara Josipa Dimini\u0107a, a inicijativnim naporom ak. kiparice Milene Lah, ak. slikara Quintina Bassania i Josipa Faragune, predsjednika tada\u0161nje Op\u0107inske konferencije SSRNH Labin&hellip;\" \/>\n<meta property=\"og:url\" content=\"https:\/\/parkdubrova.eu\/en\/o-nama-kronoloski\/\" \/>\n<meta property=\"og:site_name\" content=\"Park of sculptures Dubrova\" \/>\n<meta property=\"article:publisher\" content=\"https:\/\/www.facebook.com\/ParkSkulpturaDubrova\/\" \/>\n<meta property=\"article:modified_time\" content=\"2024-05-16T10:53:50+00:00\" \/>\n<meta property=\"og:image\" content=\"https:\/\/parkdubrova.eu\/wp-content\/uploads\/2021\/01\/title-arrows-left.svg\" \/>\n<meta name=\"twitter:card\" content=\"summary_large_image\" \/>\n<meta name=\"twitter:label1\" content=\"Est. reading time\" \/>\n\t<meta name=\"twitter:data1\" content=\"6 minutes\" \/>\n<script type=\"application\/ld+json\" class=\"yoast-schema-graph\">{\"@context\":\"https:\/\/schema.org\",\"@graph\":[{\"@type\":\"Organization\",\"@id\":\"https:\/\/parkdubrova.eu\/#organization\",\"name\":\"park skulptura dubrova\",\"url\":\"https:\/\/parkdubrova.eu\/\",\"sameAs\":[\"https:\/\/www.facebook.com\/ParkSkulpturaDubrova\/\"],\"logo\":{\"@type\":\"ImageObject\",\"@id\":\"https:\/\/parkdubrova.eu\/#logo\",\"inLanguage\":\"en-US\",\"url\":\"https:\/\/parkdubrova.eu\/wp-content\/uploads\/2019\/11\/logo-svijetlo-zeleni.png\",\"contentUrl\":\"https:\/\/parkdubrova.eu\/wp-content\/uploads\/2019\/11\/logo-svijetlo-zeleni.png\",\"width\":309,\"height\":506,\"caption\":\"park skulptura dubrova\"},\"image\":{\"@id\":\"https:\/\/parkdubrova.eu\/#logo\"}},{\"@type\":\"WebSite\",\"@id\":\"https:\/\/parkdubrova.eu\/#website\",\"url\":\"https:\/\/parkdubrova.eu\/\",\"name\":\"Park of sculptures Dubrova\",\"description\":\"Park of sculptures Dubrova\",\"publisher\":{\"@id\":\"https:\/\/parkdubrova.eu\/#organization\"},\"potentialAction\":[{\"@type\":\"SearchAction\",\"target\":{\"@type\":\"EntryPoint\",\"urlTemplate\":\"https:\/\/parkdubrova.eu\/?s={search_term_string}\"},\"query-input\":\"required name=search_term_string\"}],\"inLanguage\":\"en-US\"},{\"@type\":\"ImageObject\",\"@id\":\"https:\/\/parkdubrova.eu\/en\/o-nama-kronoloski\/#primaryimage\",\"inLanguage\":\"en-US\",\"url\":\"https:\/\/parkdubrova.eu\/wp-content\/uploads\/\/2021\/01\/title-arrows-left.svg\",\"contentUrl\":\"https:\/\/parkdubrova.eu\/wp-content\/uploads\/\/2021\/01\/title-arrows-left.svg\"},{\"@type\":\"WebPage\",\"@id\":\"https:\/\/parkdubrova.eu\/en\/o-nama-kronoloski\/#webpage\",\"url\":\"https:\/\/parkdubrova.eu\/en\/o-nama-kronoloski\/\",\"name\":\"Kronologija simpozija - Park of sculptures Dubrova\",\"isPartOf\":{\"@id\":\"https:\/\/parkdubrova.eu\/#website\"},\"primaryImageOfPage\":{\"@id\":\"https:\/\/parkdubrova.eu\/en\/o-nama-kronoloski\/#primaryimage\"},\"datePublished\":\"2019-07-16T16:01:22+00:00\",\"dateModified\":\"2024-05-16T10:53:50+00:00\",\"breadcrumb\":{\"@id\":\"https:\/\/parkdubrova.eu\/en\/o-nama-kronoloski\/#breadcrumb\"},\"inLanguage\":\"en-US\",\"potentialAction\":[{\"@type\":\"ReadAction\",\"target\":[\"https:\/\/parkdubrova.eu\/en\/o-nama-kronoloski\/\"]}]},{\"@type\":\"BreadcrumbList\",\"@id\":\"https:\/\/parkdubrova.eu\/en\/o-nama-kronoloski\/#breadcrumb\",\"itemListElement\":[{\"@type\":\"ListItem\",\"position\":1,\"name\":\"Home\",\"item\":\"https:\/\/parkdubrova.eu\/en\/\"},{\"@type\":\"ListItem\",\"position\":2,\"name\":\"Kronologija simpozija\"}]}]}<\/script>\n<!-- \/ Yoast SEO plugin. -->","yoast_head_json":{"title":"Kronologija simpozija - Park of sculptures Dubrova","robots":{"index":"index","follow":"follow","max-snippet":"max-snippet:-1","max-image-preview":"max-image-preview:large","max-video-preview":"max-video-preview:-1"},"canonical":"https:\/\/parkdubrova.eu\/en\/o-nama-kronoloski\/","og_locale":"en_US","og_type":"article","og_title":"Kronologija simpozija - Park of sculptures Dubrova","og_description":"[vc_row full_width=&#8221;stretch_row_content_no_spaces&#8221; el_class=&#8221;ovr-visible hdr-section izlagaci-info&#8221;][vc_column width=&#8221;1\/12&#8243; offset=&#8221;vc_hidden-md vc_hidden-sm vc_hidden-xs&#8221;][vc_column_text el_class=&#8221;txt-hdr&#8221;]PARK SKULPTURA DUBROVA[\/vc_column_text][\/vc_column][vc_column width=&#8221;5\/6&#8243; el_class=&#8221;holder-txt&#8221; offset=&#8221;vc_col-lg-offset-2 vc_col-lg-3 vc_col-md-offset-3 vc_col-md-4 vc_col-sm-offset-1 vc_col-xs-offset-1 vc_col-xs-10&#8243;][vc_column_text]\u201cMediteranski kiparski simpozij\u201d pokrenut je 1969. godine prema zamisli ak. slikara i kipara Josipa Dimini\u0107a, a inicijativnim naporom ak. kiparice Milene Lah, ak. slikara Quintina Bassania i Josipa Faragune, predsjednika tada\u0161nje Op\u0107inske konferencije SSRNH Labin&hellip;","og_url":"https:\/\/parkdubrova.eu\/en\/o-nama-kronoloski\/","og_site_name":"Park of sculptures Dubrova","article_publisher":"https:\/\/www.facebook.com\/ParkSkulpturaDubrova\/","article_modified_time":"2024-05-16T10:53:50+00:00","og_image":[{"url":"https:\/\/parkdubrova.eu\/wp-content\/uploads\/2021\/01\/title-arrows-left.svg"}],"twitter_card":"summary_large_image","twitter_misc":{"Est. reading time":"6 minutes"},"schema":{"@context":"https:\/\/schema.org","@graph":[{"@type":"Organization","@id":"https:\/\/parkdubrova.eu\/#organization","name":"park skulptura dubrova","url":"https:\/\/parkdubrova.eu\/","sameAs":["https:\/\/www.facebook.com\/ParkSkulpturaDubrova\/"],"logo":{"@type":"ImageObject","@id":"https:\/\/parkdubrova.eu\/#logo","inLanguage":"en-US","url":"https:\/\/parkdubrova.eu\/wp-content\/uploads\/2019\/11\/logo-svijetlo-zeleni.png","contentUrl":"https:\/\/parkdubrova.eu\/wp-content\/uploads\/2019\/11\/logo-svijetlo-zeleni.png","width":309,"height":506,"caption":"park skulptura dubrova"},"image":{"@id":"https:\/\/parkdubrova.eu\/#logo"}},{"@type":"WebSite","@id":"https:\/\/parkdubrova.eu\/#website","url":"https:\/\/parkdubrova.eu\/","name":"Park of sculptures Dubrova","description":"Park of sculptures Dubrova","publisher":{"@id":"https:\/\/parkdubrova.eu\/#organization"},"potentialAction":[{"@type":"SearchAction","target":{"@type":"EntryPoint","urlTemplate":"https:\/\/parkdubrova.eu\/?s={search_term_string}"},"query-input":"required name=search_term_string"}],"inLanguage":"en-US"},{"@type":"ImageObject","@id":"https:\/\/parkdubrova.eu\/en\/o-nama-kronoloski\/#primaryimage","inLanguage":"en-US","url":"https:\/\/parkdubrova.eu\/wp-content\/uploads\/\/2021\/01\/title-arrows-left.svg","contentUrl":"https:\/\/parkdubrova.eu\/wp-content\/uploads\/\/2021\/01\/title-arrows-left.svg"},{"@type":"WebPage","@id":"https:\/\/parkdubrova.eu\/en\/o-nama-kronoloski\/#webpage","url":"https:\/\/parkdubrova.eu\/en\/o-nama-kronoloski\/","name":"Kronologija simpozija - Park of sculptures Dubrova","isPartOf":{"@id":"https:\/\/parkdubrova.eu\/#website"},"primaryImageOfPage":{"@id":"https:\/\/parkdubrova.eu\/en\/o-nama-kronoloski\/#primaryimage"},"datePublished":"2019-07-16T16:01:22+00:00","dateModified":"2024-05-16T10:53:50+00:00","breadcrumb":{"@id":"https:\/\/parkdubrova.eu\/en\/o-nama-kronoloski\/#breadcrumb"},"inLanguage":"en-US","potentialAction":[{"@type":"ReadAction","target":["https:\/\/parkdubrova.eu\/en\/o-nama-kronoloski\/"]}]},{"@type":"BreadcrumbList","@id":"https:\/\/parkdubrova.eu\/en\/o-nama-kronoloski\/#breadcrumb","itemListElement":[{"@type":"ListItem","position":1,"name":"Home","item":"https:\/\/parkdubrova.eu\/en\/"},{"@type":"ListItem","position":2,"name":"Kronologija simpozija"}]}]}},"_links":{"self":[{"href":"https:\/\/parkdubrova.eu\/en\/wp-json\/wp\/v2\/pages\/5370"}],"collection":[{"href":"https:\/\/parkdubrova.eu\/en\/wp-json\/wp\/v2\/pages"}],"about":[{"href":"https:\/\/parkdubrova.eu\/en\/wp-json\/wp\/v2\/types\/page"}],"author":[{"embeddable":true,"href":"https:\/\/parkdubrova.eu\/en\/wp-json\/wp\/v2\/users\/2"}],"replies":[{"embeddable":true,"href":"https:\/\/parkdubrova.eu\/en\/wp-json\/wp\/v2\/comments?post=5370"}],"version-history":[{"count":33,"href":"https:\/\/parkdubrova.eu\/en\/wp-json\/wp\/v2\/pages\/5370\/revisions"}],"predecessor-version":[{"id":9326,"href":"https:\/\/parkdubrova.eu\/en\/wp-json\/wp\/v2\/pages\/5370\/revisions\/9326"}],"wp:attachment":[{"href":"https:\/\/parkdubrova.eu\/en\/wp-json\/wp\/v2\/media?parent=5370"}],"curies":[{"name":"wp","href":"https:\/\/api.w.org\/{rel}","templated":true}]}}